
{"id":34983,"date":"2023-09-08T18:08:55","date_gmt":"2023-09-08T18:08:55","guid":{"rendered":"https:\/\/missioninclusion.ca\/?page_id=34983"},"modified":"2025-09-10T15:33:54","modified_gmt":"2025-09-10T19:33:54","slug":"apoyo-a-organizaciones-socias-internacionales","status":"publish","type":"page","link":"https:\/\/missioninclusion.ca\/es\/apoyo-a-organizaciones-socias-internacionales\/","title":{"rendered":"Apoyo a organizaciones socias internacionales"},"content":{"rendered":"<p>[et_pb_section fb_built=\u00bb1&#8243; disabled_on=\u00bbon|off|off\u00bb admin_label=\u00bbSOUTIEN AUX PARTENAIRES \u00c0 L&#8217;INTERNATIONAL\u00bb _builder_version=\u00bb4.22.1&#8243; _module_preset=\u00bbdefault\u00bb background_color=\u00bb#ebece7&#8243; background_image=\u00bbhttps:\/\/missioninclusion.ca\/wp-content\/uploads\/2023\/09\/Icon_soutienPartenaires-2.png\u00bb background_size=\u00bbcontain\u00bb background_position=\u00bbtop_right\u00bb locked=\u00bboff\u00bb global_colors_info=\u00bb{}\u00bb][et_pb_row _builder_version=\u00bb4.21.2&#8243; _module_preset=\u00bbdefault\u00bb background_enable_image=\u00bboff\u00bb background_size=\u00bbcontain\u00bb background_position=\u00bbcenter_right\u00bb custom_padding=\u00bb39px|||||\u00bb global_colors_info=\u00bb{}\u00bb][et_pb_column type=\u00bb4_4&#8243; _builder_version=\u00bb4.16&#8243; _module_preset=\u00bbdefault\u00bb global_colors_info=\u00bb{}\u00bb][et_pb_text _builder_version=\u00bb4.22.1&#8243; _module_preset=\u00bbdefault\u00bb header_font=\u00bb|||on|||||\u00bb header_text_color=\u00bb#FF325A\u00bb header_font_size=\u00bb36px\u00bb header_line_height=\u00bb1.2em\u00bb custom_margin=\u00bb||10px|||\u00bb global_colors_info=\u00bb{}\u00bb]<\/p>\n<h1>Apoyo a organizaciones<br \/> socias internacionales<\/h1>\n<p>[\/et_pb_text][\/et_pb_column][\/et_pb_row][\/et_pb_section][et_pb_section fb_built=\u00bb1&#8243; disabled_on=\u00bboff|on|on\u00bb admin_label=\u00bbSOUTIEN AUX PARTENAIRES \u00c0 L&#8217;INTERNATIONAL &#8211; MOBILE\u00bb _builder_version=\u00bb4.22.1&#8243; _module_preset=\u00bbdefault\u00bb background_color=\u00bb#ebece7&#8243; background_enable_image=\u00bboff\u00bb background_size=\u00bbcontain\u00bb background_position=\u00bbtop_right\u00bb locked=\u00bboff\u00bb global_colors_info=\u00bb{}\u00bb][et_pb_row _builder_version=\u00bb4.16&#8243; _module_preset=\u00bbdefault\u00bb background_enable_image=\u00bboff\u00bb background_size=\u00bbcontain\u00bb background_position=\u00bbcenter_right\u00bb custom_padding=\u00bb39px|||||\u00bb global_colors_info=\u00bb{}\u00bb][et_pb_column type=\u00bb4_4&#8243; _builder_version=\u00bb4.16&#8243; _module_preset=\u00bbdefault\u00bb global_colors_info=\u00bb{}\u00bb][et_pb_text _builder_version=\u00bb4.22.1&#8243; _module_preset=\u00bbdefault\u00bb header_font=\u00bb|600||on|||||\u00bb header_text_color=\u00bb#FF325A\u00bb header_font_size=\u00bb26px\u00bb custom_margin=\u00bb||10px|||\u00bb global_colors_info=\u00bb{}\u00bb]<\/p>\n<h1>Apoyo a organizaciones socias internacionales<\/h1>\n<p>[\/et_pb_text][\/et_pb_column][\/et_pb_row][\/et_pb_section][et_pb_section fb_built=\u00bb1&#8243; disabled_on=\u00bboff|off|off\u00bb admin_label=\u00bbFonds Action pour l&#8217;Inclusion et la participation\u00bb _builder_version=\u00bb4.21.2&#8243; background_enable_color=\u00bboff\u00bb custom_padding=\u00bb7px|0px|16px|0px|false|false\u00bb top_divider_flip=\u00bbvertical\u00bb bottom_divider_color=\u00bb#ffffff\u00bb bottom_divider_flip=\u00bbhorizontal\u00bb locked=\u00bboff\u00bb global_colors_info=\u00bb{}\u00bb][et_pb_row column_structure=\u00bb1_2,1_2&#8243; _builder_version=\u00bb4.16&#8243; custom_margin=\u00bb70px|auto|4px|auto|false|false\u00bb custom_padding=\u00bb11px||||false|false\u00bb global_colors_info=\u00bb{}\u00bb][et_pb_column type=\u00bb1_2&#8243; _builder_version=\u00bb4.16&#8243; global_colors_info=\u00bb{}\u00bb][et_pb_text _builder_version=\u00bb4.22.1&#8243; text_font=\u00bb||||||||\u00bb text_text_color=\u00bb#462d50&#8243; text_font_size=\u00bb16px\u00bb link_font=\u00bb|600|||on|||#462d50|\u00bb link_text_color=\u00bb#462d50&#8243; header_2_font=\u00bb|600|||||||\u00bb header_2_text_align=\u00bbcenter\u00bb header_2_text_color=\u00bb#CE0058&#8243; header_2_letter_spacing=\u00bb1px\u00bb header_3_font=\u00bb||||||||\u00bb header_3_text_align=\u00bbcenter\u00bb header_3_text_color=\u00bb#be0055&#8243; header_6_font=\u00bb|600|||||||\u00bb header_6_text_align=\u00bbcenter\u00bb header_6_text_color=\u00bb#FF325A\u00bb custom_margin=\u00bb||||false|false\u00bb custom_padding=\u00bb1px|||||\u00bb locked=\u00bboff\u00bb global_colors_info=\u00bb{}\u00bb]<\/p>\n<h2>Fondo de Acci\u00f3n para la Inclusi\u00f3n y la Participaci\u00f3n (ACCI\u00d3N)<\/h2>\n<p>&nbsp;<\/p>\n<h6>CONVOCATORIA DE PROYECTOS <\/h6>\n<p>[\/et_pb_text][et_pb_divider color=\u00bb#FF325A\u00bb divider_weight=\u00bb3px\u00bb _builder_version=\u00bb4.21.2&#8243; _module_preset=\u00bbdefault\u00bb width=\u00bb93%\u00bb module_alignment=\u00bbcenter\u00bb custom_margin=\u00bb||12px|||\u00bb global_colors_info=\u00bb{}\u00bb][\/et_pb_divider][et_pb_text _builder_version=\u00bb4.22.1&#8243; _module_preset=\u00bbdefault\u00bb text_font=\u00bb|600|||||||\u00bb text_text_color=\u00bb#CE0058&#8243; text_font_size=\u00bb16px\u00bb text_orientation=\u00bbcenter\u00bb custom_margin=\u00bb-12px||23px|||\u00bb global_colors_info=\u00bb{}\u00bb]CONVOCATORIA n\u00ba 1 \u2013 2023 \u00a0 \u00a0 \u00a0 \u00a0 Duraci\u00f3n: 36 meses[\/et_pb_text][et_pb_divider color=\u00bb#FF325A\u00bb divider_weight=\u00bb3px\u00bb _builder_version=\u00bb4.21.2&#8243; _module_preset=\u00bbdefault\u00bb width=\u00bb93%\u00bb module_alignment=\u00bbcenter\u00bb custom_margin=\u00bb||1px|||\u00bb custom_padding=\u00bb||11px|||\u00bb global_colors_info=\u00bb{}\u00bb][\/et_pb_divider][et_pb_text _builder_version=\u00bb4.22.1&#8243; _module_preset=\u00bbdefault\u00bb text_text_color=\u00bb#FF325A\u00bb text_font_size=\u00bb16px\u00bb text_orientation=\u00bbcenter\u00bb custom_margin=\u00bb-12px||19px|||\u00bb global_colors_info=\u00bb{}\u00bb]<strong>Importe <\/strong> : 150000-300000$ D\u00f3lares canadienses[\/et_pb_text][et_pb_divider color=\u00bb#FF325A\u00bb divider_weight=\u00bb3px\u00bb _builder_version=\u00bb4.21.2&#8243; _module_preset=\u00bbdefault\u00bb width=\u00bb93%\u00bb module_alignment=\u00bbcenter\u00bb custom_margin=\u00bb||12px|||\u00bb global_colors_info=\u00bb{}\u00bb][\/et_pb_divider][et_pb_text _builder_version=\u00bb4.22.1&#8243; _module_preset=\u00bbdefault\u00bb text_text_color=\u00bb#FF325A\u00bb text_font_size=\u00bb16px\u00bb text_orientation=\u00bbcenter\u00bb custom_margin=\u00bb-12px||19px|||\u00bb global_colors_info=\u00bb{}\u00bb]<strong>PA\u00cdSES OBJETIVOS<\/strong> : Ben\u00edn y Bolivia[\/et_pb_text][et_pb_divider color=\u00bb#FF325A\u00bb divider_weight=\u00bb3px\u00bb _builder_version=\u00bb4.21.2&#8243; _module_preset=\u00bbdefault\u00bb width=\u00bb93%\u00bb module_alignment=\u00bbcenter\u00bb custom_margin=\u00bb||12px|||\u00bb global_colors_info=\u00bb{}\u00bb][\/et_pb_divider][difl_dual_button btn_left_background_bgcolor=\u00bb#BE0055&#8243; use_left_button_icon=\u00bboff\u00bb btn_right_background_bgcolor=\u00bb#FF325A\u00bb use_right_button_icon=\u00bboff\u00bb left_button=\u00bbDescarga el formulario\u00bb left_button_url=\u00bb#parametresProjetEs\u00bb right_button=\u00bbPreguntas frecuentes (FAQ)\u00bb right_button_url=\u00bb#questionsEsp\u00bb alignment=\u00bbleft\u00bb _builder_version=\u00bb4.23.1&#8243; _module_preset=\u00bbdefault\u00bb left_button_text_align=\u00bbcenter\u00bb left_button_text_color=\u00bb#ffffff\u00bb right_button_text_align=\u00bbcenter\u00bb right_button_text_color=\u00bb#ffffff\u00bb locked=\u00bboff\u00bb global_colors_info=\u00bb{}\u00bb][\/difl_dual_button][\/et_pb_column][et_pb_column type=\u00bb1_2&#8243; _builder_version=\u00bb4.16&#8243; global_colors_info=\u00bb{}\u00bb][et_pb_text _builder_version=\u00bb4.22.2&#8243; text_font=\u00bb||||||||\u00bb text_text_color=\u00bb#73736E\u00bb text_font_size=\u00bb16px\u00bb link_font=\u00bb|600|||on|||#462d50|\u00bb link_text_color=\u00bb#462d50&#8243; header_2_font=\u00bb|600|||||||\u00bb header_2_text_color=\u00bb#462d50&#8243; header_2_font_size=\u00bb40px\u00bb header_2_letter_spacing=\u00bb1px\u00bb header_2_line_height=\u00bb1.6em\u00bb header_3_text_color=\u00bb#be0055&#8243; text_orientation=\u00bbcenter\u00bb custom_padding=\u00bb36px|||||\u00bb global_colors_info=\u00bb{}\u00bb]<\/p>\n<p>Mission inclusion lanza una nueva iniciativa de apoyo a las organizaciones del Sur: el Fondo Acci\u00f3n para la Inclusi\u00f3n y la Participaci\u00f3n (ACCI\u00d3N). El objetivo de este fondo es apoyar el poder de acci\u00f3n de las organizaciones de la sociedad civil (OSC) y las organizaciones de defensa de derechos (ODD), especialmente las de mujeres y personas en situaci\u00f3n de marginalizaci\u00f3n; poner en marcha proyectos innovadores e iniciativas transformadoras para lograr sociedades m\u00e1s igualitarias y procesos de gobernanza m\u00e1s inclusivos; y contribuir a un mayor respeto de los derechos humanos.<\/p>\n<p>[\/et_pb_text][et_pb_text _builder_version=\u00bb4.22.1&#8243; text_font=\u00bb||||||||\u00bb text_text_color=\u00bb#73736E\u00bb text_font_size=\u00bb16px\u00bb link_font=\u00bb|600|||on|||#462d50|\u00bb link_text_color=\u00bb#462d50&#8243; header_2_font=\u00bb|600|||||||\u00bb header_2_text_color=\u00bb#462d50&#8243; header_2_font_size=\u00bb40px\u00bb header_2_letter_spacing=\u00bb1px\u00bb header_2_line_height=\u00bb1.6em\u00bb header_3_text_color=\u00bb#be0055&#8243; text_orientation=\u00bbcenter\u00bb global_colors_info=\u00bb{}\u00bb]Mission inclusion fomenta la solidaridad internacional entre todas las comunidades y promueve principios feministas, participativos y transparentes para evaluar los proyectos presentados y supervisar su impacto en sus localidades y comunidades.[\/et_pb_text][\/et_pb_column][\/et_pb_row][\/et_pb_section][et_pb_section fb_built=\u00bb1&#8243; disabled_on=\u00bbon|off|off\u00bb admin_label=\u00bbOBJECTIF\u00bb _builder_version=\u00bb4.21.2&#8243; background_enable_color=\u00bboff\u00bb custom_padding=\u00bb7px|0px|45px|0px|false|false\u00bb top_divider_flip=\u00bbvertical\u00bb bottom_divider_color=\u00bb#ffffff\u00bb bottom_divider_flip=\u00bbhorizontal\u00bb locked=\u00bboff\u00bb global_colors_info=\u00bb{}\u00bb][et_pb_row column_structure=\u00bb1_2,1_2&#8243; _builder_version=\u00bb4.16&#8243; custom_margin=\u00bb-5px|auto|36px|auto|false|false\u00bb custom_padding=\u00bb11px||||false|false\u00bb global_colors_info=\u00bb{}\u00bb][et_pb_column type=\u00bb1_2&#8243; _builder_version=\u00bb4.16&#8243; global_colors_info=\u00bb{}\u00bb][et_pb_text admin_label=\u00bbOBJECTIF\u00bb _builder_version=\u00bb4.22.1&#8243; text_font=\u00bb||||||||\u00bb text_text_color=\u00bb#462d50&#8243; text_font_size=\u00bb16px\u00bb link_font=\u00bb|600|||on|||#462d50|\u00bb link_text_color=\u00bb#462d50&#8243; header_2_font=\u00bb||||||||\u00bb header_2_text_align=\u00bbcenter\u00bb header_2_text_color=\u00bb#CE0058&#8243; header_2_font_size=\u00bb28px\u00bb header_2_letter_spacing=\u00bb1px\u00bb header_3_font=\u00bb||||||||\u00bb header_3_text_align=\u00bbcenter\u00bb header_3_text_color=\u00bb#be0055&#8243; header_6_font=\u00bb|600|||||||\u00bb header_6_text_align=\u00bbcenter\u00bb header_6_text_color=\u00bb#FF325A\u00bb custom_margin=\u00bb||20px||false|false\u00bb custom_padding=\u00bb36px|||||\u00bb locked=\u00bboff\u00bb global_colors_info=\u00bb{}\u00bb]<\/p>\n<h2><span data-contrast=\"auto\" xml:lang=\"FR-FR\" lang=\"FR-FR\" class=\"TextRun SCXW64526762 BCX8\"><span class=\"NormalTextRun SCXW64526762 BCX8\" data-ccp-parastyle=\"Default\" data-ccp-parastyle-defn=\"{&quot;ObjectId&quot;:&quot;6b2b0d33-46a9-43c3-8d3d-7e4c0b446623|131&quot;,&quot;ClassId&quot;:1073872969,&quot;Properties&quot;:[469775450,&quot;Default&quot;,201340122,&quot;2&quot;,134233614,&quot;true&quot;,469778129,&quot;Default&quot;,335572020,&quot;99&quot;,469777841,&quot;Calibri&quot;,469777842,&quot;Calibri&quot;,469777843,&quot;Calibri&quot;,469777844,&quot;Calibri&quot;,469769226,&quot;Calibri&quot;,335551500,&quot;0&quot;,268442635,&quot;24&quot;,335559705,&quot;1033&quot;,335551547,&quot;1033&quot;]}\">OBJETIVO\u00a0<\/span><\/span><\/h2>\n<p>[\/et_pb_text][et_pb_text _builder_version=\u00bb4.22.1&#8243; text_font=\u00bb||||||||\u00bb text_text_color=\u00bb#CE0058&#8243; text_font_size=\u00bb16px\u00bb link_font=\u00bb|600|||on|||#462d50|\u00bb link_text_color=\u00bb#462d50&#8243; header_2_font=\u00bb|600|||||||\u00bb header_2_text_color=\u00bb#462d50&#8243; header_2_font_size=\u00bb40px\u00bb header_2_letter_spacing=\u00bb1px\u00bb header_2_line_height=\u00bb1.6em\u00bb header_3_text_color=\u00bb#be0055&#8243; text_orientation=\u00bbcenter\u00bb global_colors_info=\u00bb{}\u00bb]<\/p>\n<p>El Fondo ACCI\u00d3N de Mission inclusion tiene como objetivo reducir las desigualdades mediante el apoyo a iniciativas innovadoras y locales para promover la gobernanza inclusiva y fortalecer el liderazgo de los ODS y las OSC. La inclusi\u00f3n de los grupos marginados es una prioridad.<\/p>\n<p>[\/et_pb_text][et_pb_text _builder_version=\u00bb4.22.1&#8243; text_font=\u00bb||||||||\u00bb text_text_color=\u00bb#73736E\u00bb text_font_size=\u00bb16px\u00bb link_font=\u00bb|600|||on|||#462d50|\u00bb link_text_color=\u00bb#462d50&#8243; header_2_font=\u00bb|600|||||||\u00bb header_2_text_color=\u00bb#462d50&#8243; header_2_font_size=\u00bb40px\u00bb header_2_letter_spacing=\u00bb1px\u00bb header_2_line_height=\u00bb1.6em\u00bb header_3_text_color=\u00bb#be0055&#8243; global_colors_info=\u00bb{}\u00bb]La <strong>gobernanza inclusiva<\/strong> es un enfoque dirigido a integrar activamente las voces, perspectivas y experiencias de todas las personas, con especial atenci\u00f3n a las mujeres y los grupos marginados, con el objetivo de contribuir a cambiar las estructuras de poder para garantizar una mayor participaci\u00f3n de todos en la toma de decisiones. Mediante este enfoque, pretendemos garantizar un acceso equitativo a servicios b\u00e1sicos adaptados a las necesidades de todos, mejorar la gesti\u00f3n y la aplicaci\u00f3n responsable y sostenible de pol\u00edticas, programas y servicios accesibles y adaptados a todas las personas, respetando sus derechos y libertades individuales y colectivas.[\/et_pb_text][et_pb_text _builder_version=\u00bb4.22.2&#8243; text_font=\u00bb||||||||\u00bb text_text_color=\u00bb#73736E\u00bb text_font_size=\u00bb16px\u00bb link_font=\u00bb|600|||on|||#462d50|\u00bb link_text_color=\u00bb#462d50&#8243; header_2_font=\u00bb|600|||||||\u00bb header_2_text_color=\u00bb#462d50&#8243; header_2_font_size=\u00bb40px\u00bb header_2_letter_spacing=\u00bb1px\u00bb header_2_line_height=\u00bb1.6em\u00bb header_3_text_color=\u00bb#be0055&#8243; global_colors_info=\u00bb{}\u00bb]El fondo ACTION pretende reforzar los conocimientos y las pr\u00e1cticas de las organizaciones que centran sus actividades en la inclusi\u00f3n social y trabajan con y para personas de grupos tradicionalmente excluidos y marginados, con vistas a responder a sus necesidades de una forma m\u00e1s integradora, al tiempo que contribuyen a capacitarlas para reclamar sus derechos.[\/et_pb_text][et_pb_text _builder_version=\u00bb4.22.1&#8243; text_font=\u00bb||||||||\u00bb text_text_color=\u00bb#73736E\u00bb text_font_size=\u00bb16px\u00bb link_font=\u00bb|600|||on|||#462d50|\u00bb link_text_color=\u00bb#462d50&#8243; header_2_font=\u00bb|600|||||||\u00bb header_2_text_color=\u00bb#462d50&#8243; header_2_font_size=\u00bb40px\u00bb header_2_letter_spacing=\u00bb1px\u00bb header_2_line_height=\u00bb1.6em\u00bb header_3_text_color=\u00bb#be0055&#8243; global_colors_info=\u00bb{}\u00bb]Esta primera convocatoria abarca a todas las personas que sufren diferentes formas de discriminaci\u00f3n y exclusi\u00f3n sist\u00e9mica e interseccional, incluidas (pero no limitadas a) las mujeres, los j\u00f3venes, las personas con discapacidad, los ind\u00edgenas, las minor\u00edas, las personas desplazadas\/refugiadas y las personas que se identifican como parte de la diversidad sexual y de g\u00e9nero.[\/et_pb_text][\/et_pb_column][et_pb_column type=\u00bb1_2&#8243; _builder_version=\u00bb4.16&#8243; global_colors_info=\u00bb{}\u00bb][et_pb_image src=\u00bbhttps:\/\/missioninclusion.ca\/wp-content\/uploads\/2023\/08\/img-soutien-aux-partenaires-a-international.jpg\u00bb title_text=\u00bbimg soutien aux partenaires a international\u00bb align=\u00bbcenter\u00bb _builder_version=\u00bb4.21.2&#8243; _module_preset=\u00bbdefault\u00bb width=\u00bb90%\u00bb max_width=\u00bb90%\u00bb module_alignment=\u00bbcenter\u00bb custom_margin=\u00bb||5px|||\u00bb global_colors_info=\u00bb{}\u00bb][\/et_pb_image][et_pb_image src=\u00bbhttps:\/\/missioninclusion.ca\/wp-content\/uploads\/2023\/09\/Image_SoutienPartenaires_2.jpg\u00bb title_text=\u00bbImage_SoutienPartenaires_2&#8243; align=\u00bbcenter\u00bb _builder_version=\u00bb4.22.1&#8243; _module_preset=\u00bbdefault\u00bb width=\u00bb90%\u00bb max_width=\u00bb90%\u00bb module_alignment=\u00bbcenter\u00bb custom_margin=\u00bb||5px|||\u00bb global_colors_info=\u00bb{}\u00bb][\/et_pb_image][et_pb_image src=\u00bbhttps:\/\/missioninclusion.ca\/wp-content\/uploads\/2023\/09\/Image_SoutienPartenaires_3.jpg\u00bb title_text=\u00bbImage_SoutienPartenaires_3&#8243; align=\u00bbcenter\u00bb _builder_version=\u00bb4.22.1&#8243; _module_preset=\u00bbdefault\u00bb width=\u00bb90%\u00bb max_width=\u00bb90%\u00bb module_alignment=\u00bbcenter\u00bb global_colors_info=\u00bb{}\u00bb][\/et_pb_image][\/et_pb_column][\/et_pb_row][\/et_pb_section][et_pb_section fb_built=\u00bb1&#8243; disabled_on=\u00bboff|on|on\u00bb admin_label=\u00bbOBJECTIF MOBILE\u00bb _builder_version=\u00bb4.21.2&#8243; background_enable_color=\u00bboff\u00bb custom_padding=\u00bb7px|0px|45px|0px|false|false\u00bb top_divider_flip=\u00bbvertical\u00bb bottom_divider_color=\u00bb#ffffff\u00bb bottom_divider_flip=\u00bbhorizontal\u00bb locked=\u00bboff\u00bb global_colors_info=\u00bb{}\u00bb][et_pb_row _builder_version=\u00bb4.16&#8243; custom_margin=\u00bb-5px|auto|9px|auto|false|false\u00bb custom_padding=\u00bb11px||||false|false\u00bb global_colors_info=\u00bb{}\u00bb][et_pb_column type=\u00bb4_4&#8243; _builder_version=\u00bb4.16&#8243; global_colors_info=\u00bb{}\u00bb][et_pb_text admin_label=\u00bbOBJECTIF MOBILE\u00bb _builder_version=\u00bb4.22.1&#8243; text_font=\u00bb||||||||\u00bb text_text_color=\u00bb#462d50&#8243; text_font_size=\u00bb16px\u00bb link_font=\u00bb|600|||on|||#462d50|\u00bb link_text_color=\u00bb#462d50&#8243; header_2_font=\u00bb||||||||\u00bb header_2_text_align=\u00bbcenter\u00bb header_2_text_color=\u00bb#CE0058&#8243; header_2_font_size=\u00bb28px\u00bb header_2_letter_spacing=\u00bb1px\u00bb header_3_font=\u00bb||||||||\u00bb header_3_text_align=\u00bbcenter\u00bb header_3_text_color=\u00bb#be0055&#8243; header_6_font=\u00bb|600|||||||\u00bb header_6_text_align=\u00bbcenter\u00bb header_6_text_color=\u00bb#FF325A\u00bb custom_margin=\u00bb||20px||false|false\u00bb custom_padding=\u00bb36px|||||\u00bb locked=\u00bboff\u00bb global_colors_info=\u00bb{}\u00bb]<\/p>\n<h2><span data-contrast=\"auto\" xml:lang=\"FR-FR\" lang=\"FR-FR\" class=\"TextRun SCXW64526762 BCX8\"><span class=\"NormalTextRun SCXW64526762 BCX8\" data-ccp-parastyle=\"Default\" data-ccp-parastyle-defn=\"{&quot;ObjectId&quot;:&quot;6b2b0d33-46a9-43c3-8d3d-7e4c0b446623|131&quot;,&quot;ClassId&quot;:1073872969,&quot;Properties&quot;:[469775450,&quot;Default&quot;,201340122,&quot;2&quot;,134233614,&quot;true&quot;,469778129,&quot;Default&quot;,335572020,&quot;99&quot;,469777841,&quot;Calibri&quot;,469777842,&quot;Calibri&quot;,469777843,&quot;Calibri&quot;,469777844,&quot;Calibri&quot;,469769226,&quot;Calibri&quot;,335551500,&quot;0&quot;,268442635,&quot;24&quot;,335559705,&quot;1033&quot;,335551547,&quot;1033&quot;]}\">OBJETIVO\u00a0<\/span><\/span><\/h2>\n<p>[\/et_pb_text][et_pb_text _builder_version=\u00bb4.22.1&#8243; text_font=\u00bb|600|||||||\u00bb text_text_color=\u00bb#CE0058&#8243; text_font_size=\u00bb16px\u00bb link_font=\u00bb|600|||on|||#462d50|\u00bb link_text_color=\u00bb#462d50&#8243; header_2_font=\u00bb|600|||||||\u00bb header_2_text_color=\u00bb#462d50&#8243; header_2_font_size=\u00bb40px\u00bb header_2_letter_spacing=\u00bb1px\u00bb header_2_line_height=\u00bb1.6em\u00bb header_3_text_color=\u00bb#be0055&#8243; text_orientation=\u00bbcenter\u00bb global_colors_info=\u00bb{}\u00bb]El Fondo ACCI\u00d3N de Mission inclusion tiene como objetivo reducir las desigualdades mediante el apoyo a iniciativas innovadoras y locales para promover la gobernanza inclusiva y fortalecer el liderazgo de los ODS y las OSC. La inclusi\u00f3n de los grupos marginados es una prioridad.[\/et_pb_text][et_pb_image src=\u00bbhttps:\/\/missioninclusion.ca\/wp-content\/uploads\/2023\/08\/img-soutien-aux-partenaires-a-international.jpg\u00bb title_text=\u00bbimg soutien aux partenaires a international\u00bb align=\u00bbcenter\u00bb _builder_version=\u00bb4.21.2&#8243; _module_preset=\u00bbdefault\u00bb width=\u00bb90%\u00bb max_width=\u00bb90%\u00bb module_alignment=\u00bbcenter\u00bb custom_margin=\u00bb||||false|false\u00bb global_colors_info=\u00bb{}\u00bb][\/et_pb_image][et_pb_text _builder_version=\u00bb4.22.1&#8243; text_font=\u00bb|600|||||||\u00bb text_text_color=\u00bb#73736E\u00bb text_font_size=\u00bb16px\u00bb link_font=\u00bb|600|||on|||#462d50|\u00bb link_text_color=\u00bb#462d50&#8243; header_2_font=\u00bb|600|||||||\u00bb header_2_text_color=\u00bb#462d50&#8243; header_2_font_size=\u00bb40px\u00bb header_2_letter_spacing=\u00bb1px\u00bb header_2_line_height=\u00bb1.6em\u00bb header_3_text_color=\u00bb#be0055&#8243; global_colors_info=\u00bb{}\u00bb]La gobernanza inclusiva es un enfoque dirigido a integrar activamente las voces, perspectivas y experiencias de todas las personas, con especial atenci\u00f3n a las mujeres y los grupos marginados, con el objetivo de contribuir a cambiar las estructuras de poder para garantizar una mayor participaci\u00f3n de todos en la toma de decisiones. Mediante este enfoque, pretendemos garantizar un acceso equitativo a servicios b\u00e1sicos adaptados a las necesidades de todos, mejorar la gesti\u00f3n y la aplicaci\u00f3n responsable y sostenible de pol\u00edticas, programas y servicios accesibles y adaptados a todas las personas, respetando sus derechos y libertades individuales y colectivas. [\/et_pb_text][et_pb_text _builder_version=\u00bb4.22.2&#8243; text_font=\u00bb|600|||||||\u00bb text_text_color=\u00bb#73736E\u00bb text_font_size=\u00bb16px\u00bb link_font=\u00bb|600|||on|||#462d50|\u00bb link_text_color=\u00bb#462d50&#8243; header_2_font=\u00bb|600|||||||\u00bb header_2_text_color=\u00bb#462d50&#8243; header_2_font_size=\u00bb40px\u00bb header_2_letter_spacing=\u00bb1px\u00bb header_2_line_height=\u00bb1.6em\u00bb header_3_text_color=\u00bb#be0055&#8243; global_colors_info=\u00bb{}\u00bb]El fondo ACTION pretende reforzar los conocimientos y las pr\u00e1cticas de las organizaciones que centran sus actividades en la inclusi\u00f3n social y trabajan con y para personas de grupos tradicionalmente excluidos y marginados, con vistas a responder a sus necesidades de una forma m\u00e1s integradora, al tiempo que contribuyen a capacitarlas para reclamar sus derechos.[\/et_pb_text][et_pb_text _builder_version=\u00bb4.22.1&#8243; text_font=\u00bb|600|||||||\u00bb text_text_color=\u00bb#73736E\u00bb text_font_size=\u00bb16px\u00bb link_font=\u00bb|600|||on|||#462d50|\u00bb link_text_color=\u00bb#462d50&#8243; header_2_font=\u00bb|600|||||||\u00bb header_2_text_color=\u00bb#462d50&#8243; header_2_font_size=\u00bb40px\u00bb header_2_letter_spacing=\u00bb1px\u00bb header_2_line_height=\u00bb1.6em\u00bb header_3_text_color=\u00bb#be0055&#8243; global_colors_info=\u00bb{}\u00bb]Esta primera convocatoria del Fondo ACCI\u00d3N abarca a todas las personas que sufren diferentes formas de discriminaci\u00f3n y exclusi\u00f3n sist\u00e9mica e interseccional, incluidas (pero no limitadas a) las mujeres, los j\u00f3venes, las personas con discapacidad, los ind\u00edgenas, las minor\u00edas, las personas desplazadas\/refugiadas y las personas que se identifican como parte de la diversidad sexual y de g\u00e9nero. [\/et_pb_text][\/et_pb_column][\/et_pb_row][\/et_pb_section][et_pb_section fb_built=\u00bb1&#8243; disabled_on=\u00bbon|off|off\u00bb admin_label=\u00bbPOUR ATTEINDRE CET OBJECTIF, QUATRE (4) AXES&#8230; \u00bb _builder_version=\u00bb4.21.2&#8243; background_enable_color=\u00bboff\u00bb custom_padding=\u00bb7px|0px|45px|0px|false|false\u00bb top_divider_flip=\u00bbvertical\u00bb bottom_divider_color=\u00bb#ffffff\u00bb bottom_divider_flip=\u00bbhorizontal\u00bb locked=\u00bboff\u00bb global_colors_info=\u00bb{}\u00bb][et_pb_row _builder_version=\u00bb4.21.2&#8243; background_color=\u00bbrgba(115,115,110,0.09)\u00bb custom_margin=\u00bb|auto||auto|false|false\u00bb custom_padding=\u00bb11px||10px||false|false\u00bb global_colors_info=\u00bb{}\u00bb][et_pb_column type=\u00bb4_4&#8243; _builder_version=\u00bb4.16&#8243; global_colors_info=\u00bb{}\u00bb][et_pb_text admin_label=\u00bbPOUR ATTEINDRE CET OBJECTIF, QUATRE (4) AXES&#8230; \u00bb _builder_version=\u00bb4.22.1&#8243; text_font=\u00bb||||||||\u00bb text_text_color=\u00bb#462d50&#8243; text_font_size=\u00bb16px\u00bb link_font=\u00bb|600|||on|||#462d50|\u00bb link_text_color=\u00bb#462d50&#8243; header_2_font=\u00bb||||||||\u00bb header_2_text_align=\u00bbcenter\u00bb header_2_text_color=\u00bb#CE0058&#8243; header_2_letter_spacing=\u00bb1px\u00bb header_2_line_height=\u00bb1.1em\u00bb header_3_font=\u00bb||||||||\u00bb header_3_text_align=\u00bbcenter\u00bb header_3_text_color=\u00bb#be0055&#8243; header_6_font=\u00bb|600|||||||\u00bb header_6_text_align=\u00bbcenter\u00bb header_6_text_color=\u00bb#FF325A\u00bb custom_margin=\u00bb||20px||false|false\u00bb custom_padding=\u00bb36px|||||\u00bb locked=\u00bboff\u00bb global_colors_info=\u00bb{}\u00bb]<\/p>\n<h2>Para lograr este objetivo, Mission inclusion ha identificado <strong><br \/>cuatro (4) \u00e1reas principales de inter\u00e9s:<\/strong><\/h2>\n<p>[\/et_pb_text][\/et_pb_column][\/et_pb_row][et_pb_row column_structure=\u00bb1_2,1_2&#8243; _builder_version=\u00bb4.21.2&#8243; _module_preset=\u00bbdefault\u00bb background_color=\u00bbrgba(115,115,110,0.09)\u00bb custom_margin=\u00bb|auto|-26px|auto||\u00bb custom_padding=\u00bb||41px|||\u00bb global_colors_info=\u00bb{}\u00bb][et_pb_column type=\u00bb1_2&#8243; _builder_version=\u00bb4.21.2&#8243; _module_preset=\u00bbdefault\u00bb global_colors_info=\u00bb{}\u00bb][et_pb_text _builder_version=\u00bb4.22.1&#8243; text_font=\u00bb|600|||||||\u00bb text_text_color=\u00bb#CE0058&#8243; text_font_size=\u00bb16px\u00bb link_font=\u00bb|600|||on|||#462d50|\u00bb link_text_color=\u00bb#462d50&#8243; header_2_font=\u00bb|600|||||||\u00bb header_2_text_color=\u00bb#462d50&#8243; header_2_font_size=\u00bb40px\u00bb header_2_letter_spacing=\u00bb1px\u00bb header_2_line_height=\u00bb1.6em\u00bb header_3_text_color=\u00bb#be0055&#8243; text_orientation=\u00bbcenter\u00bb custom_margin=\u00bb||38px|||\u00bb custom_padding=\u00bb|60px||90px||\u00bb global_colors_info=\u00bb{}\u00bb]1)\tDefender los derechos humanos, con especial atenci\u00f3n a las personas excluidas o desfavorecidas; [\/et_pb_text][et_pb_text _builder_version=\u00bb4.22.1&#8243; text_font=\u00bb|600|||||||\u00bb text_text_color=\u00bb#CE0058&#8243; text_font_size=\u00bb16px\u00bb link_font=\u00bb|600|||on|||#462d50|\u00bb link_text_color=\u00bb#462d50&#8243; header_2_font=\u00bb|600|||||||\u00bb header_2_text_color=\u00bb#462d50&#8243; header_2_font_size=\u00bb40px\u00bb header_2_letter_spacing=\u00bb1px\u00bb header_2_line_height=\u00bb1.6em\u00bb header_3_text_color=\u00bb#be0055&#8243; text_orientation=\u00bbcenter\u00bb custom_padding=\u00bb|60px||90px||\u00bb global_colors_info=\u00bb{}\u00bb]3)\tPromover la voz y el liderazgo de las mujeres y los grupos marginalizados en el \u00e1mbito p\u00fablico;  [\/et_pb_text][\/et_pb_column][et_pb_column type=\u00bb1_2&#8243; _builder_version=\u00bb4.21.2&#8243; _module_preset=\u00bbdefault\u00bb global_colors_info=\u00bb{}\u00bb][et_pb_text _builder_version=\u00bb4.22.1&#8243; text_font=\u00bb|600|||||||\u00bb text_text_color=\u00bb#CE0058&#8243; text_font_size=\u00bb16px\u00bb link_font=\u00bb|600|||on|||#462d50|\u00bb link_text_color=\u00bb#462d50&#8243; header_2_font=\u00bb|600|||||||\u00bb header_2_text_color=\u00bb#462d50&#8243; header_2_font_size=\u00bb40px\u00bb header_2_letter_spacing=\u00bb1px\u00bb header_2_line_height=\u00bb1.6em\u00bb header_3_text_color=\u00bb#be0055&#8243; text_orientation=\u00bbcenter\u00bb custom_margin=\u00bb||38px|||\u00bb custom_padding=\u00bb|90px||60px||\u00bb global_colors_info=\u00bb{}\u00bb]2)\tGarantizar un acceso equitativo a los servicios b\u00e1sicos para mujeres, ni\u00f1as y grupos marginalizados; [\/et_pb_text][et_pb_text _builder_version=\u00bb4.22.1&#8243; text_font=\u00bb|600|||||||\u00bb text_text_color=\u00bb#CE0058&#8243; text_font_size=\u00bb16px\u00bb link_font=\u00bb|600|||on|||#462d50|\u00bb link_text_color=\u00bb#462d50&#8243; header_2_font=\u00bb|600|||||||\u00bb header_2_text_color=\u00bb#462d50&#8243; header_2_font_size=\u00bb40px\u00bb header_2_letter_spacing=\u00bb1px\u00bb header_2_line_height=\u00bb1.6em\u00bb header_3_text_color=\u00bb#be0055&#8243; text_orientation=\u00bbcenter\u00bb custom_padding=\u00bb|90px||60px||\u00bb global_colors_info=\u00bb{}\u00bb]4)\tFomentar una gesti\u00f3n inclusiva, equitativa y sostenible de los recursos naturales y la biodiversidad.[\/et_pb_text][\/et_pb_column][\/et_pb_row][et_pb_row _builder_version=\u00bb4.21.2&#8243; _module_preset=\u00bbdefault\u00bb background_color=\u00bb#CE0058&#8243; custom_margin=\u00bb26px|auto|-26px|auto||\u00bb global_colors_info=\u00bb{}\u00bb][et_pb_column type=\u00bb4_4&#8243; _builder_version=\u00bb4.21.2&#8243; _module_preset=\u00bbdefault\u00bb global_colors_info=\u00bb{}\u00bb][et_pb_text _builder_version=\u00bb4.22.1&#8243; text_font=\u00bb|600|||||||\u00bb text_text_color=\u00bb#ffffff\u00bb text_font_size=\u00bb16px\u00bb link_font=\u00bb|600|||on|||#462d50|\u00bb link_text_color=\u00bb#462d50&#8243; header_2_font=\u00bb|600|||||||\u00bb header_2_text_color=\u00bb#462d50&#8243; header_2_font_size=\u00bb40px\u00bb header_2_letter_spacing=\u00bb1px\u00bb header_2_line_height=\u00bb1.6em\u00bb header_3_text_color=\u00bb#be0055&#8243; text_orientation=\u00bbcenter\u00bb custom_padding=\u00bb|90px||60px||\u00bb global_colors_info=\u00bb{}\u00bb]Esta convocatoria de proyectos est\u00e1 en consonancia con el objetivo general del Fondo ACCI\u00d3N, <br \/>que es contribuir a reducir las desigualdades. [\/et_pb_text][\/et_pb_column][\/et_pb_row][\/et_pb_section][et_pb_section fb_built=\u00bb1&#8243; disabled_on=\u00bboff|on|on\u00bb admin_label=\u00bbPOUR ATTEINDRE CET OBJECTIF, QUATRE (4) AXES&#8230; MOBILE\u00bb _builder_version=\u00bb4.21.2&#8243; background_enable_color=\u00bboff\u00bb custom_padding=\u00bb7px|0px|45px|0px|false|false\u00bb top_divider_flip=\u00bbvertical\u00bb bottom_divider_color=\u00bb#ffffff\u00bb bottom_divider_flip=\u00bbhorizontal\u00bb locked=\u00bboff\u00bb global_colors_info=\u00bb{}\u00bb][et_pb_row _builder_version=\u00bb4.21.2&#8243; background_color=\u00bbrgba(115,115,110,0.09)\u00bb custom_margin=\u00bb|auto||auto|false|false\u00bb custom_padding=\u00bb11px||10px||false|false\u00bb global_colors_info=\u00bb{}\u00bb][et_pb_column type=\u00bb4_4&#8243; _builder_version=\u00bb4.16&#8243; global_colors_info=\u00bb{}\u00bb][et_pb_text admin_label=\u00bbPOUR ATTEINDRE CET OBJECTIF, QUATRE (4) AXES&#8230; MOBILE\u00bb _builder_version=\u00bb4.22.1&#8243; text_font=\u00bb||||||||\u00bb text_text_color=\u00bb#462d50&#8243; text_font_size=\u00bb16px\u00bb link_font=\u00bb|600|||on|||#462d50|\u00bb link_text_color=\u00bb#462d50&#8243; header_2_font=\u00bb||||||||\u00bb header_2_text_align=\u00bbcenter\u00bb header_2_text_color=\u00bb#CE0058&#8243; header_2_font_size=\u00bb25px\u00bb header_2_letter_spacing=\u00bb1px\u00bb header_2_line_height=\u00bb1.1em\u00bb header_3_font=\u00bb||||||||\u00bb header_3_text_align=\u00bbcenter\u00bb header_3_text_color=\u00bb#be0055&#8243; header_6_font=\u00bb|600|||||||\u00bb header_6_text_align=\u00bbcenter\u00bb header_6_text_color=\u00bb#FF325A\u00bb custom_margin=\u00bb|20px|20px|20px|false|false\u00bb custom_padding=\u00bb36px|||||\u00bb locked=\u00bboff\u00bb global_colors_info=\u00bb{}\u00bb]<\/p>\n<h2>Para lograr este objetivo, Mission inclusion ha identificado <strong><br \/>\ncuatro (4) \u00e1reas principales de inter\u00e9s:<\/strong><\/h2>\n<p>[\/et_pb_text][\/et_pb_column][\/et_pb_row][et_pb_row _builder_version=\u00bb4.21.2&#8243; _module_preset=\u00bbdefault\u00bb background_color=\u00bbrgba(115,115,110,0.09)\u00bb custom_margin=\u00bb|auto|-26px|auto||\u00bb custom_padding=\u00bb||14px|||\u00bb global_colors_info=\u00bb{}\u00bb][et_pb_column type=\u00bb4_4&#8243; _builder_version=\u00bb4.21.2&#8243; _module_preset=\u00bbdefault\u00bb global_colors_info=\u00bb{}\u00bb][et_pb_text _builder_version=\u00bb4.22.1&#8243; text_font=\u00bb|600|||||||\u00bb text_text_color=\u00bb#CE0058&#8243; text_font_size=\u00bb16px\u00bb link_font=\u00bb|600|||on|||#462d50|\u00bb link_text_color=\u00bb#462d50&#8243; header_2_font=\u00bb|600|||||||\u00bb header_2_text_color=\u00bb#462d50&#8243; header_2_font_size=\u00bb40px\u00bb header_2_letter_spacing=\u00bb1px\u00bb header_2_line_height=\u00bb1.6em\u00bb header_3_text_color=\u00bb#be0055&#8243; text_orientation=\u00bbcenter\u00bb custom_margin=\u00bb|30px|30px|30px|false|false\u00bb custom_padding=\u00bb||||false|false\u00bb global_colors_info=\u00bb{}\u00bb]1)\tDefender los derechos humanos, con especial atenci\u00f3n a las personas excluidas o desfavorecidas..; [\/et_pb_text][et_pb_text _builder_version=\u00bb4.22.1&#8243; text_font=\u00bb|600|||||||\u00bb text_text_color=\u00bb#CE0058&#8243; text_font_size=\u00bb16px\u00bb link_font=\u00bb|600|||on|||#462d50|\u00bb link_text_color=\u00bb#462d50&#8243; header_2_font=\u00bb|600|||||||\u00bb header_2_text_color=\u00bb#462d50&#8243; header_2_font_size=\u00bb40px\u00bb header_2_letter_spacing=\u00bb1px\u00bb header_2_line_height=\u00bb1.6em\u00bb header_3_text_color=\u00bb#be0055&#8243; text_orientation=\u00bbcenter\u00bb custom_margin=\u00bb|30px|30px|30px|false|false\u00bb custom_padding=\u00bb||||false|false\u00bb global_colors_info=\u00bb{}\u00bb]2)\tGarantizar un acceso equitativo a los servicios b\u00e1sicos para mujeres, ni\u00f1as y grupos marginalizados; [\/et_pb_text][et_pb_text _builder_version=\u00bb4.22.1&#8243; text_font=\u00bb|600|||||||\u00bb text_text_color=\u00bb#CE0058&#8243; text_font_size=\u00bb16px\u00bb link_font=\u00bb|600|||on|||#462d50|\u00bb link_text_color=\u00bb#462d50&#8243; header_2_font=\u00bb|600|||||||\u00bb header_2_text_color=\u00bb#462d50&#8243; header_2_font_size=\u00bb40px\u00bb header_2_letter_spacing=\u00bb1px\u00bb header_2_line_height=\u00bb1.6em\u00bb header_3_text_color=\u00bb#be0055&#8243; text_orientation=\u00bbcenter\u00bb custom_margin=\u00bb|30px|30px|30px|false|false\u00bb custom_padding=\u00bb||||false|false\u00bb global_colors_info=\u00bb{}\u00bb]3)\tPromover la voz y el liderazgo de las mujeres y los grupos marginalizados en el \u00e1mbito p\u00fablico;  [\/et_pb_text][et_pb_text _builder_version=\u00bb4.22.1&#8243; text_font=\u00bb|600|||||||\u00bb text_text_color=\u00bb#CE0058&#8243; text_font_size=\u00bb16px\u00bb link_font=\u00bb|600|||on|||#462d50|\u00bb link_text_color=\u00bb#462d50&#8243; header_2_font=\u00bb|600|||||||\u00bb header_2_text_color=\u00bb#462d50&#8243; header_2_font_size=\u00bb40px\u00bb header_2_letter_spacing=\u00bb1px\u00bb header_2_line_height=\u00bb1.6em\u00bb header_3_text_color=\u00bb#be0055&#8243; text_orientation=\u00bbcenter\u00bb custom_margin=\u00bb|30px|30px|30px|false|false\u00bb custom_padding=\u00bb||||false|false\u00bb global_colors_info=\u00bb{}\u00bb]4)\tFomentar una gesti\u00f3n inclusiva, equitativa y sostenible de los recursos naturales y la biodiversidad.[\/et_pb_text][\/et_pb_column][\/et_pb_row][et_pb_row _builder_version=\u00bb4.21.2&#8243; _module_preset=\u00bbdefault\u00bb background_color=\u00bb#CE0058&#8243; custom_margin=\u00bb26px|auto|-26px|auto||\u00bb global_colors_info=\u00bb{}\u00bb][et_pb_column type=\u00bb4_4&#8243; _builder_version=\u00bb4.21.2&#8243; _module_preset=\u00bbdefault\u00bb global_colors_info=\u00bb{}\u00bb][et_pb_text _builder_version=\u00bb4.22.1&#8243; text_font=\u00bb|600|||||||\u00bb text_text_color=\u00bb#ffffff\u00bb text_font_size=\u00bb16px\u00bb link_font=\u00bb|600|||on|||#462d50|\u00bb link_text_color=\u00bb#462d50&#8243; header_2_font=\u00bb|600|||||||\u00bb header_2_text_color=\u00bb#462d50&#8243; header_2_font_size=\u00bb40px\u00bb header_2_letter_spacing=\u00bb1px\u00bb header_2_line_height=\u00bb1.6em\u00bb header_3_text_color=\u00bb#be0055&#8243; text_orientation=\u00bbcenter\u00bb custom_margin=\u00bb|30px||30px|false|false\u00bb custom_padding=\u00bb||||false|false\u00bb global_colors_info=\u00bb{}\u00bb]Esta convocatoria de proyectos est\u00e1 en consonancia con el objetivo general del Fondo ACCI\u00d3N, que es contribuir a reducir las desigualdades. [\/et_pb_text][\/et_pb_column][\/et_pb_row][\/et_pb_section][et_pb_section fb_built=\u00bb1&#8243; disabled_on=\u00bbon|off|off\u00bb admin_label=\u00bbD\u00c9ROULEMENT DU PROCESSUS\u00bb _builder_version=\u00bb4.21.2&#8243; _module_preset=\u00bbdefault\u00bb custom_padding=\u00bb28px||15px|||\u00bb locked=\u00bboff\u00bb global_colors_info=\u00bb{}\u00bb][et_pb_row column_structure=\u00bb1_5,3_5,1_5&#8243; _builder_version=\u00bb4.16&#8243; _module_preset=\u00bbdefault\u00bb global_colors_info=\u00bb{}\u00bb][et_pb_column type=\u00bb1_5&#8243; _builder_version=\u00bb4.16&#8243; _module_preset=\u00bbdefault\u00bb global_colors_info=\u00bb{}\u00bb][\/et_pb_column][et_pb_column type=\u00bb3_5&#8243; _builder_version=\u00bb4.16&#8243; _module_preset=\u00bbdefault\u00bb global_colors_info=\u00bb{}\u00bb][et_pb_text disabled_on=\u00bboff|off|off\u00bb admin_label=\u00bbD\u00c9ROULEMENT DU PROCESSUS\u00bb _builder_version=\u00bb4.22.1&#8243; text_font=\u00bb||||||||\u00bb text_text_color=\u00bb#462d50&#8243; text_font_size=\u00bb16px\u00bb link_font=\u00bb|600|||on|||#462d50|\u00bb link_text_color=\u00bb#462d50&#8243; header_2_font=\u00bb||||||||\u00bb header_2_text_align=\u00bbcenter\u00bb header_2_text_color=\u00bb#CE0058&#8243; header_2_font_size=\u00bb28px\u00bb header_2_letter_spacing=\u00bb1px\u00bb header_3_font=\u00bb||||||||\u00bb header_3_text_align=\u00bbcenter\u00bb header_3_text_color=\u00bb#be0055&#8243; header_6_font=\u00bb|600|||||||\u00bb header_6_text_align=\u00bbcenter\u00bb header_6_text_color=\u00bb#FF325A\u00bb custom_margin=\u00bb||20px||false|false\u00bb custom_padding=\u00bb36px|||||\u00bb locked=\u00bboff\u00bb global_colors_info=\u00bb{}\u00bb]<\/p>\n<h2>DESARROLLO DEL PROCESO <\/h2>\n<p>[\/et_pb_text][et_pb_text _builder_version=\u00bb4.22.1&#8243; text_font=\u00bb||||||||\u00bb text_text_color=\u00bb#73736E\u00bb text_font_size=\u00bb16px\u00bb header_2_font=\u00bb|600|||||||\u00bb header_2_text_color=\u00bb#7dc3b9&#8243; header_2_font_size=\u00bb25px\u00bb header_2_letter_spacing=\u00bb1px\u00bb header_2_line_height=\u00bb1.6em\u00bb header_3_text_color=\u00bb#FF325A\u00bb header_3_font_size=\u00bb18px\u00bb text_orientation=\u00bbcenter\u00bb custom_margin=\u00bb3px|||||\u00bb global_colors_info=\u00bb{}\u00bb]<\/p>\n<h3>Tenga en cuenta que el proceso se desarrollar\u00e1 en cuatro (4) etapas: <\/h3>\n<p>[\/et_pb_text][\/et_pb_column][et_pb_column type=\u00bb1_5&#8243; _builder_version=\u00bb4.16&#8243; _module_preset=\u00bbdefault\u00bb global_colors_info=\u00bb{}\u00bb][\/et_pb_column][\/et_pb_row][et_pb_row column_structure=\u00bb1_5,3_5,1_5&#8243; _builder_version=\u00bb4.21.2&#8243; _module_preset=\u00bbdefault\u00bb custom_margin=\u00bb|auto|29px|auto||\u00bb global_colors_info=\u00bb{}\u00bb][et_pb_column type=\u00bb1_5&#8243; _builder_version=\u00bb4.16&#8243; _module_preset=\u00bbdefault\u00bb global_colors_info=\u00bb{}\u00bb][\/et_pb_column][et_pb_column type=\u00bb3_5&#8243; _builder_version=\u00bb4.16&#8243; _module_preset=\u00bbdefault\u00bb global_colors_info=\u00bb{}\u00bb][et_pb_image src=\u00bbhttps:\/\/missioninclusion.ca\/wp-content\/uploads\/2023\/09\/1-deroulement-Image_SoutienPartenaires.png\u00bb title_text=\u00bb1-deroulement-Image_SoutienPartenaires\u00bb align=\u00bbcenter\u00bb _builder_version=\u00bb4.22.1&#8243; _module_preset=\u00bbdefault\u00bb width=\u00bb9%\u00bb max_width=\u00bb9%\u00bb global_colors_info=\u00bb{}\u00bb][\/et_pb_image][et_pb_text admin_label=\u00bb\u00c9tape 1 : Lancement de l\u2019appel \u00e0 projets par Mission inclusion\u00bb _builder_version=\u00bb4.22.1&#8243; text_font=\u00bb||||||||\u00bb text_text_color=\u00bb#462d50&#8243; text_font_size=\u00bb15px\u00bb header_2_font=\u00bb|600|||||||\u00bb header_2_text_align=\u00bbcenter\u00bb header_2_text_color=\u00bb#FF325A\u00bb header_2_font_size=\u00bb25px\u00bb header_2_letter_spacing=\u00bb1px\u00bb header_2_line_height=\u00bb1.6em\u00bb header_4_font=\u00bb|600|||||||\u00bb header_4_text_align=\u00bbcenter\u00bb header_4_text_color=\u00bb#CE0058&#8243; custom_margin=\u00bb-1px||-3px|||\u00bb custom_padding=\u00bb||10px|||\u00bb global_colors_info=\u00bb{}\u00bb]<\/p>\n<h4>Fase 1: Lanzamiento de la convocatoria de proyectos por<br \/> Mission inclusion<\/h4>\n<p>[\/et_pb_text][et_pb_text _builder_version=\u00bb4.22.1&#8243; text_font=\u00bb||||||||\u00bb text_text_color=\u00bb#73736E\u00bb text_font_size=\u00bb16px\u00bb link_font=\u00bb|600|||on||||\u00bb link_text_color=\u00bb#462d50&#8243; header_2_font=\u00bb|600|||||||\u00bb header_2_text_color=\u00bb#7dc3b9&#8243; header_2_font_size=\u00bb25px\u00bb header_2_letter_spacing=\u00bb1px\u00bb header_2_line_height=\u00bb1.6em\u00bb text_orientation=\u00bbcenter\u00bb global_colors_info=\u00bb{}\u00bb]El lanzamiento de la convocatoria de proyectos se anunciar\u00e1 en el sitio web de Mission inclusion y en sus plataformas de difusi\u00f3n. A continuaci\u00f3n, compartiremos este anuncio con otras organizaciones socias.[\/et_pb_text][et_pb_text _builder_version=\u00bb4.22.1&#8243; text_font=\u00bb||||||||\u00bb text_text_color=\u00bb#73736E\u00bb text_font_size=\u00bb16px\u00bb link_font=\u00bb|600|||on||||\u00bb link_text_color=\u00bb#462d50&#8243; header_2_font=\u00bb|600|||||||\u00bb header_2_text_color=\u00bb#7dc3b9&#8243; header_2_font_size=\u00bb25px\u00bb header_2_letter_spacing=\u00bb1px\u00bb header_2_line_height=\u00bb1.6em\u00bb text_orientation=\u00bbcenter\u00bb global_colors_info=\u00bb{}\u00bb]Tras el lanzamiento, organizaremos seminarios web para las organizaciones interesadas. Durante estas sesiones en l\u00ednea, explicaremos qu\u00e9 es Mission inclusion, los detalles de la convocatoria de proyectos y le mostraremos c\u00f3mo rellenar el formulario de nota conceptual. Tendr\u00e1 la oportunidad de plantear sus preguntas en directo y obtener respuestas inmediatas.[\/et_pb_text][et_pb_text _builder_version=\u00bb4.22.1&#8243; text_font=\u00bb||||||||\u00bb text_text_color=\u00bb#73736E\u00bb text_font_size=\u00bb16px\u00bb link_font=\u00bb|600|||on||||\u00bb link_text_color=\u00bb#CE0058&#8243; header_2_font=\u00bb|600|||||||\u00bb header_2_text_color=\u00bb#7dc3b9&#8243; header_2_font_size=\u00bb25px\u00bb header_2_letter_spacing=\u00bb1px\u00bb header_2_line_height=\u00bb1.6em\u00bb text_orientation=\u00bbcenter\u00bb global_colors_info=\u00bb{}\u00bb]<\/p>\n<p>Para saber cu\u00e1ndo tendr\u00e1n lugar los webinarios, consulte <a href=\"#parametresProjetEs\">el calendario<\/a> de encuentros. Todas las comunicaciones con el equipo se realizar\u00e1n por correo electr\u00f3nico <a href=\"mailto:action@missioninclusion.ca\">action@missioninclusion.ca.<\/a><\/p>\n<p>[\/et_pb_text][\/et_pb_column][et_pb_column type=\u00bb1_5&#8243; _builder_version=\u00bb4.16&#8243; _module_preset=\u00bbdefault\u00bb global_colors_info=\u00bb{}\u00bb][\/et_pb_column][\/et_pb_row][et_pb_row column_structure=\u00bb1_5,3_5,1_5&#8243; _builder_version=\u00bb4.21.2&#8243; _module_preset=\u00bbdefault\u00bb custom_padding=\u00bb||5px|||\u00bb global_colors_info=\u00bb{}\u00bb][et_pb_column type=\u00bb1_5&#8243; _builder_version=\u00bb4.16&#8243; _module_preset=\u00bbdefault\u00bb global_colors_info=\u00bb{}\u00bb][\/et_pb_column][et_pb_column type=\u00bb3_5&#8243; _builder_version=\u00bb4.16&#8243; _module_preset=\u00bbdefault\u00bb global_colors_info=\u00bb{}\u00bb][et_pb_image src=\u00bbhttps:\/\/missioninclusion.ca\/wp-content\/uploads\/2023\/09\/2-deroulement-Image_SoutienPartenaires.png\u00bb title_text=\u00bb2-deroulement-Image_SoutienPartenaires\u00bb align=\u00bbcenter\u00bb _builder_version=\u00bb4.22.1&#8243; _module_preset=\u00bbdefault\u00bb width=\u00bb9%\u00bb max_width=\u00bb9%\u00bb locked=\u00bboff\u00bb global_colors_info=\u00bb{}\u00bb][\/et_pb_image][et_pb_text admin_label=\u00bb\u00c9tape 2 : Note conceptuelle\u00bb _builder_version=\u00bb4.22.1&#8243; text_font=\u00bb||||||||\u00bb text_text_color=\u00bb#462d50&#8243; text_font_size=\u00bb15px\u00bb header_2_font=\u00bb|600|||||||\u00bb header_2_text_align=\u00bbcenter\u00bb header_2_text_color=\u00bb#FF325A\u00bb header_2_font_size=\u00bb25px\u00bb header_2_letter_spacing=\u00bb1px\u00bb header_2_line_height=\u00bb1.6em\u00bb header_4_font=\u00bb|600|||||||\u00bb header_4_text_align=\u00bbcenter\u00bb header_4_text_color=\u00bb#CE0058&#8243; custom_margin=\u00bb-1px||-3px|||\u00bb custom_padding=\u00bb||11px|||\u00bb global_colors_info=\u00bb{}\u00bb]<\/p>\n<h4>Fase 2: Nota conceptual <\/h4>\n<p>[\/et_pb_text][\/et_pb_column][et_pb_column type=\u00bb1_5&#8243; _builder_version=\u00bb4.16&#8243; _module_preset=\u00bbdefault\u00bb global_colors_info=\u00bb{}\u00bb][\/et_pb_column][\/et_pb_row][et_pb_row column_structure=\u00bb1_2,1_2&#8243; _builder_version=\u00bb4.16&#8243; _module_preset=\u00bbdefault\u00bb custom_padding=\u00bb3px|||||\u00bb global_colors_info=\u00bb{}\u00bb][et_pb_column type=\u00bb1_2&#8243; _builder_version=\u00bb4.16&#8243; _module_preset=\u00bbdefault\u00bb global_colors_info=\u00bb{}\u00bb][et_pb_text _builder_version=\u00bb4.22.1&#8243; text_font=\u00bb|600|||||||\u00bb text_text_color=\u00bb#FF325A\u00bb text_font_size=\u00bb16px\u00bb link_font=\u00bb|600|||on||||\u00bb link_text_color=\u00bb#462d50&#8243; header_2_font=\u00bb|600|||||||\u00bb header_2_text_color=\u00bb#7dc3b9&#8243; header_2_font_size=\u00bb25px\u00bb header_2_letter_spacing=\u00bb1px\u00bb header_2_line_height=\u00bb1.6em\u00bb custom_margin=\u00bb||16px|||\u00bb global_colors_info=\u00bb{}\u00bb]<\/p>\n<p>Las organizaciones interesadas deben seguir los siguientes pasos para presentar una solicitud:<\/p>\n<p>[\/et_pb_text][et_pb_text _builder_version=\u00bb4.22.1&#8243; text_font=\u00bb||||||||\u00bb text_text_color=\u00bb#73736E\u00bb text_font_size=\u00bb16px\u00bb link_font=\u00bb|600|||on|||#BE0055|\u00bb link_text_color=\u00bb#BE0055&#8243; header_2_font=\u00bb|600|||||||\u00bb header_2_text_color=\u00bb#462d50&#8243; header_2_font_size=\u00bb40px\u00bb header_2_letter_spacing=\u00bb1px\u00bb header_2_line_height=\u00bb1.6em\u00bb header_3_text_color=\u00bb#be0055&#8243; global_colors_info=\u00bb{}\u00bb]<strong><span style=\"color: #ff325a;\">1) <\/span><\/strong> <a href\"#parametresProjetEs\">Descargar <\/a>y completar una nota conceptual.<br \/>\n<strong><span style=\"color: #ff325a;\">2) <\/span><\/strong> Enviar la nota conceptual por <a href=\"mailto:action@missionincluison.ca\">correo electr\u00f3nico<\/a>, junto con los siguientes documentos:[\/et_pb_text][et_pb_text _builder_version=\u00bb4.22.1&#8243; text_font=\u00bb||||||||\u00bb text_text_color=\u00bb#73736E\u00bb text_font_size=\u00bb16px\u00bb link_font=\u00bb|600|||on|||#BE0055|\u00bb link_text_color=\u00bb#BE0055&#8243; header_2_font=\u00bb|600|||||||\u00bb header_2_text_color=\u00bb#462d50&#8243; header_2_font_size=\u00bb40px\u00bb header_2_letter_spacing=\u00bb1px\u00bb header_2_line_height=\u00bb1.6em\u00bb header_3_text_color=\u00bb#be0055&#8243; global_colors_info=\u00bb{}\u00bb]\u2022 Documento con los estados financieros m\u00e1s recientes<br \/>\n\u2022 Reconocimiento legal o documento de registro (no caducado).[\/et_pb_text][\/et_pb_column][et_pb_column type=\u00bb1_2&#8243; _builder_version=\u00bb4.16&#8243; _module_preset=\u00bbdefault\u00bb global_colors_info=\u00bb{}\u00bb][et_pb_text _builder_version=\u00bb4.22.1&#8243; text_font=\u00bb|600|||||||\u00bb text_text_color=\u00bb#FF325A\u00bb text_font_size=\u00bb16px\u00bb link_font=\u00bb|600|||on||||\u00bb link_text_color=\u00bb#462d50&#8243; header_2_font=\u00bb|600|||||||\u00bb header_2_text_color=\u00bb#7dc3b9&#8243; header_2_font_size=\u00bb25px\u00bb header_2_letter_spacing=\u00bb1px\u00bb header_2_line_height=\u00bb1.6em\u00bb custom_margin=\u00bb||12px|||\u00bb global_colors_info=\u00bb{}\u00bb]Su solicitud se evaluar\u00e1 en dos fases:[\/et_pb_text][et_pb_text _builder_version=\u00bb4.22.1&#8243; text_font=\u00bb||||||||\u00bb text_text_color=\u00bb#73736E\u00bb text_font_size=\u00bb16px\u00bb link_font=\u00bb|600|||on|||#462d50|\u00bb link_text_color=\u00bb#462d50&#8243; header_2_font=\u00bb|600|||||||\u00bb header_2_text_color=\u00bb#462d50&#8243; header_2_font_size=\u00bb40px\u00bb header_2_letter_spacing=\u00bb1px\u00bb header_2_line_height=\u00bb1.6em\u00bb header_3_text_color=\u00bb#be0055&#8243; custom_padding=\u00bb25px|||||\u00bb global_colors_info=\u00bb{}\u00bb]<strong><span style=\"color: #ff325a;\">1) <\/span><\/strong> Verificaci\u00f3n de los criterios de elegibilidad de la organizaci\u00f3n.<br \/>\n<strong><span style=\"color: #ff325a;\">2) <\/span><\/strong> Evaluaci\u00f3n de los criterios de admisibilidad de la nota conceptual.[\/et_pb_text][et_pb_text _builder_version=\u00bb4.23.1&#8243; text_font=\u00bb||||||||\u00bb text_text_color=\u00bb#73736E\u00bb text_font_size=\u00bb16px\u00bb link_font=\u00bb|600|||on|||#462d50|\u00bb link_text_color=\u00bb#462d50&#8243; header_2_font=\u00bb|600|||||||\u00bb header_2_text_color=\u00bb#462d50&#8243; header_2_font_size=\u00bb40px\u00bb header_2_letter_spacing=\u00bb1px\u00bb header_2_line_height=\u00bb1.6em\u00bb header_3_text_color=\u00bb#be0055&#8243; global_colors_info=\u00bb{}\u00bb]Todas las solicitudes ser\u00e1n examinadas por un comit\u00e9 de an\u00e1lisis compuesto por personal de Mission inclusion. Queremos dar las gracias de antemano a todas las organizaciones que se han tomado la molestia de presentar una solicitud. Tenga en cuenta que solo nos pondremos en contacto con las organizaciones preseleccionadas.[\/et_pb_text][\/et_pb_column][\/et_pb_row][et_pb_row column_structure=\u00bb1_5,3_5,1_5&#8243; _builder_version=\u00bb4.21.2&#8243; _module_preset=\u00bbdefault\u00bb custom_padding=\u00bb||5px|||\u00bb global_colors_info=\u00bb{}\u00bb][et_pb_column type=\u00bb1_5&#8243; _builder_version=\u00bb4.16&#8243; _module_preset=\u00bbdefault\u00bb global_colors_info=\u00bb{}\u00bb][\/et_pb_column][et_pb_column type=\u00bb3_5&#8243; _builder_version=\u00bb4.16&#8243; _module_preset=\u00bbdefault\u00bb global_colors_info=\u00bb{}\u00bb][et_pb_image src=\u00bbhttps:\/\/missioninclusion.ca\/wp-content\/uploads\/2023\/09\/3-deroulement-Image_SoutienPartenaires.png\u00bb title_text=\u00bb3-deroulement-Image_SoutienPartenaires\u00bb align=\u00bbcenter\u00bb _builder_version=\u00bb4.22.1&#8243; _module_preset=\u00bbdefault\u00bb width=\u00bb9%\u00bb max_width=\u00bb9%\u00bb locked=\u00bboff\u00bb global_colors_info=\u00bb{}\u00bb][\/et_pb_image][et_pb_text admin_label=\u00bb\u00c9tape 3 : Projet d\u00e9taill\u00e9 et diagnostic organisationnel MOBILE\u00bb _builder_version=\u00bb4.22.1&#8243; text_font=\u00bb||||||||\u00bb text_text_color=\u00bb#462d50&#8243; text_font_size=\u00bb15px\u00bb header_2_font=\u00bb|600|||||||\u00bb header_2_text_align=\u00bbcenter\u00bb header_2_text_color=\u00bb#FF325A\u00bb header_2_font_size=\u00bb25px\u00bb header_2_letter_spacing=\u00bb1px\u00bb header_2_line_height=\u00bb1.6em\u00bb header_4_font=\u00bb|600|||||||\u00bb header_4_text_align=\u00bbcenter\u00bb header_4_text_color=\u00bb#CE0058&#8243; custom_margin=\u00bb-1px||-3px|||\u00bb global_colors_info=\u00bb{}\u00bb]<\/p>\n<h4>Etapa 3: Diagn\u00f3stico detallado del proyecto y de la organizaci\u00f3n <\/h4>\n<p>[\/et_pb_text][et_pb_text _builder_version=\u00bb4.22.1&#8243; text_font=\u00bb|600|||||||\u00bb text_text_color=\u00bb#73736E\u00bb text_font_size=\u00bb16px\u00bb link_font=\u00bb|600|||on||||\u00bb link_text_color=\u00bb#462d50&#8243; header_2_font=\u00bb|600|||||||\u00bb header_2_text_color=\u00bb#7dc3b9&#8243; header_2_font_size=\u00bb25px\u00bb header_2_letter_spacing=\u00bb1px\u00bb header_2_line_height=\u00bb1.6em\u00bb text_orientation=\u00bbcenter\u00bb global_colors_info=\u00bb{}\u00bb]Esta etapa constar\u00e1 de dos (2) fases paralelas:[\/et_pb_text][\/et_pb_column][et_pb_column type=\u00bb1_5&#8243; _builder_version=\u00bb4.16&#8243; _module_preset=\u00bbdefault\u00bb global_colors_info=\u00bb{}\u00bb][\/et_pb_column][\/et_pb_row][et_pb_row column_structure=\u00bb1_2,1_2&#8243; _builder_version=\u00bb4.21.2&#8243; _module_preset=\u00bbdefault\u00bb custom_margin=\u00bb|auto|29px|auto||\u00bb global_colors_info=\u00bb{}\u00bb][et_pb_column type=\u00bb1_2&#8243; _builder_version=\u00bb4.16&#8243; _module_preset=\u00bbdefault\u00bb global_colors_info=\u00bb{}\u00bb][et_pb_text _builder_version=\u00bb4.22.1&#8243; text_font=\u00bb||||||||\u00bb text_text_color=\u00bb#73736E\u00bb text_font_size=\u00bb16px\u00bb link_font=\u00bb|600|||on||||\u00bb link_text_color=\u00bb#462d50&#8243; header_2_font=\u00bb|600|||||||\u00bb header_2_text_color=\u00bb#7dc3b9&#8243; header_2_font_size=\u00bb25px\u00bb header_2_letter_spacing=\u00bb1px\u00bb header_2_line_height=\u00bb1.6em\u00bb text_orientation=\u00bbcenter\u00bb global_colors_info=\u00bb{}\u00bb]<span style=\"font-size: large; color: #ff325a;\"><strong>Fase 1 \u2013 Proyecto detallado: <\/strong><\/span>Se pedir\u00e1 a las organizaciones preseleccionadas que presenten un proyecto m\u00e1s detallado basado en la nota conceptual inicial. Este proyecto detallado incluir\u00e1 un formulario de proyecto completo y un presupuesto.[\/et_pb_text][et_pb_text _builder_version=\u00bb4.22.1&#8243; text_font=\u00bb||||||||\u00bb text_text_color=\u00bb#73736E\u00bb text_font_size=\u00bb16px\u00bb link_font=\u00bb|600|||on||||\u00bb link_text_color=\u00bb#462d50&#8243; header_2_font=\u00bb|600|||||||\u00bb header_2_text_color=\u00bb#7dc3b9&#8243; header_2_font_size=\u00bb25px\u00bb header_2_letter_spacing=\u00bb1px\u00bb header_2_line_height=\u00bb1.6em\u00bb text_orientation=\u00bbcenter\u00bb global_colors_info=\u00bb{}\u00bb]<strong>Este proyecto detallado incluir\u00e1 un formulario de proyecto completo y un presupuesto.<\/strong>[\/et_pb_text][\/et_pb_column][et_pb_column type=\u00bb1_2&#8243; _builder_version=\u00bb4.16&#8243; _module_preset=\u00bbdefault\u00bb global_colors_info=\u00bb{}\u00bb][et_pb_text _builder_version=\u00bb4.22.1&#8243; text_font=\u00bb||||||||\u00bb text_text_color=\u00bb#73736E\u00bb text_font_size=\u00bb16px\u00bb link_font=\u00bb|600|||on||||\u00bb link_text_color=\u00bb#462d50&#8243; header_2_font=\u00bb|600|||||||\u00bb header_2_text_color=\u00bb#7dc3b9&#8243; header_2_font_size=\u00bb25px\u00bb header_2_letter_spacing=\u00bb1px\u00bb header_2_line_height=\u00bb1.6em\u00bb text_orientation=\u00bbcenter\u00bb global_colors_info=\u00bb{}\u00bb]<span style=\"font-size: large; color: #ff325a;\"><strong>Fase 2 \u2013 Diagn\u00f3stico organizacional:<\/strong><\/span> Al mismo tiempo, tendr\u00e1n lugar conversaciones entre las organizaciones preseleccionadas y Mission inclusion para comprender mejor sus necesidades. <strong>Tenga en cuenta que esta fase a\u00fan no confirma la selecci\u00f3n del proyecto, sino que inicia un di\u00e1logo destinado a comprender el contexto de la organizaci\u00f3n.<\/strong>[\/et_pb_text][\/et_pb_column][\/et_pb_row][et_pb_row _builder_version=\u00bb4.21.2&#8243; _module_preset=\u00bbdefault\u00bb custom_margin=\u00bb|auto|29px|auto||\u00bb custom_padding=\u00bb7px|||||\u00bb global_colors_info=\u00bb{}\u00bb][et_pb_column type=\u00bb4_4&#8243; _builder_version=\u00bb4.16&#8243; _module_preset=\u00bbdefault\u00bb global_colors_info=\u00bb{}\u00bb][et_pb_text _builder_version=\u00bb4.22.1&#8243; text_font=\u00bb|600|||||||\u00bb text_text_color=\u00bb#FF325A\u00bb text_font_size=\u00bb16px\u00bb link_font=\u00bb|600|||on||||\u00bb link_text_color=\u00bb#CE0058&#8243; header_2_font=\u00bb|600|||||||\u00bb header_2_text_color=\u00bb#7dc3b9&#8243; header_2_font_size=\u00bb25px\u00bb header_2_letter_spacing=\u00bb1px\u00bb header_2_line_height=\u00bb1.6em\u00bb text_orientation=\u00bbcenter\u00bb global_colors_info=\u00bb{}\u00bb]Con un enfoque inclusivo, un comit\u00e9 de voluntarios representantes de los grupos objetivo evaluar\u00e1 la coherencia y pertinencia de los proyectos en relaci\u00f3n con los resultados esperados y los pa\u00edses en cuesti\u00f3n. A continuaci\u00f3n, se contactar\u00e1 individualmente con todas las organizaciones implicadas para notificarles las decisiones, ya sean positivas o negativas.[\/et_pb_text][\/et_pb_column][\/et_pb_row][et_pb_row column_structure=\u00bb1_5,3_5,1_5&#8243; _builder_version=\u00bb4.21.2&#8243; _module_preset=\u00bbdefault\u00bb custom_padding=\u00bb||5px|||\u00bb global_colors_info=\u00bb{}\u00bb][et_pb_column type=\u00bb1_5&#8243; _builder_version=\u00bb4.16&#8243; _module_preset=\u00bbdefault\u00bb global_colors_info=\u00bb{}\u00bb][\/et_pb_column][et_pb_column type=\u00bb3_5&#8243; _builder_version=\u00bb4.16&#8243; _module_preset=\u00bbdefault\u00bb global_colors_info=\u00bb{}\u00bb][et_pb_image src=\u00bbhttps:\/\/missioninclusion.ca\/wp-content\/uploads\/2023\/09\/4-deroulement-Image_SoutienPartenaires.png\u00bb title_text=\u00bb4-deroulement-Image_SoutienPartenaires\u00bb align=\u00bbcenter\u00bb _builder_version=\u00bb4.22.1&#8243; _module_preset=\u00bbdefault\u00bb width=\u00bb9%\u00bb max_width=\u00bb9%\u00bb locked=\u00bboff\u00bb global_colors_info=\u00bb{}\u00bb][\/et_pb_image][et_pb_text admin_label=\u00bb\u00c9tape 4 : N\u00e9gociation et signature d\u2019entente\u00bb _builder_version=\u00bb4.22.1&#8243; text_font=\u00bb||||||||\u00bb text_text_color=\u00bb#462d50&#8243; text_font_size=\u00bb15px\u00bb header_2_font=\u00bb|600|||||||\u00bb header_2_text_align=\u00bbcenter\u00bb header_2_text_color=\u00bb#FF325A\u00bb header_2_font_size=\u00bb25px\u00bb header_2_letter_spacing=\u00bb1px\u00bb header_2_line_height=\u00bb1.6em\u00bb header_4_font=\u00bb|600|||||||\u00bb header_4_text_align=\u00bbcenter\u00bb header_4_text_color=\u00bb#CE0058&#8243; custom_margin=\u00bb-1px||-3px|||\u00bb custom_padding=\u00bb||12px|||\u00bb global_colors_info=\u00bb{}\u00bb]<\/p>\n<h4>Fse 4: Negociaci\u00f3n y firma del acuerdo <\/h4>\n<p>[\/et_pb_text][\/et_pb_column][et_pb_column type=\u00bb1_5&#8243; _builder_version=\u00bb4.16&#8243; _module_preset=\u00bbdefault\u00bb global_colors_info=\u00bb{}\u00bb][\/et_pb_column][\/et_pb_row][et_pb_row column_structure=\u00bb1_2,1_2&#8243; _builder_version=\u00bb4.16&#8243; _module_preset=\u00bbdefault\u00bb custom_padding=\u00bb3px|||||\u00bb global_colors_info=\u00bb{}\u00bb][et_pb_column type=\u00bb1_2&#8243; _builder_version=\u00bb4.16&#8243; _module_preset=\u00bbdefault\u00bb global_colors_info=\u00bb{}\u00bb][et_pb_text _builder_version=\u00bb4.22.1&#8243; text_font=\u00bb||||||||\u00bb text_text_color=\u00bb#73736E\u00bb text_font_size=\u00bb16px\u00bb link_font=\u00bb|600|||on||||\u00bb link_text_color=\u00bb#462d50&#8243; header_2_font=\u00bb|600|||||||\u00bb header_2_text_color=\u00bb#7dc3b9&#8243; header_2_font_size=\u00bb25px\u00bb header_2_letter_spacing=\u00bb1px\u00bb header_2_line_height=\u00bb1.6em\u00bb text_orientation=\u00bbcenter\u00bb global_colors_info=\u00bb{}\u00bb]Se invitar\u00e1 a las organizaciones seleccionadas a pasar a la fase de negociaci\u00f3n y firma, en la que se requerir\u00e1n datos y documentos como el n\u00famero de identificaci\u00f3n fiscal, los datos bancarios y los documentos de identidad de los firmantes del contrato.[\/et_pb_text][\/et_pb_column][et_pb_column type=\u00bb1_2&#8243; _builder_version=\u00bb4.16&#8243; _module_preset=\u00bbdefault\u00bb global_colors_info=\u00bb{}\u00bb][et_pb_text _builder_version=\u00bb4.22.1&#8243; text_font=\u00bb||||||||\u00bb text_text_color=\u00bb#73736E\u00bb text_font_size=\u00bb16px\u00bb link_font=\u00bb|600|||on||||\u00bb link_text_color=\u00bb#462d50&#8243; header_2_font=\u00bb|600|||||||\u00bb header_2_text_color=\u00bb#7dc3b9&#8243; header_2_font_size=\u00bb25px\u00bb header_2_letter_spacing=\u00bb1px\u00bb header_2_line_height=\u00bb1.6em\u00bb text_orientation=\u00bbcenter\u00bb global_colors_info=\u00bb{}\u00bb]Se organizar\u00e1n sesiones tem\u00e1ticas para mejorar los conocimientos de las organizaciones y promover los intercambios. Se tratar\u00e1n temas como la gobernanza inclusiva, los procedimientos financieros y de cumplimiento de Mission inclusion, as\u00ed como los enfoques feministas y la igualdad de g\u00e9nero.[\/et_pb_text][\/et_pb_column][\/et_pb_row][et_pb_row column_structure=\u00bb1_5,3_5,1_5&#8243; _builder_version=\u00bb4.16&#8243; _module_preset=\u00bbdefault\u00bb custom_padding=\u00bb57px||4px|||\u00bb global_colors_info=\u00bb{}\u00bb][et_pb_column type=\u00bb1_5&#8243; _builder_version=\u00bb4.16&#8243; _module_preset=\u00bbdefault\u00bb global_colors_info=\u00bb{}\u00bb][\/et_pb_column][et_pb_column type=\u00bb3_5&#8243; _builder_version=\u00bb4.16&#8243; _module_preset=\u00bbdefault\u00bb global_colors_info=\u00bb{}\u00bb][et_pb_divider color=\u00bb#CE0058&#8243; divider_weight=\u00bb4px\u00bb _builder_version=\u00bb4.21.2&#8243; _module_preset=\u00bbdefault\u00bb width=\u00bb93%\u00bb module_alignment=\u00bbcenter\u00bb custom_margin=\u00bb||-2px|||\u00bb locked=\u00bboff\u00bb global_colors_info=\u00bb{}\u00bb][\/et_pb_divider][\/et_pb_column][et_pb_column type=\u00bb1_5&#8243; _builder_version=\u00bb4.16&#8243; _module_preset=\u00bbdefault\u00bb global_colors_info=\u00bb{}\u00bb][\/et_pb_column][\/et_pb_row][\/et_pb_section][et_pb_section fb_built=\u00bb1&#8243; disabled_on=\u00bboff|on|on\u00bb admin_label=\u00bbD\u00c9ROULEMENT DU PROCESSUS MOBILE\u00bb _builder_version=\u00bb4.21.2&#8243; _module_preset=\u00bbdefault\u00bb custom_padding=\u00bb28px||15px|||\u00bb locked=\u00bboff\u00bb global_colors_info=\u00bb{}\u00bb][et_pb_row _builder_version=\u00bb4.16&#8243; _module_preset=\u00bbdefault\u00bb custom_padding=\u00bb6px|||||\u00bb global_colors_info=\u00bb{}\u00bb][et_pb_column type=\u00bb4_4&#8243; _builder_version=\u00bb4.16&#8243; _module_preset=\u00bbdefault\u00bb global_colors_info=\u00bb{}\u00bb][et_pb_text disabled_on=\u00bboff|off|off\u00bb admin_label=\u00bbD\u00c9ROULEMENT DU PROCESSUS MOBILE\u00bb _builder_version=\u00bb4.22.1&#8243; text_font=\u00bb||||||||\u00bb text_text_color=\u00bb#462d50&#8243; text_font_size=\u00bb16px\u00bb link_font=\u00bb|600|||on|||#462d50|\u00bb link_text_color=\u00bb#462d50&#8243; header_2_font=\u00bb||||||||\u00bb header_2_text_align=\u00bbcenter\u00bb header_2_text_color=\u00bb#CE0058&#8243; header_2_font_size=\u00bb28px\u00bb header_2_letter_spacing=\u00bb1px\u00bb header_3_font=\u00bb||||||||\u00bb header_3_text_align=\u00bbcenter\u00bb header_3_text_color=\u00bb#be0055&#8243; header_6_font=\u00bb|600|||||||\u00bb header_6_text_align=\u00bbcenter\u00bb header_6_text_color=\u00bb#FF325A\u00bb custom_margin=\u00bb||20px||false|false\u00bb custom_padding=\u00bb36px|||||\u00bb locked=\u00bboff\u00bb global_colors_info=\u00bb{}\u00bb]<\/p>\n<h2>DESARROLLO DEL PROCESO <\/h2>\n<p>[\/et_pb_text][et_pb_text _builder_version=\u00bb4.22.1&#8243; text_font=\u00bb||||||||\u00bb text_text_color=\u00bb#73736E\u00bb text_font_size=\u00bb16px\u00bb header_2_font=\u00bb|600|||||||\u00bb header_2_text_color=\u00bb#7dc3b9&#8243; header_2_font_size=\u00bb25px\u00bb header_2_letter_spacing=\u00bb1px\u00bb header_2_line_height=\u00bb1.6em\u00bb header_3_text_color=\u00bb#FF325A\u00bb header_3_font_size=\u00bb18px\u00bb text_orientation=\u00bbcenter\u00bb custom_margin=\u00bb3px|||||\u00bb global_colors_info=\u00bb{}\u00bb]<\/p>\n<h3>Tenga en cuenta que el proceso se desarrollar\u00e1 en cuatro (4) etapas: <\/h3>\n<p>[\/et_pb_text][\/et_pb_column][\/et_pb_row][et_pb_row _builder_version=\u00bb4.21.2&#8243; _module_preset=\u00bbdefault\u00bb custom_margin=\u00bb|auto|29px|auto||\u00bb global_colors_info=\u00bb{}\u00bb][et_pb_column type=\u00bb4_4&#8243; _builder_version=\u00bb4.16&#8243; _module_preset=\u00bbdefault\u00bb global_colors_info=\u00bb{}\u00bb][et_pb_image src=\u00bbhttps:\/\/missioninclusion.ca\/wp-content\/uploads\/2023\/09\/1-deroulement-Image_SoutienPartenaires.png\u00bb title_text=\u00bb1-deroulement-Image_SoutienPartenaires\u00bb align=\u00bbcenter\u00bb _builder_version=\u00bb4.22.1&#8243; _module_preset=\u00bbdefault\u00bb width=\u00bb15%\u00bb max_width=\u00bb15%\u00bb locked=\u00bboff\u00bb global_colors_info=\u00bb{}\u00bb][\/et_pb_image][et_pb_text admin_label=\u00bb\u00c9tape 1 : Lancement de l\u2019appel \u00e0 projets par Mission inclusion MOBILE\u00bb _builder_version=\u00bb4.22.1&#8243; text_font=\u00bb||||||||\u00bb text_text_color=\u00bb#462d50&#8243; text_font_size=\u00bb15px\u00bb header_2_font=\u00bb|600|||||||\u00bb header_2_text_align=\u00bbcenter\u00bb header_2_text_color=\u00bb#FF325A\u00bb header_2_font_size=\u00bb25px\u00bb header_2_letter_spacing=\u00bb1px\u00bb header_2_line_height=\u00bb1.6em\u00bb header_4_font=\u00bb|600|||||||\u00bb header_4_text_align=\u00bbcenter\u00bb header_4_text_color=\u00bb#CE0058&#8243; custom_margin=\u00bb-1px||-3px|||\u00bb global_colors_info=\u00bb{}\u00bb]<\/p>\n<h4>Fase 1: Lanzamiento de la convocatoria de proyectos por Mission inclusion<\/h4>\n<p>[\/et_pb_text][et_pb_text _builder_version=\u00bb4.22.1&#8243; text_font=\u00bb|600|||||||\u00bb text_text_color=\u00bb#73736E\u00bb text_font_size=\u00bb16px\u00bb link_font=\u00bb|600|||on||||\u00bb link_text_color=\u00bb#462d50&#8243; header_2_font=\u00bb|600|||||||\u00bb header_2_text_color=\u00bb#7dc3b9&#8243; header_2_font_size=\u00bb25px\u00bb header_2_letter_spacing=\u00bb1px\u00bb header_2_line_height=\u00bb1.6em\u00bb text_orientation=\u00bbcenter\u00bb global_colors_info=\u00bb{}\u00bb]El lanzamiento de la convocatoria de proyectos se anunciar\u00e1 en el sitio web de Mission inclusion y en sus plataformas de difusi\u00f3n. A continuaci\u00f3n, compartiremos este anuncio con otras organizaciones socias. [\/et_pb_text][et_pb_text _builder_version=\u00bb4.22.1&#8243; text_font=\u00bb|600|||||||\u00bb text_text_color=\u00bb#73736E\u00bb text_font_size=\u00bb16px\u00bb link_font=\u00bb|600|||on||||\u00bb link_text_color=\u00bb#462d50&#8243; header_2_font=\u00bb|600|||||||\u00bb header_2_text_color=\u00bb#7dc3b9&#8243; header_2_font_size=\u00bb25px\u00bb header_2_letter_spacing=\u00bb1px\u00bb header_2_line_height=\u00bb1.6em\u00bb text_orientation=\u00bbcenter\u00bb global_colors_info=\u00bb{}\u00bb]Tras el lanzamiento, organizaremos seminarios web para las organizaciones interesadas. Durante estas sesiones en l\u00ednea, explicaremos qu\u00e9 es Mission inclusion, los detalles de la convocatoria de proyectos y le mostraremos c\u00f3mo rellenar el formulario de nota conceptual. Tendr\u00e1 la oportunidad de plantear sus preguntas en directo y obtener respuestas inmediatas.[\/et_pb_text][et_pb_text _builder_version=\u00bb4.22.1&#8243; text_font=\u00bb|600|||||||\u00bb text_text_color=\u00bb#73736E\u00bb text_font_size=\u00bb16px\u00bb link_font=\u00bb|600|||on||||\u00bb link_text_color=\u00bb#CE0058&#8243; header_2_font=\u00bb|600|||||||\u00bb header_2_text_color=\u00bb#7dc3b9&#8243; header_2_font_size=\u00bb25px\u00bb header_2_letter_spacing=\u00bb1px\u00bb header_2_line_height=\u00bb1.6em\u00bb text_orientation=\u00bbcenter\u00bb global_colors_info=\u00bb{}\u00bb]Para saber cu\u00e1ndo tendr\u00e1n lugar los webinarios, consulte  <a href=\"#parametresProjetEs\">el calendario<\/a> de encuentros. Todas las comunicaciones con el equipo se realizar\u00e1n por correo electr\u00f3nico <a href=\"mailto:action@missioninclusion.ca\">action@missioninclusion.ca.<\/a>[\/et_pb_text][\/et_pb_column][\/et_pb_row][et_pb_row _builder_version=\u00bb4.21.2&#8243; _module_preset=\u00bbdefault\u00bb custom_padding=\u00bb||5px|||\u00bb global_colors_info=\u00bb{}\u00bb][et_pb_column type=\u00bb4_4&#8243; _builder_version=\u00bb4.16&#8243; _module_preset=\u00bbdefault\u00bb global_colors_info=\u00bb{}\u00bb][et_pb_image src=\u00bbhttps:\/\/missioninclusion.ca\/wp-content\/uploads\/2023\/09\/2-deroulement-Image_SoutienPartenaires.png\u00bb title_text=\u00bb2-deroulement-Image_SoutienPartenaires\u00bb align=\u00bbcenter\u00bb _builder_version=\u00bb4.22.1&#8243; _module_preset=\u00bbdefault\u00bb width=\u00bb15%\u00bb max_width=\u00bb15%\u00bb locked=\u00bboff\u00bb global_colors_info=\u00bb{}\u00bb][\/et_pb_image][et_pb_text admin_label=\u00bb\u00c9tape 2 : Note conceptuelle MOBILE\u00bb _builder_version=\u00bb4.22.1&#8243; text_font=\u00bb||||||||\u00bb text_text_color=\u00bb#462d50&#8243; text_font_size=\u00bb15px\u00bb header_2_font=\u00bb|600|||||||\u00bb header_2_text_align=\u00bbcenter\u00bb header_2_text_color=\u00bb#FF325A\u00bb header_2_font_size=\u00bb25px\u00bb header_2_letter_spacing=\u00bb1px\u00bb header_2_line_height=\u00bb1.6em\u00bb header_4_font=\u00bb|600|||||||\u00bb header_4_text_align=\u00bbcenter\u00bb header_4_text_color=\u00bb#CE0058&#8243; custom_margin=\u00bb-1px||-3px|||\u00bb global_colors_info=\u00bb{}\u00bb]<\/p>\n<h4>Fase 2: Nota conceptual <\/h4>\n<p>[\/et_pb_text][\/et_pb_column][\/et_pb_row][et_pb_row column_structure=\u00bb1_2,1_2&#8243; _builder_version=\u00bb4.16&#8243; _module_preset=\u00bbdefault\u00bb custom_padding=\u00bb3px|||||\u00bb global_colors_info=\u00bb{}\u00bb][et_pb_column type=\u00bb1_2&#8243; _builder_version=\u00bb4.16&#8243; _module_preset=\u00bbdefault\u00bb global_colors_info=\u00bb{}\u00bb][et_pb_text _builder_version=\u00bb4.22.1&#8243; text_font=\u00bb|600|||||||\u00bb text_text_color=\u00bb#FF325A\u00bb text_font_size=\u00bb16px\u00bb link_font=\u00bb|600|||on||||\u00bb link_text_color=\u00bb#462d50&#8243; header_2_font=\u00bb|600|||||||\u00bb header_2_text_color=\u00bb#7dc3b9&#8243; header_2_font_size=\u00bb25px\u00bb header_2_letter_spacing=\u00bb1px\u00bb header_2_line_height=\u00bb1.6em\u00bb custom_margin=\u00bb||16px|||\u00bb global_colors_info=\u00bb{}\u00bb]<\/p>\n<p>Las organizaciones interesadas deben seguir los siguientes pasos para presentar una solicitud:<\/p>\n<p>[\/et_pb_text][et_pb_text _builder_version=\u00bb4.22.1&#8243; text_font=\u00bb|600|||||||\u00bb text_text_color=\u00bb#73736E\u00bb text_font_size=\u00bb16px\u00bb link_font=\u00bb|600|||on|||#BE0055|\u00bb link_text_color=\u00bb#BE0055&#8243; header_2_font=\u00bb|600|||||||\u00bb header_2_text_color=\u00bb#462d50&#8243; header_2_font_size=\u00bb40px\u00bb header_2_letter_spacing=\u00bb1px\u00bb header_2_line_height=\u00bb1.6em\u00bb header_3_text_color=\u00bb#be0055&#8243; global_colors_info=\u00bb{}\u00bb]<strong><span style=\"color: #ff325a;\">1) <\/span><\/strong> <a href\"#parametresProjetEs\">Descargar<\/a> y completar una nota conceptual.<br \/>\n<strong><span style=\"color: #ff325a;\">2) <\/span><\/strong> Enviar la nota conceptual por <a href=\"mailto:action@missionincluison.ca\">correo electr\u00f3nico<\/a>, junto con los siguientes documentos:<br \/>\n\u2022 Documento con los estados financieros m\u00e1s recientes<br \/>\n\u2022 Reconocimiento legal o documento de registro (no caducado).[\/et_pb_text][\/et_pb_column][et_pb_column type=\u00bb1_2&#8243; _builder_version=\u00bb4.16&#8243; _module_preset=\u00bbdefault\u00bb global_colors_info=\u00bb{}\u00bb][et_pb_text _builder_version=\u00bb4.22.1&#8243; text_font=\u00bb|600|||||||\u00bb text_text_color=\u00bb#FF325A\u00bb text_font_size=\u00bb16px\u00bb link_font=\u00bb|600|||on||||\u00bb link_text_color=\u00bb#462d50&#8243; header_2_font=\u00bb|600|||||||\u00bb header_2_text_color=\u00bb#7dc3b9&#8243; header_2_font_size=\u00bb25px\u00bb header_2_letter_spacing=\u00bb1px\u00bb header_2_line_height=\u00bb1.6em\u00bb custom_margin=\u00bb||12px|||\u00bb global_colors_info=\u00bb{}\u00bb]Su solicitud se evaluar\u00e1 en dos fases:[\/et_pb_text][et_pb_text _builder_version=\u00bb4.22.1&#8243; text_font=\u00bb|600|||||||\u00bb text_text_color=\u00bb#73736E\u00bb text_font_size=\u00bb16px\u00bb link_font=\u00bb|600|||on|||#462d50|\u00bb link_text_color=\u00bb#462d50&#8243; header_2_font=\u00bb|600|||||||\u00bb header_2_text_color=\u00bb#462d50&#8243; header_2_font_size=\u00bb40px\u00bb header_2_letter_spacing=\u00bb1px\u00bb header_2_line_height=\u00bb1.6em\u00bb header_3_text_color=\u00bb#be0055&#8243; global_colors_info=\u00bb{}\u00bb]<strong><span style=\"color: #ff325a;\">1) <\/span><\/strong> Verificaci\u00f3n de los criterios de elegibilidad de la organizaci\u00f3n.<br \/>\n<strong><span style=\"color: #ff325a;\">2) <\/span><\/strong> Evaluaci\u00f3n de los criterios de admisibilidad de la nota conceptual.[\/et_pb_text][et_pb_text _builder_version=\u00bb4.22.1&#8243; text_font=\u00bb|600|||||||\u00bb text_text_color=\u00bb#73736E\u00bb text_font_size=\u00bb16px\u00bb link_font=\u00bb|600|||on|||#462d50|\u00bb link_text_color=\u00bb#462d50&#8243; header_2_font=\u00bb|600|||||||\u00bb header_2_text_color=\u00bb#462d50&#8243; header_2_font_size=\u00bb40px\u00bb header_2_letter_spacing=\u00bb1px\u00bb header_2_line_height=\u00bb1.6em\u00bb header_3_text_color=\u00bb#be0055&#8243; global_colors_info=\u00bb{}\u00bb]Todas las solicitudes ser\u00e1n examinadas por un comit\u00e9 de an\u00e1lisis compuesto por personal de Mission inclusion.[\/et_pb_text][\/et_pb_column][\/et_pb_row][et_pb_row _builder_version=\u00bb4.21.2&#8243; _module_preset=\u00bbdefault\u00bb custom_padding=\u00bb||5px|||\u00bb global_colors_info=\u00bb{}\u00bb][et_pb_column type=\u00bb4_4&#8243; _builder_version=\u00bb4.16&#8243; _module_preset=\u00bbdefault\u00bb global_colors_info=\u00bb{}\u00bb][et_pb_image src=\u00bbhttps:\/\/missioninclusion.ca\/wp-content\/uploads\/2023\/09\/3-deroulement-Image_SoutienPartenaires.png\u00bb title_text=\u00bb3-deroulement-Image_SoutienPartenaires\u00bb align=\u00bbcenter\u00bb _builder_version=\u00bb4.22.1&#8243; _module_preset=\u00bbdefault\u00bb width=\u00bb15%\u00bb max_width=\u00bb15%\u00bb locked=\u00bboff\u00bb global_colors_info=\u00bb{}\u00bb][\/et_pb_image][et_pb_text admin_label=\u00bb\u00c9tape 3 : Projet d\u00e9taill\u00e9 et diagnostic organisationnel\u00bb _builder_version=\u00bb4.22.1&#8243; text_font=\u00bb||||||||\u00bb text_text_color=\u00bb#462d50&#8243; text_font_size=\u00bb15px\u00bb header_2_font=\u00bb|600|||||||\u00bb header_2_text_align=\u00bbcenter\u00bb header_2_text_color=\u00bb#FF325A\u00bb header_2_font_size=\u00bb25px\u00bb header_2_letter_spacing=\u00bb1px\u00bb header_2_line_height=\u00bb1.6em\u00bb header_4_font=\u00bb|600|||||||\u00bb header_4_text_align=\u00bbcenter\u00bb header_4_text_color=\u00bb#CE0058&#8243; custom_margin=\u00bb-1px||-3px|||\u00bb global_colors_info=\u00bb{}\u00bb]<\/p>\n<h4>Etapa 3: Diagn\u00f3stico detallado del proyecto y de la organizaci\u00f3n <\/h4>\n<p>[\/et_pb_text][et_pb_text _builder_version=\u00bb4.22.1&#8243; text_font=\u00bb|600|||||||\u00bb text_text_color=\u00bb#73736E\u00bb text_font_size=\u00bb16px\u00bb link_font=\u00bb|600|||on||||\u00bb link_text_color=\u00bb#462d50&#8243; header_2_font=\u00bb|600|||||||\u00bb header_2_text_color=\u00bb#7dc3b9&#8243; header_2_font_size=\u00bb25px\u00bb header_2_letter_spacing=\u00bb1px\u00bb header_2_line_height=\u00bb1.6em\u00bb text_orientation=\u00bbcenter\u00bb global_colors_info=\u00bb{}\u00bb]Esta etapa constar\u00e1 de dos (2) fases paralelas:[\/et_pb_text][\/et_pb_column][\/et_pb_row][et_pb_row _builder_version=\u00bb4.21.2&#8243; _module_preset=\u00bbdefault\u00bb custom_margin=\u00bb|auto|29px|auto||\u00bb global_colors_info=\u00bb{}\u00bb][et_pb_column type=\u00bb4_4&#8243; _builder_version=\u00bb4.16&#8243; _module_preset=\u00bbdefault\u00bb global_colors_info=\u00bb{}\u00bb][et_pb_text _builder_version=\u00bb4.22.1&#8243; text_font=\u00bb|600|||||||\u00bb text_text_color=\u00bb#73736E\u00bb text_font_size=\u00bb16px\u00bb link_font=\u00bb|600|||on||||\u00bb link_text_color=\u00bb#462d50&#8243; header_2_font=\u00bb|600|||||||\u00bb header_2_text_color=\u00bb#7dc3b9&#8243; header_2_font_size=\u00bb25px\u00bb header_2_letter_spacing=\u00bb1px\u00bb header_2_line_height=\u00bb1.6em\u00bb text_orientation=\u00bbcenter\u00bb global_colors_info=\u00bb{}\u00bb]<span style=\"font-size: large; color: #ff325a;\"><strong>Fase 1 \u2013 Proyecto detallado: <\/strong><\/span>Se pedir\u00e1 a las organizaciones preseleccionadas que presenten un proyecto m\u00e1s detallado basado en la nota conceptual inicial. Este proyecto detallado incluir\u00e1 un formulario de proyecto completo y un presupuesto.[\/et_pb_text][et_pb_text _builder_version=\u00bb4.22.1&#8243; text_font=\u00bb|600|||||||\u00bb text_text_color=\u00bb#73736E\u00bb text_font_size=\u00bb16px\u00bb link_font=\u00bb|600|||on||||\u00bb link_text_color=\u00bb#462d50&#8243; header_2_font=\u00bb|600|||||||\u00bb header_2_text_color=\u00bb#7dc3b9&#8243; header_2_font_size=\u00bb25px\u00bb header_2_letter_spacing=\u00bb1px\u00bb header_2_line_height=\u00bb1.6em\u00bb text_orientation=\u00bbcenter\u00bb global_colors_info=\u00bb{}\u00bb]<span style=\"font-size: large; color: #ff325a;\"><strong>Fase 2 \u2013 Diagn\u00f3stico organizacional:<\/strong><\/span> Al mismo tiempo, tendr\u00e1n lugar conversaciones entre las organizaciones preseleccionadas y Mission inclusion para comprender mejor sus necesidades. Tenga en cuenta que esta fase a\u00fan no confirma la selecci\u00f3n del proyecto, sino que inicia un di\u00e1logo destinado a comprender el contexto de la organizaci\u00f3n.[\/et_pb_text][et_pb_text _builder_version=\u00bb4.22.1&#8243; text_font=\u00bb|600|||||||\u00bb text_text_color=\u00bb#FF325A\u00bb text_font_size=\u00bb16px\u00bb link_font=\u00bb|600|||on||||\u00bb link_text_color=\u00bb#462d50&#8243; header_2_font=\u00bb|600|||||||\u00bb header_2_text_color=\u00bb#7dc3b9&#8243; header_2_font_size=\u00bb25px\u00bb header_2_letter_spacing=\u00bb1px\u00bb header_2_line_height=\u00bb1.6em\u00bb text_orientation=\u00bbcenter\u00bb global_colors_info=\u00bb{}\u00bb]Con un enfoque inclusivo, un comit\u00e9 de voluntarios representantes de los grupos objetivo evaluar\u00e1 la coherencia y pertinencia de los proyectos en relaci\u00f3n con los resultados esperados y los pa\u00edses en cuesti\u00f3n. A continuaci\u00f3n, se contactar\u00e1 individualmente con todas las organizaciones implicadas para notificarles las decisiones, ya sean positivas o negativas.[\/et_pb_text][\/et_pb_column][\/et_pb_row][et_pb_row _builder_version=\u00bb4.21.2&#8243; _module_preset=\u00bbdefault\u00bb custom_padding=\u00bb||5px|||\u00bb global_colors_info=\u00bb{}\u00bb][et_pb_column type=\u00bb4_4&#8243; _builder_version=\u00bb4.16&#8243; _module_preset=\u00bbdefault\u00bb global_colors_info=\u00bb{}\u00bb][et_pb_image src=\u00bbhttps:\/\/missioninclusion.ca\/wp-content\/uploads\/2023\/09\/4-deroulement-Image_SoutienPartenaires.png\u00bb title_text=\u00bb4-deroulement-Image_SoutienPartenaires\u00bb align=\u00bbcenter\u00bb _builder_version=\u00bb4.22.1&#8243; _module_preset=\u00bbdefault\u00bb width=\u00bb15%\u00bb max_width=\u00bb15%\u00bb locked=\u00bboff\u00bb global_colors_info=\u00bb{}\u00bb][\/et_pb_image][et_pb_text admin_label=\u00bb\u00c9tape 4 : N\u00e9gociation et signature d\u2019entente MOBILE\u00bb _builder_version=\u00bb4.22.1&#8243; text_font=\u00bb||||||||\u00bb text_text_color=\u00bb#462d50&#8243; text_font_size=\u00bb15px\u00bb header_2_font=\u00bb|600|||||||\u00bb header_2_text_align=\u00bbcenter\u00bb header_2_text_color=\u00bb#FF325A\u00bb header_2_font_size=\u00bb25px\u00bb header_2_letter_spacing=\u00bb1px\u00bb header_2_line_height=\u00bb1.6em\u00bb header_4_font=\u00bb|600|||||||\u00bb header_4_text_align=\u00bbcenter\u00bb header_4_text_color=\u00bb#CE0058&#8243; custom_margin=\u00bb-1px||-3px|||\u00bb global_colors_info=\u00bb{}\u00bb]<\/p>\n<h4>Fase 4: Negociaci\u00f3n y firma del acuerdo <\/h4>\n<p>[\/et_pb_text][\/et_pb_column][\/et_pb_row][et_pb_row column_structure=\u00bb1_2,1_2&#8243; _builder_version=\u00bb4.16&#8243; _module_preset=\u00bbdefault\u00bb custom_padding=\u00bb3px|||||\u00bb global_colors_info=\u00bb{}\u00bb][et_pb_column type=\u00bb1_2&#8243; _builder_version=\u00bb4.16&#8243; _module_preset=\u00bbdefault\u00bb global_colors_info=\u00bb{}\u00bb][et_pb_text _builder_version=\u00bb4.22.1&#8243; text_font=\u00bb|600|||||||\u00bb text_text_color=\u00bb#73736E\u00bb text_font_size=\u00bb16px\u00bb link_font=\u00bb|600|||on||||\u00bb link_text_color=\u00bb#462d50&#8243; header_2_font=\u00bb|600|||||||\u00bb header_2_text_color=\u00bb#7dc3b9&#8243; header_2_font_size=\u00bb25px\u00bb header_2_letter_spacing=\u00bb1px\u00bb header_2_line_height=\u00bb1.6em\u00bb text_orientation=\u00bbcenter\u00bb global_colors_info=\u00bb{}\u00bb]Se invitar\u00e1 a las organizaciones seleccionadas a pasar a la fase de negociaci\u00f3n y firma, en la que se requerir\u00e1n datos y documentos como el n\u00famero de identificaci\u00f3n fiscal, los datos bancarios y los documentos de identidad de los firmantes del contrato.[\/et_pb_text][\/et_pb_column][et_pb_column type=\u00bb1_2&#8243; _builder_version=\u00bb4.16&#8243; _module_preset=\u00bbdefault\u00bb global_colors_info=\u00bb{}\u00bb][et_pb_text _builder_version=\u00bb4.22.1&#8243; text_font=\u00bb|600|||||||\u00bb text_text_color=\u00bb#73736E\u00bb text_font_size=\u00bb16px\u00bb link_font=\u00bb|600|||on||||\u00bb link_text_color=\u00bb#462d50&#8243; header_2_font=\u00bb|600|||||||\u00bb header_2_text_color=\u00bb#7dc3b9&#8243; header_2_font_size=\u00bb25px\u00bb header_2_letter_spacing=\u00bb1px\u00bb header_2_line_height=\u00bb1.6em\u00bb text_orientation=\u00bbcenter\u00bb global_colors_info=\u00bb{}\u00bb]Se organizar\u00e1n sesiones tem\u00e1ticas para mejorar los conocimientos de las organizaciones y promover los intercambios. Se tratar\u00e1n temas como la gobernanza inclusiva, los procedimientos financieros y de cumplimiento de Mission inclusion, as\u00ed como los enfoques feministas y la igualdad de g\u00e9nero.[\/et_pb_text][\/et_pb_column][\/et_pb_row][et_pb_row _builder_version=\u00bb4.16&#8243; _module_preset=\u00bbdefault\u00bb custom_padding=\u00bb14px||4px|||\u00bb global_colors_info=\u00bb{}\u00bb][et_pb_column type=\u00bb4_4&#8243; _builder_version=\u00bb4.16&#8243; _module_preset=\u00bbdefault\u00bb global_colors_info=\u00bb{}\u00bb][et_pb_divider color=\u00bb#CE0058&#8243; divider_weight=\u00bb4px\u00bb _builder_version=\u00bb4.21.2&#8243; _module_preset=\u00bbdefault\u00bb width=\u00bb93%\u00bb module_alignment=\u00bbcenter\u00bb custom_margin=\u00bb||-2px|||\u00bb locked=\u00bboff\u00bb global_colors_info=\u00bb{}\u00bb][\/et_pb_divider][\/et_pb_column][\/et_pb_row][\/et_pb_section][et_pb_section fb_built=\u00bb1&#8243; disabled_on=\u00bboff|off|off\u00bb admin_label=\u00bbADMISSIBILIT\u00c9 DES DEMANDES\u00bb _builder_version=\u00bb4.21.2&#8243; _module_preset=\u00bbdefault\u00bb custom_padding=\u00bb0px||15px|||\u00bb locked=\u00bboff\u00bb global_colors_info=\u00bb{}\u00bb][et_pb_row _builder_version=\u00bb4.16&#8243; _module_preset=\u00bbdefault\u00bb custom_padding=\u00bb3px|||||\u00bb global_colors_info=\u00bb{}\u00bb][et_pb_column type=\u00bb4_4&#8243; _builder_version=\u00bb4.16&#8243; _module_preset=\u00bbdefault\u00bb global_colors_info=\u00bb{}\u00bb][et_pb_text admin_label=\u00bbADMISSIBILIT\u00c9 DES DEMANDES\u00bb _builder_version=\u00bb4.22.1&#8243; text_font=\u00bb||||||||\u00bb text_text_color=\u00bb#462d50&#8243; text_font_size=\u00bb16px\u00bb link_font=\u00bb|600|||on|||#462d50|\u00bb link_text_color=\u00bb#462d50&#8243; header_2_font=\u00bb||||||||\u00bb header_2_text_align=\u00bbcenter\u00bb header_2_text_color=\u00bb#CE0058&#8243; header_2_font_size=\u00bb28px\u00bb header_2_letter_spacing=\u00bb1px\u00bb header_3_font=\u00bb||||||||\u00bb header_3_text_align=\u00bbcenter\u00bb header_3_text_color=\u00bb#be0055&#8243; header_6_font=\u00bb|600|||||||\u00bb header_6_text_align=\u00bbcenter\u00bb header_6_text_color=\u00bb#FF325A\u00bb custom_margin=\u00bb||20px||false|false\u00bb custom_padding=\u00bb39px|||||\u00bb locked=\u00bboff\u00bb global_colors_info=\u00bb{}\u00bb]<\/p>\n<h2>ADMISIBILIDAD DE LAS SOLICITUDES <\/h2>\n<p>[\/et_pb_text][et_pb_text _builder_version=\u00bb4.22.1&#8243; text_font=\u00bb||||||||\u00bb text_text_color=\u00bb#CE0058&#8243; text_font_size=\u00bb16px\u00bb header_2_font=\u00bb|600|||||||\u00bb header_2_text_color=\u00bb#7dc3b9&#8243; header_2_font_size=\u00bb25px\u00bb header_2_letter_spacing=\u00bb1px\u00bb header_2_line_height=\u00bb1.6em\u00bb header_3_text_color=\u00bb#FF325A\u00bb header_3_font_size=\u00bb19px\u00bb text_orientation=\u00bbcenter\u00bb custom_margin=\u00bb3px|||||\u00bb global_colors_info=\u00bb{}\u00bb]Para evaluar su admisibilidad, le rogamos que cumpla estrictamente los siguientes requisitos y aporte todos los documentos justificativos requeridos. <strong>No se har\u00e1n comentarios espec\u00edficos sobre la organizaci\u00f3n solicitante.<br \/>\n<\/strong>[\/et_pb_text][\/et_pb_column][\/et_pb_row][et_pb_row column_structure=\u00bb1_2,1_2&#8243; _builder_version=\u00bb4.21.2&#8243; _module_preset=\u00bbdefault\u00bb global_colors_info=\u00bb{}\u00bb][et_pb_column type=\u00bb1_2&#8243; _builder_version=\u00bb4.21.2&#8243; _module_preset=\u00bbdefault\u00bb background_color=\u00bbrgba(115,115,110,0.09)\u00bb global_colors_info=\u00bb{}\u00bb][et_pb_text admin_label=\u00bbAdmissibilit\u00e9 de l\u2019organisation\u00bb _builder_version=\u00bb4.22.1&#8243; text_font=\u00bb||||||||\u00bb text_text_color=\u00bb#462d50&#8243; text_font_size=\u00bb15px\u00bb header_2_font=\u00bb|600|||||||\u00bb header_2_text_align=\u00bbcenter\u00bb header_2_text_color=\u00bb#FF325A\u00bb header_2_font_size=\u00bb25px\u00bb header_2_letter_spacing=\u00bb1px\u00bb header_2_line_height=\u00bb1.6em\u00bb header_3_font=\u00bb|600|||||||\u00bb header_3_text_align=\u00bbcenter\u00bb header_3_text_color=\u00bb#FF325A\u00bb custom_margin=\u00bb20px||-3px||false|false\u00bb global_colors_info=\u00bb{}\u00bb]<\/p>\n<h3>Elegibilidad de la organizaci\u00f3n  <\/h3>\n<p>&nbsp;[\/et_pb_text][et_pb_text _builder_version=\u00bb4.22.1&#8243; text_font=\u00bb||||||||\u00bb text_text_color=\u00bb#73736E\u00bb text_font_size=\u00bb16px\u00bb link_font=\u00bb|600|||on|||#462d50|\u00bb link_text_color=\u00bb#462d50&#8243; header_2_font=\u00bb|600|||||||\u00bb header_2_text_color=\u00bb#462d50&#8243; header_2_font_size=\u00bb40px\u00bb header_2_letter_spacing=\u00bb1px\u00bb header_2_line_height=\u00bb1.6em\u00bb header_3_text_color=\u00bb#be0055&#8243; custom_margin=\u00bb|30px|20px|30px|false|false\u00bb locked=\u00bboff\u00bb global_colors_info=\u00bb{}\u00bb]\u2022 Ser una organizaci\u00f3n elegible sin fines de lucro (organizaci\u00f3n de la sociedad civil, organizaci\u00f3n de defensa de derechos). Las organizaciones religiosas, pol\u00edticas y estatales no son elegibles;[\/et_pb_text][et_pb_text _builder_version=\u00bb4.22.1&#8243; text_font=\u00bb||||||||\u00bb text_text_color=\u00bb#73736E\u00bb text_font_size=\u00bb16px\u00bb link_font=\u00bb|600|||on|||#462d50|\u00bb link_text_color=\u00bb#462d50&#8243; header_2_font=\u00bb|600|||||||\u00bb header_2_text_color=\u00bb#462d50&#8243; header_2_font_size=\u00bb40px\u00bb header_2_letter_spacing=\u00bb1px\u00bb header_2_line_height=\u00bb1.6em\u00bb header_3_text_color=\u00bb#be0055&#8243; custom_margin=\u00bb|30px|20px|30px|false|false\u00bb locked=\u00bboff\u00bb global_colors_info=\u00bb{}\u00bb]\u2022 Estar establecido en un pa\u00eds elegible para la convocatoria;[\/et_pb_text][et_pb_text _builder_version=\u00bb4.22.1&#8243; text_font=\u00bb||||||||\u00bb text_text_color=\u00bb#73736E\u00bb text_font_size=\u00bb16px\u00bb link_font=\u00bb|600|||on|||#462d50|\u00bb link_text_color=\u00bb#462d50&#8243; header_2_font=\u00bb|600|||||||\u00bb header_2_text_color=\u00bb#462d50&#8243; header_2_font_size=\u00bb40px\u00bb header_2_letter_spacing=\u00bb1px\u00bb header_2_line_height=\u00bb1.6em\u00bb header_3_text_color=\u00bb#be0055&#8243; custom_margin=\u00bb|30px|20px|30px|false|false\u00bb locked=\u00bboff\u00bb global_colors_info=\u00bb{}\u00bb]\u2022 Ser una organizaci\u00f3n legalmente registrada (con pruebas v\u00e1lidas);[\/et_pb_text][et_pb_text _builder_version=\u00bb4.22.1&#8243; text_font=\u00bb||||||||\u00bb text_text_color=\u00bb#73736E\u00bb text_font_size=\u00bb16px\u00bb link_font=\u00bb|600|||on|||#462d50|\u00bb link_text_color=\u00bb#462d50&#8243; header_2_font=\u00bb|600|||||||\u00bb header_2_text_color=\u00bb#462d50&#8243; header_2_font_size=\u00bb40px\u00bb header_2_letter_spacing=\u00bb1px\u00bb header_2_line_height=\u00bb1.6em\u00bb header_3_text_color=\u00bb#be0055&#8243; custom_margin=\u00bb|30px|20px|30px|false|false\u00bb locked=\u00bboff\u00bb global_colors_info=\u00bb{}\u00bb]\u2022 Tener al menos dos (2) a\u00f1os de existencia y experiencia en el pa\u00eds objeto de la convocatoria de propuestas;[\/et_pb_text][et_pb_text _builder_version=\u00bb4.22.1&#8243; text_font=\u00bb||||||||\u00bb text_text_color=\u00bb#73736E\u00bb text_font_size=\u00bb16px\u00bb link_font=\u00bb|600|||on|||#462d50|\u00bb link_text_color=\u00bb#462d50&#8243; header_2_font=\u00bb|600|||||||\u00bb header_2_text_color=\u00bb#462d50&#8243; header_2_font_size=\u00bb40px\u00bb header_2_letter_spacing=\u00bb1px\u00bb header_2_line_height=\u00bb1.6em\u00bb header_3_text_color=\u00bb#be0055&#8243; custom_margin=\u00bb|30px|20px|30px|false|false\u00bb locked=\u00bboff\u00bb global_colors_info=\u00bb{}\u00bb]\u2022 Ser una organizaci\u00f3n que trabaje con y por las personas de los grupos marginalizados antes mencionados;[\/et_pb_text][et_pb_text _builder_version=\u00bb4.22.1&#8243; text_font=\u00bb||||||||\u00bb text_text_color=\u00bb#73736E\u00bb text_font_size=\u00bb16px\u00bb link_font=\u00bb|600|||on|||#462d50|\u00bb link_text_color=\u00bb#462d50&#8243; header_2_font=\u00bb|600|||||||\u00bb header_2_text_color=\u00bb#462d50&#8243; header_2_font_size=\u00bb40px\u00bb header_2_letter_spacing=\u00bb1px\u00bb header_2_line_height=\u00bb1.6em\u00bb header_3_text_color=\u00bb#be0055&#8243; custom_margin=\u00bb|30px|45px|30px|false|false\u00bb locked=\u00bboff\u00bb global_colors_info=\u00bb{}\u00bb]\u2022 Presentar una solicitud completa: nota conceptual + documentos solicitados.[\/et_pb_text][\/et_pb_column][et_pb_column type=\u00bb1_2&#8243; _builder_version=\u00bb4.21.2&#8243; _module_preset=\u00bbdefault\u00bb background_color=\u00bbrgba(115,115,110,0.09)\u00bb global_colors_info=\u00bb{}\u00bb][et_pb_text admin_label=\u00bbAdmissibilit\u00e9 des notes conceptuelles\u00bb _builder_version=\u00bb4.22.1&#8243; text_font=\u00bb||||||||\u00bb text_text_color=\u00bb#462d50&#8243; text_font_size=\u00bb15px\u00bb header_2_font=\u00bb|600|||||||\u00bb header_2_text_align=\u00bbcenter\u00bb header_2_text_color=\u00bb#FF325A\u00bb header_2_font_size=\u00bb25px\u00bb header_2_letter_spacing=\u00bb1px\u00bb header_2_line_height=\u00bb1.6em\u00bb header_3_font=\u00bb|600|||||||\u00bb header_3_text_align=\u00bbcenter\u00bb header_3_text_color=\u00bb#FF325A\u00bb custom_margin=\u00bb20px||-3px||false|false\u00bb global_colors_info=\u00bb{}\u00bb]<\/p>\n<h3>Admisibilidad de las notas conceptuales <\/h3>\n<p>&nbsp;[\/et_pb_text][et_pb_text _builder_version=\u00bb4.22.1&#8243; text_font=\u00bb||||||||\u00bb text_text_color=\u00bb#73736E\u00bb text_font_size=\u00bb16px\u00bb link_font=\u00bb|600|||on|||#462d50|\u00bb link_text_color=\u00bb#462d50&#8243; header_2_font=\u00bb|600|||||||\u00bb header_2_text_color=\u00bb#462d50&#8243; header_2_font_size=\u00bb40px\u00bb header_2_letter_spacing=\u00bb1px\u00bb header_2_line_height=\u00bb1.6em\u00bb header_3_text_color=\u00bb#be0055&#8243; custom_margin=\u00bb|30px||30px|false|false\u00bb locked=\u00bboff\u00bb global_colors_info=\u00bb{}\u00bb]\u2022 Deben contribuir al objetivo del fondo y estar relacionados con al menos uno de los \u00e1mbitos objeto de la convocatoria de propuestas;[\/et_pb_text][et_pb_text _builder_version=\u00bb4.22.1&#8243; text_font=\u00bb||||||||\u00bb text_text_color=\u00bb#73736E\u00bb text_font_size=\u00bb16px\u00bb link_font=\u00bb|600|||on|||#462d50|\u00bb link_text_color=\u00bb#462d50&#8243; header_2_font=\u00bb|600|||||||\u00bb header_2_text_color=\u00bb#462d50&#8243; header_2_font_size=\u00bb40px\u00bb header_2_letter_spacing=\u00bb1px\u00bb header_2_line_height=\u00bb1.6em\u00bb header_3_text_color=\u00bb#be0055&#8243; custom_margin=\u00bb|30px||30px|false|false\u00bb locked=\u00bboff\u00bb global_colors_info=\u00bb{}\u00bb]\u2022 Debe prepararse de acuerdo con el formulario de nota conceptual disponible en el sitio web de Mission inclusion;[\/et_pb_text][et_pb_text _builder_version=\u00bb4.22.1&#8243; text_font=\u00bb||||||||\u00bb text_text_color=\u00bb#73736E\u00bb text_font_size=\u00bb16px\u00bb link_font=\u00bb|600|||on|||#462d50|\u00bb link_text_color=\u00bb#462d50&#8243; header_2_font=\u00bb|600|||||||\u00bb header_2_text_color=\u00bb#462d50&#8243; header_2_font_size=\u00bb40px\u00bb header_2_letter_spacing=\u00bb1px\u00bb header_2_line_height=\u00bb1.6em\u00bb header_3_text_color=\u00bb#be0055&#8243; custom_margin=\u00bb|30px||30px|false|false\u00bb locked=\u00bboff\u00bb global_colors_info=\u00bb{}\u00bb]\u2022 Debe ser enviadas en el plazo establecido;[\/et_pb_text][et_pb_text _builder_version=\u00bb4.22.1&#8243; text_font=\u00bb||||||||\u00bb text_text_color=\u00bb#73736E\u00bb text_font_size=\u00bb16px\u00bb link_font=\u00bb|600|||on|||#462d50|\u00bb link_text_color=\u00bb#462d50&#8243; header_2_font=\u00bb|600|||||||\u00bb header_2_text_color=\u00bb#462d50&#8243; header_2_font_size=\u00bb40px\u00bb header_2_letter_spacing=\u00bb1px\u00bb header_2_line_height=\u00bb1.6em\u00bb header_3_text_color=\u00bb#be0055&#8243; custom_margin=\u00bb|30px||30px|false|false\u00bb locked=\u00bboff\u00bb global_colors_info=\u00bb{}\u00bb]\u2022 Debe tener una duraci\u00f3n de 36 meses;[\/et_pb_text][et_pb_text _builder_version=\u00bb4.22.1&#8243; text_font=\u00bb||||||||\u00bb text_text_color=\u00bb#73736E\u00bb text_font_size=\u00bb16px\u00bb link_font=\u00bb|600|||on|||#462d50|\u00bb link_text_color=\u00bb#462d50&#8243; header_2_font=\u00bb|600|||||||\u00bb header_2_text_color=\u00bb#462d50&#8243; header_2_font_size=\u00bb40px\u00bb header_2_letter_spacing=\u00bb1px\u00bb header_2_line_height=\u00bb1.6em\u00bb header_3_text_color=\u00bb#be0055&#8243; custom_margin=\u00bb|30px||30px|false|false\u00bb locked=\u00bboff\u00bb global_colors_info=\u00bb{}\u00bb]\u2022 Debe tener un presupuesto de entre 150.000 y 300.000 d\u00f3lares canadienses;[\/et_pb_text][et_pb_text _builder_version=\u00bb4.22.1&#8243; text_font=\u00bb||||||||\u00bb text_text_color=\u00bb#73736E\u00bb text_font_size=\u00bb16px\u00bb link_font=\u00bb|600|||on|||#462d50|\u00bb link_text_color=\u00bb#462d50&#8243; header_2_font=\u00bb|600|||||||\u00bb header_2_text_color=\u00bb#462d50&#8243; header_2_font_size=\u00bb40px\u00bb header_2_letter_spacing=\u00bb1px\u00bb header_2_line_height=\u00bb1.6em\u00bb header_3_text_color=\u00bb#be0055&#8243; custom_margin=\u00bb|30px|45px|30px|false|false\u00bb locked=\u00bboff\u00bb global_colors_info=\u00bb{}\u00bb]<\/p>\n<p>\u2022 No deben incluir ni dirigirse a actividades no subvencionables.<\/p>\n<p>[\/et_pb_text][\/et_pb_column][\/et_pb_row][et_pb_row column_structure=\u00bb1_2,1_2&#8243; _builder_version=\u00bb4.21.2&#8243; _module_preset=\u00bbdefault\u00bb custom_margin=\u00bb21px|auto||auto||\u00bb custom_padding=\u00bb3px|||||\u00bb global_colors_info=\u00bb{}\u00bb][et_pb_column type=\u00bb1_2&#8243; _builder_version=\u00bb4.21.2&#8243; _module_preset=\u00bbdefault\u00bb background_color=\u00bbrgba(115,115,110,0.09)\u00bb global_colors_info=\u00bb{}\u00bb][et_pb_image src=\u00bbhttps:\/\/missioninclusion.ca\/wp-content\/uploads\/2023\/09\/Image_SoutienPartenaires_4.jpg\u00bb title_text=\u00bbImage_SoutienPartenaires_4&#8243; _builder_version=\u00bb4.22.1&#8243; _module_preset=\u00bbdefault\u00bb global_colors_info=\u00bb{}\u00bb][\/et_pb_image][et_pb_image src=\u00bbhttps:\/\/missioninclusion.ca\/wp-content\/uploads\/2023\/09\/icon-soutien-international-activites-non-admissibles.png\u00bb title_text=\u00bbicon soutien international-activites non admissibles\u00bb align=\u00bbcenter\u00bb _builder_version=\u00bb4.22.1&#8243; _module_preset=\u00bbdefault\u00bb width=\u00bb18%\u00bb max_width=\u00bb30%\u00bb module_alignment=\u00bbcenter\u00bb locked=\u00bboff\u00bb global_colors_info=\u00bb{}\u00bb][\/et_pb_image][et_pb_text admin_label=\u00bbActivit\u00e9s non admissibles :\u00bb _builder_version=\u00bb4.22.1&#8243; text_font=\u00bb||||||||\u00bb text_text_color=\u00bb#462d50&#8243; text_font_size=\u00bb15px\u00bb header_2_font=\u00bb|600|||||||\u00bb header_2_text_align=\u00bbcenter\u00bb header_2_text_color=\u00bb#FF325A\u00bb header_2_font_size=\u00bb25px\u00bb header_2_letter_spacing=\u00bb1px\u00bb header_2_line_height=\u00bb1.6em\u00bb header_3_font=\u00bb|600|||||||\u00bb header_3_text_align=\u00bbcenter\u00bb header_3_text_color=\u00bb#FF325A\u00bb custom_margin=\u00bb||||false|false\u00bb global_colors_info=\u00bb{}\u00bb]<\/p>\n<h3>Actividades no subvencionables<\/h3>\n<p>[\/et_pb_text][et_pb_text _builder_version=\u00bb4.22.1&#8243; text_font=\u00bb||||||||\u00bb text_text_color=\u00bb#73736E\u00bb text_font_size=\u00bb16px\u00bb link_font=\u00bb|600|||on|||#462d50|\u00bb link_text_color=\u00bb#462d50&#8243; header_2_font=\u00bb|600|||||||\u00bb header_2_text_color=\u00bb#462d50&#8243; header_2_font_size=\u00bb40px\u00bb header_2_letter_spacing=\u00bb1px\u00bb header_2_line_height=\u00bb1.6em\u00bb header_3_text_color=\u00bb#be0055&#8243; custom_margin=\u00bb|30px||30px|false|false\u00bb global_colors_info=\u00bb{}\u00bb]\u2022 Financiaci\u00f3n de becas individuales de estudio y becas de formaci\u00f3n acad\u00e9mica;[\/et_pb_text][et_pb_text _builder_version=\u00bb4.22.1&#8243; text_font=\u00bb||||||||\u00bb text_text_color=\u00bb#73736E\u00bb text_font_size=\u00bb16px\u00bb link_font=\u00bb|600|||on|||#462d50|\u00bb link_text_color=\u00bb#462d50&#8243; header_2_font=\u00bb|600|||||||\u00bb header_2_text_color=\u00bb#462d50&#8243; header_2_font_size=\u00bb40px\u00bb header_2_letter_spacing=\u00bb1px\u00bb header_2_line_height=\u00bb1.6em\u00bb header_3_text_color=\u00bb#be0055&#8243; custom_margin=\u00bb|30px||30px|false|false\u00bb global_colors_info=\u00bb{}\u00bb]\u2022 Financiaci\u00f3n de la construcci\u00f3n y la compra de terrenos o edificios;[\/et_pb_text][et_pb_text _builder_version=\u00bb4.22.1&#8243; text_font=\u00bb||||||||\u00bb text_text_color=\u00bb#73736E\u00bb text_font_size=\u00bb16px\u00bb link_font=\u00bb|600|||on|||#462d50|\u00bb link_text_color=\u00bb#462d50&#8243; header_2_font=\u00bb|600|||||||\u00bb header_2_text_color=\u00bb#462d50&#8243; header_2_font_size=\u00bb40px\u00bb header_2_letter_spacing=\u00bb1px\u00bb header_2_line_height=\u00bb1.6em\u00bb header_3_text_color=\u00bb#be0055&#8243; custom_margin=\u00bb|30px||30px|false|false\u00bb global_colors_info=\u00bb{}\u00bb]\u2022 Financiaci\u00f3n de partidos pol\u00edticos y grupos religiosos;[\/et_pb_text][et_pb_text _builder_version=\u00bb4.22.1&#8243; text_font=\u00bb||||||||\u00bb text_text_color=\u00bb#73736E\u00bb text_font_size=\u00bb16px\u00bb link_font=\u00bb|600|||on|||#462d50|\u00bb link_text_color=\u00bb#462d50&#8243; header_2_font=\u00bb|600|||||||\u00bb header_2_text_color=\u00bb#462d50&#8243; header_2_font_size=\u00bb40px\u00bb header_2_letter_spacing=\u00bb1px\u00bb header_2_line_height=\u00bb1.6em\u00bb header_3_text_color=\u00bb#be0055&#8243; custom_margin=\u00bb|30px||30px|false|false\u00bb global_colors_info=\u00bb{}\u00bb]\u2022 Proyectos que impliquen actividades proselitistas, religiosas o partidistas;[\/et_pb_text][et_pb_text _builder_version=\u00bb4.22.1&#8243; text_font=\u00bb||||||||\u00bb text_text_color=\u00bb#73736E\u00bb text_font_size=\u00bb16px\u00bb link_font=\u00bb|600|||on|||#462d50|\u00bb link_text_color=\u00bb#462d50&#8243; header_2_font=\u00bb|600|||||||\u00bb header_2_text_color=\u00bb#462d50&#8243; header_2_font_size=\u00bb40px\u00bb header_2_letter_spacing=\u00bb1px\u00bb header_2_line_height=\u00bb1.6em\u00bb header_3_text_color=\u00bb#be0055&#8243; custom_margin=\u00bb|30px|20px|30px|false|false\u00bb global_colors_info=\u00bb{}\u00bb]<\/p>\n<p>\u2022 Proyectos que incluyen actividades de microcr\u00e9dito;<\/p>\n<p>[\/et_pb_text][et_pb_text _builder_version=\u00bb4.22.1&#8243; text_font=\u00bb||||||||\u00bb text_text_color=\u00bb#73736E\u00bb text_font_size=\u00bb16px\u00bb link_font=\u00bb|600|||on|||#462d50|\u00bb link_text_color=\u00bb#462d50&#8243; header_2_font=\u00bb|600|||||||\u00bb header_2_text_color=\u00bb#462d50&#8243; header_2_font_size=\u00bb40px\u00bb header_2_letter_spacing=\u00bb1px\u00bb header_2_line_height=\u00bb1.6em\u00bb header_3_text_color=\u00bb#be0055&#8243; custom_margin=\u00bb|30px|20px|30px|false|false\u00bb global_colors_info=\u00bb{}\u00bb]\u2022 Financiaci\u00f3n de armas y actividades que fomenten la violencia, el terrorismo y la guerra;[\/et_pb_text][et_pb_text _builder_version=\u00bb4.22.1&#8243; text_font=\u00bb||||||||\u00bb text_text_color=\u00bb#73736E\u00bb text_font_size=\u00bb16px\u00bb link_font=\u00bb|600|||on|||#462d50|\u00bb link_text_color=\u00bb#462d50&#8243; header_2_font=\u00bb|600|||||||\u00bb header_2_text_color=\u00bb#462d50&#8243; header_2_font_size=\u00bb40px\u00bb header_2_letter_spacing=\u00bb1px\u00bb header_2_line_height=\u00bb1.6em\u00bb header_3_text_color=\u00bb#be0055&#8243; custom_margin=\u00bb|30px|20px|30px|false|false\u00bb global_colors_info=\u00bb{}\u00bb]\u2022 Actividades o bienes ilegales.[\/et_pb_text][\/et_pb_column][et_pb_column type=\u00bb1_2&#8243; _builder_version=\u00bb4.21.2&#8243; _module_preset=\u00bbdefault\u00bb background_color=\u00bbrgba(115,115,110,0.09)\u00bb global_colors_info=\u00bb{}\u00bb][et_pb_image src=\u00bbhttps:\/\/missioninclusion.ca\/wp-content\/uploads\/2023\/09\/icon-soutien-international-activites-admissibles.png\u00bb title_text=\u00bbicon soutien international-activites admissibles\u00bb align=\u00bbcenter\u00bb _builder_version=\u00bb4.22.1&#8243; _module_preset=\u00bbdefault\u00bb width=\u00bb18%\u00bb max_width=\u00bb30%\u00bb module_alignment=\u00bbcenter\u00bb custom_margin=\u00bb20px||||false|false\u00bb locked=\u00bboff\u00bb global_colors_info=\u00bb{}\u00bb][\/et_pb_image][et_pb_text admin_label=\u00bbType d&#8217;activit\u00e9s admissibles :\u00bb _builder_version=\u00bb4.22.1&#8243; text_font=\u00bb||||||||\u00bb text_text_color=\u00bb#462d50&#8243; text_font_size=\u00bb15px\u00bb header_2_font=\u00bb|600|||||||\u00bb header_2_text_align=\u00bbcenter\u00bb header_2_text_color=\u00bb#FF325A\u00bb header_2_font_size=\u00bb25px\u00bb header_2_letter_spacing=\u00bb1px\u00bb header_2_line_height=\u00bb1.6em\u00bb header_3_font=\u00bb|600|||||||\u00bb header_3_text_align=\u00bbcenter\u00bb header_3_text_color=\u00bb#FF325A\u00bb header_3_font_size=\u00bb21px\u00bb custom_margin=\u00bb||||false|false\u00bb global_colors_info=\u00bb{}\u00bb]<\/p>\n<h3>Tipo de actividades subvencionables<\/h3>\n<p>[\/et_pb_text][et_pb_text _builder_version=\u00bb4.22.1&#8243; text_font=\u00bb|600|||||||\u00bb text_text_color=\u00bb#73736E\u00bb text_font_size=\u00bb16px\u00bb link_font=\u00bb|600|||on||||\u00bb link_text_color=\u00bb#462d50&#8243; header_2_font=\u00bb|600|||||||\u00bb header_2_text_color=\u00bb#7dc3b9&#8243; header_2_font_size=\u00bb25px\u00bb header_2_letter_spacing=\u00bb1px\u00bb header_2_line_height=\u00bb1.6em\u00bb custom_margin=\u00bb|||30px|false|false\u00bb global_colors_info=\u00bb{}\u00bb]Proponemos una lista (no exhaustiva) de actividades subvencionables:  [\/et_pb_text][et_pb_text _builder_version=\u00bb4.22.1&#8243; text_font=\u00bb||||||||\u00bb text_text_color=\u00bb#73736E\u00bb text_font_size=\u00bb16px\u00bb link_font=\u00bb|600|||on|||#462d50|\u00bb link_text_color=\u00bb#462d50&#8243; header_2_font=\u00bb|600|||||||\u00bb header_2_text_color=\u00bb#462d50&#8243; header_2_font_size=\u00bb40px\u00bb header_2_letter_spacing=\u00bb1px\u00bb header_2_line_height=\u00bb1.6em\u00bb header_3_text_color=\u00bb#be0055&#8243; custom_margin=\u00bb|30px|20px|30px|false|false\u00bb global_colors_info=\u00bb{}\u00bb]\u2022 Defender los derechos y producir alternativas sociales innovadoras;[\/et_pb_text][et_pb_text _builder_version=\u00bb4.22.1&#8243; text_font=\u00bb||||||||\u00bb text_text_color=\u00bb#73736E\u00bb text_font_size=\u00bb16px\u00bb link_font=\u00bb|600|||on|||#462d50|\u00bb link_text_color=\u00bb#462d50&#8243; header_2_font=\u00bb|600|||||||\u00bb header_2_text_color=\u00bb#462d50&#8243; header_2_font_size=\u00bb40px\u00bb header_2_letter_spacing=\u00bb1px\u00bb header_2_line_height=\u00bb1.6em\u00bb header_3_text_color=\u00bb#be0055&#8243; custom_margin=\u00bb|30px|20px|30px|false|false\u00bb global_colors_info=\u00bb{}\u00bb]<\/p>\n<p>\u2022 Actividades para garantizar un liderazgo transformador e integrador;<\/p>\n<p>[\/et_pb_text][et_pb_text _builder_version=\u00bb4.22.1&#8243; text_font=\u00bb||||||||\u00bb text_text_color=\u00bb#73736E\u00bb text_font_size=\u00bb16px\u00bb link_font=\u00bb|600|||on|||#462d50|\u00bb link_text_color=\u00bb#462d50&#8243; header_2_font=\u00bb|600|||||||\u00bb header_2_text_color=\u00bb#462d50&#8243; header_2_font_size=\u00bb40px\u00bb header_2_letter_spacing=\u00bb1px\u00bb header_2_line_height=\u00bb1.6em\u00bb header_3_text_color=\u00bb#be0055&#8243; custom_margin=\u00bb|30px|20px|30px|false|false\u00bb global_colors_info=\u00bb{}\u00bb]\u2022 Actividades de sensibilizaci\u00f3n y\/o educaci\u00f3n\/formaci\u00f3n sobre las represalias o amenazas (f\u00edsicas o virtuales) que pueden sufrir ciertos grupos por creer en los derechos humanos;[\/et_pb_text][et_pb_text _builder_version=\u00bb4.22.1&#8243; text_font=\u00bb||||||||\u00bb text_text_color=\u00bb#73736E\u00bb text_font_size=\u00bb16px\u00bb link_font=\u00bb|600|||on|||#462d50|\u00bb link_text_color=\u00bb#462d50&#8243; header_2_font=\u00bb|600|||||||\u00bb header_2_text_color=\u00bb#462d50&#8243; header_2_font_size=\u00bb40px\u00bb header_2_letter_spacing=\u00bb1px\u00bb header_2_line_height=\u00bb1.6em\u00bb header_3_text_color=\u00bb#be0055&#8243; custom_margin=\u00bb|30px|20px|30px|false|false\u00bb global_colors_info=\u00bb{}\u00bb]\u2022 Actividades innovadoras para promover una gobernanza m\u00e1s inclusiva y participativa a escala local, nacional o regional;[\/et_pb_text][et_pb_text _builder_version=\u00bb4.22.1&#8243; text_font=\u00bb||||||||\u00bb text_text_color=\u00bb#73736E\u00bb text_font_size=\u00bb16px\u00bb link_font=\u00bb|600|||on|||#462d50|\u00bb link_text_color=\u00bb#462d50&#8243; header_2_font=\u00bb|600|||||||\u00bb header_2_text_color=\u00bb#462d50&#8243; header_2_font_size=\u00bb40px\u00bb header_2_letter_spacing=\u00bb1px\u00bb header_2_line_height=\u00bb1.6em\u00bb header_3_text_color=\u00bb#be0055&#8243; custom_margin=\u00bb|30px|20px|30px|false|false\u00bb global_colors_info=\u00bb{}\u00bb]\u2022 Actividades de sensibilizaci\u00f3n (actos, expresiones culturales para poner de relieve la diversidad, denunciar la exclusi\u00f3n);[\/et_pb_text][et_pb_text _builder_version=\u00bb4.22.1&#8243; text_font=\u00bb||||||||\u00bb text_text_color=\u00bb#73736E\u00bb text_font_size=\u00bb16px\u00bb link_font=\u00bb|600|||on|||#462d50|\u00bb link_text_color=\u00bb#462d50&#8243; header_2_font=\u00bb|600|||||||\u00bb header_2_text_color=\u00bb#462d50&#8243; header_2_font_size=\u00bb40px\u00bb header_2_letter_spacing=\u00bb1px\u00bb header_2_line_height=\u00bb1.6em\u00bb header_3_text_color=\u00bb#be0055&#8243; custom_margin=\u00bb|30px|20px|30px|false|false\u00bb global_colors_info=\u00bb{}\u00bb]\u2022 Incidencia e influencia pol\u00edtica (de acuerdo con un plan de promoci\u00f3n inclusivo y participativo);[\/et_pb_text][et_pb_text _builder_version=\u00bb4.22.1&#8243; text_font=\u00bb||||||||\u00bb text_text_color=\u00bb#73736E\u00bb text_font_size=\u00bb16px\u00bb link_font=\u00bb|600|||on|||#462d50|\u00bb link_text_color=\u00bb#462d50&#8243; header_2_font=\u00bb|600|||||||\u00bb header_2_text_color=\u00bb#462d50&#8243; header_2_font_size=\u00bb40px\u00bb header_2_letter_spacing=\u00bb1px\u00bb header_2_line_height=\u00bb1.6em\u00bb header_3_text_color=\u00bb#be0055&#8243; custom_margin=\u00bb|30px|178px|30px|false|false\u00bb global_colors_info=\u00bb{}\u00bb]<\/p>\n<p>\u2022 Actividades de puesta en com\u00fan\/federaci\u00f3n para la creaci\u00f3n de redes.<\/p>\n<p>[\/et_pb_text][\/et_pb_column][\/et_pb_row][\/et_pb_section][et_pb_section fb_built=\u00bb1&#8243; disabled_on=\u00bboff|off|off\u00bb admin_label=\u00bbPR\u00c9PARATION DE LA DEMANDE\u00bb module_id=\u00bbparametresProjetEs\u00bb module_class=\u00bbparametresProjetEs\u00bb _builder_version=\u00bb4.22.1&#8243; _module_preset=\u00bbdefault\u00bb background_enable_color=\u00bboff\u00bb custom_padding=\u00bb0px||24px|||\u00bb locked=\u00bboff\u00bb global_colors_info=\u00bb{}\u00bb][et_pb_row _builder_version=\u00bb4.16&#8243; _module_preset=\u00bbdefault\u00bb custom_margin=\u00bb-15px|auto||auto||\u00bb custom_padding=\u00bb49px||0px|||\u00bb global_colors_info=\u00bb{}\u00bb][et_pb_column type=\u00bb4_4&#8243; _builder_version=\u00bb4.16&#8243; _module_preset=\u00bbdefault\u00bb global_colors_info=\u00bb{}\u00bb][et_pb_text admin_label=\u00bbPR\u00c9PARATION DE LA DEMANDE\u00bb _builder_version=\u00bb4.22.1&#8243; text_font=\u00bb||||||||\u00bb text_text_color=\u00bb#462d50&#8243; text_font_size=\u00bb16px\u00bb link_font=\u00bb|600|||on|||#462d50|\u00bb link_text_color=\u00bb#462d50&#8243; header_2_font=\u00bb||||||||\u00bb header_2_text_align=\u00bbcenter\u00bb header_2_text_color=\u00bb#FF325A\u00bb header_2_font_size=\u00bb28px\u00bb header_2_letter_spacing=\u00bb1px\u00bb header_3_font=\u00bb||||||||\u00bb header_3_text_align=\u00bbcenter\u00bb header_3_text_color=\u00bb#be0055&#8243; header_6_font=\u00bb|600|||||||\u00bb header_6_text_align=\u00bbcenter\u00bb header_6_text_color=\u00bb#FF325A\u00bb custom_margin=\u00bb||20px||false|false\u00bb custom_padding=\u00bb7px|||||\u00bb locked=\u00bboff\u00bb global_colors_info=\u00bb{}\u00bb]<\/p>\n<h2>PREPARACI\u00d3N DE LA SOLICITUD <\/h2>\n<p>[\/et_pb_text][\/et_pb_column][\/et_pb_row][et_pb_row column_structure=\u00bb1_2,1_2&#8243; _builder_version=\u00bb4.21.2&#8243; _module_preset=\u00bbdefault\u00bb custom_margin=\u00bb28px|auto||auto||\u00bb custom_padding=\u00bb||9px|||\u00bb global_colors_info=\u00bb{}\u00bb][et_pb_column type=\u00bb1_2&#8243; _builder_version=\u00bb4.21.2&#8243; _module_preset=\u00bbdefault\u00bb background_color=\u00bbrgba(115,115,110,0.09)\u00bb global_colors_info=\u00bb{}\u00bb][et_pb_text admin_label=\u00bbO\u00f9, comment et quand envoyer les profils\u00bb _builder_version=\u00bb4.22.1&#8243; _module_preset=\u00bbdefault\u00bb text_text_color=\u00bb#CE0058&#8243; text_font_size=\u00bb16px\u00bb header_4_font=\u00bb|600|||||||\u00bb header_4_text_align=\u00bbcenter\u00bb header_4_text_color=\u00bb#CE0058&#8243; header_4_line_height=\u00bb1.1em\u00bb background_enable_color=\u00bboff\u00bb text_orientation=\u00bbcenter\u00bb custom_margin=\u00bb|30px|3px|30px|false|false\u00bb custom_padding=\u00bb43px||||false|false\u00bb global_colors_info=\u00bb{}\u00bb]<\/p>\n<h4>Plazo<\/h4>\n<p>[\/et_pb_text][et_pb_text _builder_version=\u00bb4.22.1&#8243; _module_preset=\u00bbdefault\u00bb text_text_color=\u00bb#BE0055&#8243; text_font_size=\u00bb16px\u00bb link_font=\u00bb|600|||on||||\u00bb link_text_color=\u00bb#FF325A\u00bb header_4_font=\u00bb|600|||||||\u00bb header_4_text_align=\u00bbcenter\u00bb header_4_text_color=\u00bb#CE0058&#8243; header_4_line_height=\u00bb1.1em\u00bb background_enable_color=\u00bboff\u00bb text_orientation=\u00bbcenter\u00bb custom_margin=\u00bb|30px|27px|30px|false|false\u00bb custom_padding=\u00bb||6px||false|false\u00bb global_colors_info=\u00bb{}\u00bb]Los perfiles, junto con las notas conceptuales y los documentos justificativos solicitados, deber\u00e1n enviarse a m\u00e1s tardar a las 17.00 horas (GMT) del 24 de noviembre de 2023 a la siguiente direcci\u00f3n: <a href=\"mailto:action@missioninclusion.ca\">action@missioninclusion.ca<\/a>.[\/et_pb_text][et_pb_text _builder_version=\u00bb4.22.1&#8243; _module_preset=\u00bbdefault\u00bb text_text_color=\u00bb#BE0055&#8243; text_font_size=\u00bb16px\u00bb link_font=\u00bb|600|||on||||\u00bb link_text_color=\u00bb#FF325A\u00bb header_4_font=\u00bb|600|||||||\u00bb header_4_text_align=\u00bbcenter\u00bb header_4_text_color=\u00bb#CE0058&#8243; header_4_line_height=\u00bb1.1em\u00bb background_enable_color=\u00bboff\u00bb text_orientation=\u00bbcenter\u00bb custom_margin=\u00bb|30px|27px|30px|false|false\u00bb custom_padding=\u00bb||6px||false|false\u00bb global_colors_info=\u00bb{}\u00bb]<strong>No se aceptar\u00e1 ninguna solicitud enviada despu\u00e9s de esta hora.<\/strong> Recibir\u00e1 un correo electr\u00f3nico autom\u00e1tico confirmando la recepci\u00f3n de su solicitud.[\/et_pb_text][et_pb_button button_url=\u00bbhttps:\/\/missioninclusion.ca\/wp-content\/uploads\/2023\/10\/FORMULARIO-DE-SOLICITUD-DE-SUBVENCION-DEL-FONDO-DE-ACCION-PARA-LA-INCLUSION-Y-LA-PARTICIPACION.pdf\u00bb url_new_window=\u00bbon\u00bb button_text=\u00bbDescarga el formulario\u00bb button_alignment=\u00bbcenter\u00bb _builder_version=\u00bb4.22.2&#8243; _module_preset=\u00bbdefault\u00bb custom_button=\u00bbon\u00bb button_text_size=\u00bb18px\u00bb button_text_color=\u00bb#ffffff\u00bb button_bg_color=\u00bb#FF325A\u00bb button_border_color=\u00bb#FF325A\u00bb button_border_radius=\u00bb50px\u00bb custom_margin=\u00bb||24px|||\u00bb global_colors_info=\u00bb{}\u00bb][\/et_pb_button][et_pb_text _builder_version=\u00bb4.22.1&#8243; _module_preset=\u00bbdefault\u00bb text_font=\u00bb||||||||\u00bb text_text_color=\u00bb#CE0058&#8243; text_font_size=\u00bb16px\u00bb header_4_font=\u00bb|600|||||||\u00bb header_4_text_align=\u00bbcenter\u00bb header_4_text_color=\u00bb#CE0058&#8243; background_enable_color=\u00bboff\u00bb text_orientation=\u00bbcenter\u00bb custom_margin=\u00bb|30px||30px|false|false\u00bb custom_padding=\u00bb||35px|||\u00bb global_colors_info=\u00bb{}\u00bb]Su solicitud deber\u00e1 incluir el formulario de nota conceptual debidamente firmado y los documentos justificativos solicitados.<br \/>\n<strong> No modifique el formato del formulario.<\/strong>[\/et_pb_text][\/et_pb_column][et_pb_column type=\u00bb1_2&#8243; _builder_version=\u00bb4.16&#8243; _module_preset=\u00bbdefault\u00bb global_colors_info=\u00bb{}\u00bb][et_pb_text admin_label=\u00bbS\u00e9ances d&#8217;informations\u00bb _builder_version=\u00bb4.23.1&#8243; _module_preset=\u00bbdefault\u00bb header_4_font=\u00bb|600|||||||\u00bb header_4_text_align=\u00bbcenter\u00bb header_4_text_color=\u00bb#CE0058&#8243; custom_margin=\u00bb92px||19px||false|false\u00bb global_colors_info=\u00bb{}\u00bb]<\/p>\n<h4>Sesiones de informaci\u00f3n<\/h4>\n<p>[\/et_pb_text][et_pb_text _builder_version=\u00bb4.23.1&#8243; _module_preset=\u00bbdefault\u00bb text_font_size=\u00bb16px\u00bb header_4_font=\u00bb|600|||||||\u00bb header_4_text_align=\u00bbcenter\u00bb header_4_text_color=\u00bb#CE0058&#8243; text_orientation=\u00bbcenter\u00bb global_colors_info=\u00bb{}\u00bb]Mission inclusion agradece a las organizaciones presentes en las sesiones informativas del 23 de octubre para Ben\u00edn y del 24 de octubre para Bolivia. \u00a1Vuestra participaci\u00f3n activa realmente nos ha encantado![\/et_pb_text][et_pb_text _builder_version=\u00bb4.23.1&#8243; _module_preset=\u00bbdefault\u00bb text_text_color=\u00bb#CE0058&#8243; text_font_size=\u00bb16px\u00bb link_font=\u00bb|600|||on|||#CE0058|\u00bb link_text_color=\u00bb#CE0058&#8243; header_4_font=\u00bb|600|||||||\u00bb header_4_text_align=\u00bbcenter\u00bb header_4_text_color=\u00bb#CE0058&#8243; text_orientation=\u00bbcenter\u00bb custom_margin=\u00bb33px|||||\u00bb global_colors_info=\u00bb{}\u00bb]Es importante se\u00f1alar que asistir a una sesi\u00f3n informativa no es un requisito previo para presentar una solicitud. Nuestro proceso sigue abierto a todas las organizaciones interesadas en presentar proyectos para Ben\u00edn o Bolivia.<\/p>\n<p><strong> La asistencia a estas reuniones no es obligatoria y no constituye una etapa de selecci\u00f3n.<\/strong><\/p>\n<p><strong><\/strong>[\/et_pb_text][\/et_pb_column][\/et_pb_row][\/et_pb_section][et_pb_section fb_built=\u00bb1&#8243; disabled_on=\u00bboff|off|off\u00bb admin_label=\u00bbAddress\u00bb _builder_version=\u00bb4.22.1&#8243; background_enable_color=\u00bboff\u00bb custom_padding=\u00bb1px|0px|7px|0px|false|false\u00bb custom_width_px__hover=\u00bb1080px\u00bb custom_width_px__hover_enabled=\u00bb1080px\u00bb custom_width_percent__hover=\u00bb80%\u00bb custom_width_percent__hover_enabled=\u00bb80%\u00bb locked=\u00bboff\u00bb global_colors_info=\u00bb{}\u00bb gutter_width__hover=\u00bb3&#8243; gutter_width__hover_enabled=\u00bb3&#8243; parallax_1__hover=\u00bboff\u00bb parallax_1__hover_enabled=\u00bboff\u00bb parallax_2__hover=\u00bboff\u00bb parallax_2__hover_enabled=\u00bboff\u00bb parallax_3__hover=\u00bboff\u00bb parallax_3__hover_enabled=\u00bboff\u00bb parallax_method_1__hover=\u00bbon\u00bb parallax_method_1__hover_enabled=\u00bbon\u00bb parallax_method_2__hover=\u00bbon\u00bb parallax_method_2__hover_enabled=\u00bbon\u00bb parallax_method_3__hover=\u00bbon\u00bb parallax_method_3__hover_enabled=\u00bbon\u00bb use_background_color_gradient__hover=\u00bboff\u00bb use_background_color_gradient__hover_enabled=\u00bboff\u00bb background_color_gradient_start__hover=\u00bb#2b87da\u00bb background_color_gradient_start__hover_enabled=\u00bb#2b87da\u00bb background_color_gradient_end__hover=\u00bb#29c4a9&#8243; background_color_gradient_end__hover_enabled=\u00bb#29c4a9&#8243; background_color_gradient_type__hover=\u00bblinear\u00bb background_color_gradient_type__hover_enabled=\u00bblinear\u00bb background_color_gradient_direction__hover=\u00bb180deg\u00bb background_color_gradient_direction__hover_enabled=\u00bb180deg\u00bb background_color_gradient_direction_radial__hover=\u00bbcenter\u00bb background_color_gradient_direction_radial__hover_enabled=\u00bbcenter\u00bb background_color_gradient_start_position__hover=\u00bb0%\u00bb background_color_gradient_start_position__hover_enabled=\u00bb0%\u00bb background_color_gradient_end_position__hover=\u00bb100%\u00bb background_color_gradient_end_position__hover_enabled=\u00bb100%\u00bb background_color_gradient_overlays_image__hover=\u00bboff\u00bb background_color_gradient_overlays_image__hover_enabled=\u00bboff\u00bb parallax__hover=\u00bboff\u00bb parallax__hover_enabled=\u00bboff\u00bb parallax_method__hover=\u00bbon\u00bb parallax_method__hover_enabled=\u00bbon\u00bb background_size__hover=\u00bbcover\u00bb background_size__hover_enabled=\u00bbcover\u00bb background_position__hover=\u00bbcenter\u00bb background_position__hover_enabled=\u00bbcenter\u00bb background_repeat__hover=\u00bbno-repeat\u00bb background_repeat__hover_enabled=\u00bbno-repeat\u00bb background_blend__hover=\u00bbnormal\u00bb background_blend__hover_enabled=\u00bbnormal\u00bb allow_player_pause__hover=\u00bboff\u00bb allow_player_pause__hover_enabled=\u00bboff\u00bb background_video_pause_outside_viewport__hover=\u00bbon\u00bb background_video_pause_outside_viewport__hover_enabled=\u00bbon\u00bb inner_shadow__hover=\u00bboff\u00bb inner_shadow__hover_enabled=\u00bboff\u00bb make_fullwidth__hover=\u00bboff\u00bb make_fullwidth__hover_enabled=\u00bboff\u00bb use_custom_width__hover=\u00bboff\u00bb use_custom_width__hover_enabled=\u00bboff\u00bb width_unit__hover=\u00bbon\u00bb width_unit__hover_enabled=\u00bbon\u00bb make_equal__hover=\u00bboff\u00bb make_equal__hover_enabled=\u00bboff\u00bb use_custom_gutter__hover=\u00bboff\u00bb use_custom_gutter__hover_enabled=\u00bboff\u00bb border_radii__hover=\u00bbon||||\u00bb border_radii__hover_enabled=\u00bbon||||\u00bb box_shadow_style__hover=\u00bbnone\u00bb box_shadow_style__hover_enabled=\u00bbnone\u00bb box_shadow_color__hover=\u00bbrgba(0,0,0,0.3)\u00bb box_shadow_color__hover_enabled=\u00bbrgba(0,0,0,0.3)\u00bb max_width__hover=\u00bb100%\u00bb max_width__hover_enabled=\u00bb100%\u00bb filter_hue_rotate__hover=\u00bb0deg\u00bb filter_hue_rotate__hover_enabled=\u00bb0deg\u00bb filter_saturate__hover=\u00bb100%\u00bb filter_saturate__hover_enabled=\u00bb100%\u00bb filter_brightness__hover=\u00bb100%\u00bb filter_brightness__hover_enabled=\u00bb100%\u00bb filter_contrast__hover=\u00bb100%\u00bb filter_contrast__hover_enabled=\u00bb100%\u00bb filter_invert__hover=\u00bb0%\u00bb filter_invert__hover_enabled=\u00bb0%\u00bb filter_sepia__hover=\u00bb0%\u00bb filter_sepia__hover_enabled=\u00bb0%\u00bb filter_opacity__hover=\u00bb100%\u00bb filter_opacity__hover_enabled=\u00bb100%\u00bb filter_blur__hover=\u00bb0px\u00bb filter_blur__hover_enabled=\u00bb0px\u00bb mix_blend_mode__hover=\u00bbnormal\u00bb mix_blend_mode__hover_enabled=\u00bbnormal\u00bb animation_style__hover=\u00bbnone\u00bb animation_style__hover_enabled=\u00bbnone\u00bb animation_repeat__hover=\u00bbonce\u00bb animation_repeat__hover_enabled=\u00bbonce\u00bb animation_direction__hover=\u00bbcenter\u00bb animation_direction__hover_enabled=\u00bbcenter\u00bb animation_duration__hover=\u00bb1000ms\u00bb animation_duration__hover_enabled=\u00bb1000ms\u00bb animation_delay__hover=\u00bb0ms\u00bb animation_delay__hover_enabled=\u00bb0ms\u00bb animation_intensity_slide__hover=\u00bb50%\u00bb animation_intensity_slide__hover_enabled=\u00bb50%\u00bb animation_intensity_zoom__hover=\u00bb50%\u00bb animation_intensity_zoom__hover_enabled=\u00bb50%\u00bb animation_intensity_flip__hover=\u00bb50%\u00bb animation_intensity_flip__hover_enabled=\u00bb50%\u00bb animation_intensity_fold__hover=\u00bb50%\u00bb animation_intensity_fold__hover_enabled=\u00bb50%\u00bb animation_intensity_roll__hover=\u00bb50%\u00bb animation_intensity_roll__hover_enabled=\u00bb50%\u00bb animation_starting_opacity__hover=\u00bb0%\u00bb animation_starting_opacity__hover_enabled=\u00bb0%\u00bb animation_speed_curve__hover=\u00bbease-in-out\u00bb animation_speed_curve__hover_enabled=\u00bbease-in-out\u00bb hover_transition_duration__hover=\u00bb300ms\u00bb hover_transition_duration__hover_enabled=\u00bb300ms\u00bb hover_transition_delay__hover=\u00bb0ms\u00bb hover_transition_delay__hover_enabled=\u00bb0ms\u00bb hover_transition_speed_curve__hover=\u00bbease\u00bb hover_transition_speed_curve__hover_enabled=\u00bbease\u00bb background_color_gradient_stops__hover=\u00bb#2b87da 0%|#29c4a9 100%\u00bb][et_pb_row _builder_version=\u00bb4.21.2&#8243; custom_padding=\u00bb23px||7px|||\u00bb global_colors_info=\u00bb{}\u00bb][et_pb_column type=\u00bb4_4&#8243; _builder_version=\u00bb4.16&#8243; global_colors_info=\u00bb{}\u00bb][et_pb_divider color=\u00bb#CE0058&#8243; divider_weight=\u00bb2px\u00bb _builder_version=\u00bb4.22.1&#8243; _module_preset=\u00bbdefault\u00bb custom_margin=\u00bb||7px|||\u00bb locked=\u00bboff\u00bb global_colors_info=\u00bb{}\u00bb][\/et_pb_divider][et_pb_text _builder_version=\u00bb4.22.1&#8243; _module_preset=\u00bbdefault\u00bb header_2_font=\u00bb|600|||||||\u00bb header_2_text_align=\u00bbcenter\u00bb header_2_text_color=\u00bb#CE0058&#8243; custom_margin=\u00bb||2px|||\u00bb locked=\u00bboff\u00bb global_colors_info=\u00bb{}\u00bb]<\/p>\n<h2>Tenga en cuenta lo siguiente<\/h2>\n<p>[\/et_pb_text][\/et_pb_column][\/et_pb_row][et_pb_row column_structure=\u00bb1_2,1_2&#8243; _builder_version=\u00bb4.21.2&#8243; custom_padding=\u00bb11px||49px|||\u00bb global_colors_info=\u00bb{}\u00bb][et_pb_column type=\u00bb1_2&#8243; _builder_version=\u00bb4.16&#8243; global_colors_info=\u00bb{}\u00bb][et_pb_text _builder_version=\u00bb4.22.1&#8243; _module_preset=\u00bbdefault\u00bb text_text_color=\u00bb#CE0058&#8243; text_font_size=\u00bb16px\u00bb header_4_font=\u00bb|600|||||||\u00bb header_4_text_align=\u00bbcenter\u00bb header_4_text_color=\u00bb#CE0058&#8243; header_5_text_color=\u00bb#CE0058&#8243; global_colors_info=\u00bb{}\u00bb]<strong>\u2022 Las solicitudes deben presentarse en franc\u00e9s o espa\u00f1ol, seg\u00fan el pa\u00eds. Solo se aceptar\u00e1n solicitudes en estos idiomas.<\/strong>[\/et_pb_text][et_pb_text _builder_version=\u00bb4.22.1&#8243; _module_preset=\u00bbdefault\u00bb text_text_color=\u00bb#CE0058&#8243; text_font_size=\u00bb16px\u00bb header_4_font=\u00bb|600|||||||\u00bb header_4_text_align=\u00bbcenter\u00bb header_4_text_color=\u00bb#CE0058&#8243; header_5_text_color=\u00bb#CE0058&#8243; global_colors_info=\u00bb{}\u00bb]\u2022 Los justificantes exigidos pueden presentarse en formato jpeg, doc o pdf.[\/et_pb_text][et_pb_text _builder_version=\u00bb4.22.1&#8243; _module_preset=\u00bbdefault\u00bb text_text_color=\u00bb#CE0058&#8243; text_font_size=\u00bb16px\u00bb header_4_font=\u00bb|600|||||||\u00bb header_4_text_align=\u00bbcenter\u00bb header_4_text_color=\u00bb#CE0058&#8243; header_5_text_color=\u00bb#CE0058&#8243; global_colors_info=\u00bb{}\u00bb]\u2022 No puede realizar ning\u00fan cambio en su solicitud una vez presentada. [\/et_pb_text][et_pb_text _builder_version=\u00bb4.22.1&#8243; _module_preset=\u00bbdefault\u00bb text_text_color=\u00bb#CE0058&#8243; text_font_size=\u00bb16px\u00bb header_4_font=\u00bb|600|||||||\u00bb header_4_text_align=\u00bbcenter\u00bb header_4_text_color=\u00bb#CE0058&#8243; header_5_text_color=\u00bb#CE0058&#8243; global_colors_info=\u00bb{}\u00bb]\u2022 Todos los documentos deben presentarse juntos en un \u00fanico env\u00edo. [\/et_pb_text][et_pb_text _builder_version=\u00bb4.22.1&#8243; _module_preset=\u00bbdefault\u00bb text_text_color=\u00bb#CE0058&#8243; text_font_size=\u00bb16px\u00bb header_4_font=\u00bb|600|||||||\u00bb header_4_text_align=\u00bbcenter\u00bb header_4_text_color=\u00bb#CE0058&#8243; header_5_text_color=\u00bb#CE0058&#8243; global_colors_info=\u00bb{}\u00bb]\u2022 No se tendr\u00e1n en cuenta las solicitudes incompletas ni el uso de modelos diferentes. [\/et_pb_text][\/et_pb_column][et_pb_column type=\u00bb1_2&#8243; _builder_version=\u00bb4.16&#8243; global_colors_info=\u00bb{}\u00bb][et_pb_text _builder_version=\u00bb4.22.1&#8243; _module_preset=\u00bbdefault\u00bb text_text_color=\u00bb#CE0058&#8243; text_font_size=\u00bb16px\u00bb header_4_font=\u00bb|600|||||||\u00bb header_4_text_align=\u00bbcenter\u00bb header_4_text_color=\u00bb#CE0058&#8243; header_5_text_color=\u00bb#CE0058&#8243; global_colors_info=\u00bb{}\u00bb]\u2022 Por favor, NO env\u00ede de nuevo su solicitud a menos que no reciba un acuse de recibo.[\/et_pb_text][et_pb_text _builder_version=\u00bb4.22.1&#8243; _module_preset=\u00bbdefault\u00bb text_text_color=\u00bb#CE0058&#8243; text_font_size=\u00bb16px\u00bb header_4_font=\u00bb|600|||||||\u00bb header_4_text_align=\u00bbcenter\u00bb header_4_text_color=\u00bb#CE0058&#8243; header_5_text_color=\u00bb#CE0058&#8243; global_colors_info=\u00bb{}\u00bb]\u2022 Si le resulta dif\u00edcil firmar electr\u00f3nicamente, <strong>imprima s\u00f3lo la secci\u00f3n III<\/strong>, f\u00edrmela, rell\u00e9nela y luego escan\u00e9ela o fotograf\u00edela. No olvide incluirlo con los dem\u00e1s archivos requeridos en su presentaci\u00f3n.[\/et_pb_text][et_pb_text _builder_version=\u00bb4.22.1&#8243; _module_preset=\u00bbdefault\u00bb text_text_color=\u00bb#CE0058&#8243; text_font_size=\u00bb16px\u00bb header_4_font=\u00bb|600|||||||\u00bb header_4_text_align=\u00bbcenter\u00bb header_4_text_color=\u00bb#CE0058&#8243; header_5_text_color=\u00bb#CE0058&#8243; global_colors_info=\u00bb{}\u00bb]\u2022 Las respuestas al formulario de nota conceptual deben respetar los l\u00edmites de palabras indicados y la forma solicitada. Ning\u00fan documento adicional para responder a las preguntas ser\u00e1 aceptado.[\/et_pb_text][et_pb_text _builder_version=\u00bb4.22.1&#8243; _module_preset=\u00bbdefault\u00bb text_text_color=\u00bb#CE0058&#8243; text_font_size=\u00bb16px\u00bb header_4_font=\u00bb|600|||||||\u00bb header_4_text_align=\u00bbcenter\u00bb header_4_text_color=\u00bb#CE0058&#8243; header_5_text_color=\u00bb#CE0058&#8243; global_colors_info=\u00bb{}\u00bb]<\/p>\n<p>\u2022 Mission inclusion no acepta las solicitudes de subvenci\u00f3n espont\u00e1neas. Las solicitudes son aceptadas unicamente en el marco de una convocatoria de proyectos. Solamente los formularios espec\u00edficos para la convocatoria son aceptados.<\/p>\n<p>[\/et_pb_text][\/et_pb_column][\/et_pb_row][et_pb_row _builder_version=\u00bb4.21.2&#8243; custom_padding=\u00bb10px||7px|||\u00bb locked=\u00bboff\u00bb global_colors_info=\u00bb{}\u00bb][et_pb_column type=\u00bb4_4&#8243; _builder_version=\u00bb4.16&#8243; global_colors_info=\u00bb{}\u00bb][et_pb_divider color=\u00bb#CE0058&#8243; divider_weight=\u00bb2px\u00bb _builder_version=\u00bb4.22.1&#8243; _module_preset=\u00bbdefault\u00bb global_colors_info=\u00bb{}\u00bb][\/et_pb_divider][\/et_pb_column][\/et_pb_row][\/et_pb_section][et_pb_section fb_built=\u00bb1&#8243; disabled_on=\u00bboff|off|off\u00bb admin_label=\u00bbAddress\u00bb module_id=\u00bbquestionsEsp\u00bb module_class=\u00bbquestionsEsp\u00bb _builder_version=\u00bb4.23.1&#8243; background_color=\u00bb#F5ABAB\u00bb custom_padding=\u00bb1px|0px|7px|0px|false|false\u00bb custom_width_px__hover=\u00bb1080px\u00bb custom_width_px__hover_enabled=\u00bb1080px\u00bb custom_width_percent__hover=\u00bb80%\u00bb custom_width_percent__hover_enabled=\u00bb80%\u00bb locked=\u00bboff\u00bb global_colors_info=\u00bb{}\u00bb gutter_width__hover=\u00bb3&#8243; gutter_width__hover_enabled=\u00bb3&#8243; parallax_1__hover=\u00bboff\u00bb parallax_1__hover_enabled=\u00bboff\u00bb parallax_2__hover=\u00bboff\u00bb parallax_2__hover_enabled=\u00bboff\u00bb parallax_3__hover=\u00bboff\u00bb parallax_3__hover_enabled=\u00bboff\u00bb parallax_method_1__hover=\u00bbon\u00bb parallax_method_1__hover_enabled=\u00bbon\u00bb parallax_method_2__hover=\u00bbon\u00bb parallax_method_2__hover_enabled=\u00bbon\u00bb parallax_method_3__hover=\u00bbon\u00bb parallax_method_3__hover_enabled=\u00bbon\u00bb use_background_color_gradient__hover=\u00bboff\u00bb use_background_color_gradient__hover_enabled=\u00bboff\u00bb background_color_gradient_start__hover=\u00bb#2b87da\u00bb background_color_gradient_start__hover_enabled=\u00bb#2b87da\u00bb background_color_gradient_end__hover=\u00bb#29c4a9&#8243; background_color_gradient_end__hover_enabled=\u00bb#29c4a9&#8243; background_color_gradient_type__hover=\u00bblinear\u00bb background_color_gradient_type__hover_enabled=\u00bblinear\u00bb background_color_gradient_direction__hover=\u00bb180deg\u00bb background_color_gradient_direction__hover_enabled=\u00bb180deg\u00bb background_color_gradient_direction_radial__hover=\u00bbcenter\u00bb background_color_gradient_direction_radial__hover_enabled=\u00bbcenter\u00bb background_color_gradient_start_position__hover=\u00bb0%\u00bb background_color_gradient_start_position__hover_enabled=\u00bb0%\u00bb background_color_gradient_end_position__hover=\u00bb100%\u00bb background_color_gradient_end_position__hover_enabled=\u00bb100%\u00bb background_color_gradient_overlays_image__hover=\u00bboff\u00bb background_color_gradient_overlays_image__hover_enabled=\u00bboff\u00bb parallax__hover=\u00bboff\u00bb parallax__hover_enabled=\u00bboff\u00bb parallax_method__hover=\u00bbon\u00bb parallax_method__hover_enabled=\u00bbon\u00bb background_size__hover=\u00bbcover\u00bb background_size__hover_enabled=\u00bbcover\u00bb background_position__hover=\u00bbcenter\u00bb background_position__hover_enabled=\u00bbcenter\u00bb background_repeat__hover=\u00bbno-repeat\u00bb background_repeat__hover_enabled=\u00bbno-repeat\u00bb background_blend__hover=\u00bbnormal\u00bb background_blend__hover_enabled=\u00bbnormal\u00bb allow_player_pause__hover=\u00bboff\u00bb allow_player_pause__hover_enabled=\u00bboff\u00bb background_video_pause_outside_viewport__hover=\u00bbon\u00bb background_video_pause_outside_viewport__hover_enabled=\u00bbon\u00bb inner_shadow__hover=\u00bboff\u00bb inner_shadow__hover_enabled=\u00bboff\u00bb make_fullwidth__hover=\u00bboff\u00bb make_fullwidth__hover_enabled=\u00bboff\u00bb use_custom_width__hover=\u00bboff\u00bb use_custom_width__hover_enabled=\u00bboff\u00bb width_unit__hover=\u00bbon\u00bb width_unit__hover_enabled=\u00bbon\u00bb make_equal__hover=\u00bboff\u00bb make_equal__hover_enabled=\u00bboff\u00bb use_custom_gutter__hover=\u00bboff\u00bb use_custom_gutter__hover_enabled=\u00bboff\u00bb border_radii__hover=\u00bbon||||\u00bb border_radii__hover_enabled=\u00bbon||||\u00bb box_shadow_style__hover=\u00bbnone\u00bb box_shadow_style__hover_enabled=\u00bbnone\u00bb box_shadow_color__hover=\u00bbrgba(0,0,0,0.3)\u00bb box_shadow_color__hover_enabled=\u00bbrgba(0,0,0,0.3)\u00bb max_width__hover=\u00bb100%\u00bb max_width__hover_enabled=\u00bb100%\u00bb filter_hue_rotate__hover=\u00bb0deg\u00bb filter_hue_rotate__hover_enabled=\u00bb0deg\u00bb filter_saturate__hover=\u00bb100%\u00bb filter_saturate__hover_enabled=\u00bb100%\u00bb filter_brightness__hover=\u00bb100%\u00bb filter_brightness__hover_enabled=\u00bb100%\u00bb filter_contrast__hover=\u00bb100%\u00bb filter_contrast__hover_enabled=\u00bb100%\u00bb filter_invert__hover=\u00bb0%\u00bb filter_invert__hover_enabled=\u00bb0%\u00bb filter_sepia__hover=\u00bb0%\u00bb filter_sepia__hover_enabled=\u00bb0%\u00bb filter_opacity__hover=\u00bb100%\u00bb filter_opacity__hover_enabled=\u00bb100%\u00bb filter_blur__hover=\u00bb0px\u00bb filter_blur__hover_enabled=\u00bb0px\u00bb mix_blend_mode__hover=\u00bbnormal\u00bb mix_blend_mode__hover_enabled=\u00bbnormal\u00bb animation_style__hover=\u00bbnone\u00bb animation_style__hover_enabled=\u00bbnone\u00bb animation_repeat__hover=\u00bbonce\u00bb animation_repeat__hover_enabled=\u00bbonce\u00bb animation_direction__hover=\u00bbcenter\u00bb animation_direction__hover_enabled=\u00bbcenter\u00bb animation_duration__hover=\u00bb1000ms\u00bb animation_duration__hover_enabled=\u00bb1000ms\u00bb animation_delay__hover=\u00bb0ms\u00bb animation_delay__hover_enabled=\u00bb0ms\u00bb animation_intensity_slide__hover=\u00bb50%\u00bb animation_intensity_slide__hover_enabled=\u00bb50%\u00bb animation_intensity_zoom__hover=\u00bb50%\u00bb animation_intensity_zoom__hover_enabled=\u00bb50%\u00bb animation_intensity_flip__hover=\u00bb50%\u00bb animation_intensity_flip__hover_enabled=\u00bb50%\u00bb animation_intensity_fold__hover=\u00bb50%\u00bb animation_intensity_fold__hover_enabled=\u00bb50%\u00bb animation_intensity_roll__hover=\u00bb50%\u00bb animation_intensity_roll__hover_enabled=\u00bb50%\u00bb animation_starting_opacity__hover=\u00bb0%\u00bb animation_starting_opacity__hover_enabled=\u00bb0%\u00bb animation_speed_curve__hover=\u00bbease-in-out\u00bb animation_speed_curve__hover_enabled=\u00bbease-in-out\u00bb hover_transition_duration__hover=\u00bb300ms\u00bb hover_transition_duration__hover_enabled=\u00bb300ms\u00bb hover_transition_delay__hover=\u00bb0ms\u00bb hover_transition_delay__hover_enabled=\u00bb0ms\u00bb hover_transition_speed_curve__hover=\u00bbease\u00bb hover_transition_speed_curve__hover_enabled=\u00bbease\u00bb background_color_gradient_stops__hover=\u00bb#2b87da 0%|#29c4a9 100%\u00bb][et_pb_row _builder_version=\u00bb4.23.1&#8243; custom_margin=\u00bb|auto|30px|auto||\u00bb custom_padding=\u00bb16px||7px|||\u00bb global_colors_info=\u00bb{}\u00bb][et_pb_column type=\u00bb4_4&#8243; _builder_version=\u00bb4.16&#8243; global_colors_info=\u00bb{}\u00bb][et_pb_text _builder_version=\u00bb4.23.1&#8243; _module_preset=\u00bbdefault\u00bb header_2_font=\u00bb|600|||||||\u00bb header_2_text_align=\u00bbcenter\u00bb header_2_text_color=\u00bb#CE0058&#8243; header_2_font_size=\u00bb28px\u00bb custom_margin=\u00bb32px||2px|||\u00bb locked=\u00bboff\u00bb global_colors_info=\u00bb{}\u00bb]<\/p>\n<h2>Preguntas frecuentes (FAQ) <\/h2>\n<p>[\/et_pb_text][\/et_pb_column][\/et_pb_row][et_pb_row column_structure=\u00bb1_2,1_2&#8243; _builder_version=\u00bb4.23.1&#8243; custom_padding=\u00bb10px||39px|||\u00bb global_colors_info=\u00bb{}\u00bb][et_pb_column type=\u00bb1_2&#8243; _builder_version=\u00bb4.16&#8243; global_colors_info=\u00bb{}\u00bb][et_pb_toggle title=\u00bb1. \u00bfQu\u00e9 organizaciones pueden optar al fondo ACCI\u00d3N? \u00bb open_toggle_text_color=\u00bb#BE0055&#8243; icon_color=\u00bb#BE0055&#8243; open_icon_color=\u00bb#BE0055&#8243; _builder_version=\u00bb4.23.1&#8243; _module_preset=\u00bbdefault\u00bb title_text_color=\u00bb#BE0055&#8243; title_level=\u00bbh4&#8243; body_font_size=\u00bb16px\u00bb border_radii=\u00bbon|20px|20px|20px|20px\u00bb global_colors_info=\u00bb{}\u00bb]El fondo ACCI\u00d3N est\u00e1 dirigido exclusivamente a organizaciones de la sociedad civil (OSC) y organizaciones de defensa de los derechos humanos (asociaciones, ONG, grupos comunitarios, fundaciones con arraigo local, regional o nacional) que apoyen un enfoque de gobernanza inclusiva como parte de su misi\u00f3n y trabajen con miembros de grupos excluidos o marginados para satisfacer sus necesidades al tiempo que les capacitan para hacer valer sus derechos. Estos grupos son:<\/p>\n<p>\u25ba Mujeres<br \/>\n\u25ba J\u00f3venes<br \/>\n\u25ba Personas en situaci\u00f3n de discapacidad<br \/>\n\u25ba Ind\u00edgenas<br \/>\n\u25ba Minor\u00edas<br \/>\n\u25ba Personas desplazadas\/refugiadas<br \/>\n\u25ba Personas que se identifican como parte de la diversidad sexual y de g\u00e9nero<\/p>\n<p><strong>Las organizaciones internacionales no son elegibles. <\/strong>[\/et_pb_toggle][et_pb_toggle title=\u00bb2. \u00bfEs posible presentar una solicitud en consorcio con otras organizaciones? \u00bb open_toggle_text_color=\u00bb#BE0055&#8243; icon_color=\u00bb#BE0055&#8243; open_icon_color=\u00bb#BE0055&#8243; _builder_version=\u00bb4.23.1&#8243; _module_preset=\u00bbdefault\u00bb title_text_color=\u00bb#BE0055&#8243; title_level=\u00bbh4&#8243; body_font_size=\u00bb16px\u00bb border_radii=\u00bbon|20px|20px|20px|20px\u00bb global_colors_info=\u00bb{}\u00bb]S\u00ed, son admisibles los proyectos presentados por organizaciones de la sociedad civil (OSC) y\/u organizaciones de defensa de los derechos humanos (ODD)  en consorcio. En un consorcio, las organizaciones son conjunta y solidariamente responsables de la ejecuci\u00f3n del proyecto y de la presentaci\u00f3n de informes, aunque una organizaci\u00f3n debe desempe\u00f1ar un papel de coordinaci\u00f3n de las comunicaciones y los procedimientos administrativos (organizaci\u00f3n principal). Las organizaciones de un consorcio deben cumplir los mismos criterios de elegibilidad. Como m\u00ednimo, deben: (1) estar registradas; (2) firmar conjuntamente el formulario de solicitud; (3) participar en la definici\u00f3n y ejecuci\u00f3n del proyecto y estar incluidas en el presupuesto propuesto.  <\/p>\n<p>A lo largo de todo el proceso, la organizaci\u00f3n l\u00edder es el contacto principal de Mission inclusion. Representar\u00e1 al consorcio. Los costes de gesti\u00f3n deber\u00e1n repartirse entre las organizaciones del consorcio seg\u00fan principios y niveles de esfuerzo equitativos.  [\/et_pb_toggle][et_pb_toggle title=\u00bb3. \u00bfEs posible crear una asociaci\u00f3n con una instituci\u00f3n que no sea una OSC\/ODD para solicitar este fondo?  \u00bb open_toggle_text_color=\u00bb#BE0055&#8243; icon_color=\u00bb#BE0055&#8243; open_icon_color=\u00bb#BE0055&#8243; _builder_version=\u00bb4.23.1&#8243; _module_preset=\u00bbdefault\u00bb title_text_color=\u00bb#BE0055&#8243; title_level=\u00bbh4&#8243; body_font_size=\u00bb16px\u00bb border_radii=\u00bbon|20px|20px|20px|20px\u00bb global_colors_info=\u00bb{}\u00bb]S\u00ed, la asociaci\u00f3n es posible (por ejemplo, asociaci\u00f3n con un centro de investigaci\u00f3n, con una universidad, etc.).  La OSC o la ODD ser\u00e1 responsable de la gesti\u00f3n del proyecto y de la presentaci\u00f3n de informes. La asociaci\u00f3n debe establecerse en un acuerdo interno espec\u00edfico del proyecto para la prestaci\u00f3n de servicios o la realizaci\u00f3n de actividades.  [\/et_pb_toggle][et_pb_toggle title=\u00bb4. \u00bfPuede una fundaci\u00f3n que tambi\u00e9n concede subvenciones solicitar al fondo una redistribuci\u00f3n en forma de peque\u00f1a subvenci\u00f3n? \u00bb open_toggle_text_color=\u00bb#BE0055&#8243; icon_color=\u00bb#BE0055&#8243; open_icon_color=\u00bb#BE0055&#8243; _builder_version=\u00bb4.23.1&#8243; _module_preset=\u00bbdefault\u00bb title_text_color=\u00bb#BE0055&#8243; title_level=\u00bbh4&#8243; body_font_size=\u00bb16px\u00bb border_radii=\u00bbon|20px|20px|20px|20px\u00bb global_colors_info=\u00bb{}\u00bb]Las fundaciones son elegibles para el fondo ACCI\u00d3N, pero las actividades que impliquen la redistribuci\u00f3n de fondos en forma de peque\u00f1as subvenciones o microcr\u00e9ditos no son elegibles. Sin embargo, si usted est\u00e1 planeando un evento en el que participan varias otras organizaciones locales (no beneficiarias de subvenciones), puede haber gastos para ellos por los servicios que prestan. [\/et_pb_toggle][\/et_pb_column][et_pb_column type=\u00bb1_2&#8243; _builder_version=\u00bb4.16&#8243; global_colors_info=\u00bb{}\u00bb][et_pb_toggle title=\u00bb5. \u00bfPuede una organizaci\u00f3n presentar m\u00e1s de un proyecto por convocatoria?  \u00bb open_toggle_text_color=\u00bb#BE0055&#8243; icon_color=\u00bb#BE0055&#8243; open_icon_color=\u00bb#BE0055&#8243; _builder_version=\u00bb4.23.1&#8243; _module_preset=\u00bbdefault\u00bb title_text_color=\u00bb#BE0055&#8243; title_level=\u00bbh4&#8243; body_font_size=\u00bb16px\u00bb border_radii=\u00bbon|20px|20px|20px|20px\u00bb global_colors_info=\u00bb{}\u00bb]No. Una organizaci\u00f3n principal, una organizaci\u00f3n miembro de un consorcio o una organizaci\u00f3n asociada no puede presentar m\u00e1s de una solicitud en el marco de una convocatoria de proyectos.  [\/et_pb_toggle][et_pb_toggle title=\u00bb6. \u00bfPuede una organizaci\u00f3n presentar el mismo proyecto en respuesta a m\u00e1s de una convocatoria?  \u00bb open_toggle_text_color=\u00bb#BE0055&#8243; icon_color=\u00bb#BE0055&#8243; open_icon_color=\u00bb#BE0055&#8243; _builder_version=\u00bb4.23.1&#8243; _module_preset=\u00bbdefault\u00bb title_text_color=\u00bb#BE0055&#8243; title_level=\u00bbh4&#8243; body_font_size=\u00bb16px\u00bb border_radii=\u00bbon|20px|20px|20px|20px\u00bb global_colors_info=\u00bb{}\u00bb]S\u00ed, un proyecto no seleccionado puede presentarse a una convocatoria posterior en el pa\u00eds. No obstante, se recomienda a las organizaciones que comprueben detenidamente los criterios de admisibilidad y realicen los ajustes necesarios para esta convocatoria. [\/et_pb_toggle][et_pb_toggle title=\u00bb7. \u00bfEn qu\u00e9 moneda debe presentarse el presupuesto del proyecto?  \u00bb open_toggle_text_color=\u00bb#BE0055&#8243; icon_color=\u00bb#BE0055&#8243; open_icon_color=\u00bb#BE0055&#8243; _builder_version=\u00bb4.23.1&#8243; _module_preset=\u00bbdefault\u00bb title_text_color=\u00bb#BE0055&#8243; title_level=\u00bbh4&#8243; body_font_size=\u00bb16px\u00bb border_radii=\u00bbon|20px|20px|20px|20px\u00bb global_colors_info=\u00bb{}\u00bb]Para la nota conceptual, el presupuesto del proyecto debe presentarse en d\u00f3lares canadienses. Los proyectos seleccionados para la propuesta detallada deber\u00e1n presentar un presupuesto detallado en moneda local y convertido a d\u00f3lares canadienses. [\/et_pb_toggle][et_pb_toggle title=\u00bb8. \u00bfSe exige a las organizaciones que hagan una contribuci\u00f3n al presupuesto del proyecto? \u00bb open_toggle_text_color=\u00bb#BE0055&#8243; icon_color=\u00bb#BE0055&#8243; open_icon_color=\u00bb#BE0055&#8243; _builder_version=\u00bb4.23.1&#8243; _module_preset=\u00bbdefault\u00bb title_text_color=\u00bb#BE0055&#8243; title_level=\u00bbh4&#8243; body_font_size=\u00bb16px\u00bb border_radii=\u00bbon|20px|20px|20px|20px\u00bb global_colors_info=\u00bb{}\u00bb]Las organizaciones no est\u00e1n obligadas a contribuir al presupuesto del proyecto. [\/et_pb_toggle][et_pb_toggle title=\u00bb9. \u00bfLos gastos de gesti\u00f3n son admisibles para los proyectos presentados al Fondo ACCI\u00d3N? \u00bb open_toggle_text_color=\u00bb#BE0055&#8243; icon_color=\u00bb#BE0055&#8243; open_icon_color=\u00bb#BE0055&#8243; _builder_version=\u00bb4.23.1&#8243; _module_preset=\u00bbdefault\u00bb title_text_color=\u00bb#BE0055&#8243; title_level=\u00bbh4&#8243; body_font_size=\u00bb16px\u00bb border_radii=\u00bbon|20px|20px|20px|20px\u00bb global_colors_info=\u00bb{}\u00bb]Los presupuestos de los proyectos seleccionados pueden incluir gastos de gesti\u00f3n. El importe total presentado en la nota conceptual debe incluir los gastos de gesti\u00f3n, pero los detalles de los importes exactos de los gastos de gesti\u00f3n no tienen que presentarse en esta fase. [\/et_pb_toggle][\/et_pb_column][\/et_pb_row][\/et_pb_section][et_pb_section fb_built=\u00bb1&#8243; disabled_on=\u00bboff|off|off\u00bb admin_label=\u00bbAddress\u00bb _builder_version=\u00bb4.22.1&#8243; background_color=\u00bbrgba(115,115,110,0.09)\u00bb custom_padding=\u00bb1px|0px|7px|0px|false|false\u00bb custom_width_px__hover=\u00bb1080px\u00bb custom_width_px__hover_enabled=\u00bb1080px\u00bb custom_width_percent__hover=\u00bb80%\u00bb custom_width_percent__hover_enabled=\u00bb80%\u00bb locked=\u00bboff\u00bb global_colors_info=\u00bb{}\u00bb gutter_width__hover=\u00bb3&#8243; gutter_width__hover_enabled=\u00bb3&#8243; parallax_1__hover=\u00bboff\u00bb parallax_1__hover_enabled=\u00bboff\u00bb parallax_2__hover=\u00bboff\u00bb parallax_2__hover_enabled=\u00bboff\u00bb parallax_3__hover=\u00bboff\u00bb parallax_3__hover_enabled=\u00bboff\u00bb parallax_method_1__hover=\u00bbon\u00bb parallax_method_1__hover_enabled=\u00bbon\u00bb parallax_method_2__hover=\u00bbon\u00bb parallax_method_2__hover_enabled=\u00bbon\u00bb parallax_method_3__hover=\u00bbon\u00bb parallax_method_3__hover_enabled=\u00bbon\u00bb use_background_color_gradient__hover=\u00bboff\u00bb use_background_color_gradient__hover_enabled=\u00bboff\u00bb background_color_gradient_start__hover=\u00bb#2b87da\u00bb background_color_gradient_start__hover_enabled=\u00bb#2b87da\u00bb background_color_gradient_end__hover=\u00bb#29c4a9&#8243; background_color_gradient_end__hover_enabled=\u00bb#29c4a9&#8243; background_color_gradient_type__hover=\u00bblinear\u00bb background_color_gradient_type__hover_enabled=\u00bblinear\u00bb background_color_gradient_direction__hover=\u00bb180deg\u00bb background_color_gradient_direction__hover_enabled=\u00bb180deg\u00bb background_color_gradient_direction_radial__hover=\u00bbcenter\u00bb background_color_gradient_direction_radial__hover_enabled=\u00bbcenter\u00bb background_color_gradient_start_position__hover=\u00bb0%\u00bb background_color_gradient_start_position__hover_enabled=\u00bb0%\u00bb background_color_gradient_end_position__hover=\u00bb100%\u00bb background_color_gradient_end_position__hover_enabled=\u00bb100%\u00bb background_color_gradient_overlays_image__hover=\u00bboff\u00bb background_color_gradient_overlays_image__hover_enabled=\u00bboff\u00bb parallax__hover=\u00bboff\u00bb parallax__hover_enabled=\u00bboff\u00bb parallax_method__hover=\u00bbon\u00bb parallax_method__hover_enabled=\u00bbon\u00bb background_size__hover=\u00bbcover\u00bb background_size__hover_enabled=\u00bbcover\u00bb background_position__hover=\u00bbcenter\u00bb background_position__hover_enabled=\u00bbcenter\u00bb background_repeat__hover=\u00bbno-repeat\u00bb background_repeat__hover_enabled=\u00bbno-repeat\u00bb background_blend__hover=\u00bbnormal\u00bb background_blend__hover_enabled=\u00bbnormal\u00bb allow_player_pause__hover=\u00bboff\u00bb allow_player_pause__hover_enabled=\u00bboff\u00bb background_video_pause_outside_viewport__hover=\u00bbon\u00bb background_video_pause_outside_viewport__hover_enabled=\u00bbon\u00bb inner_shadow__hover=\u00bboff\u00bb inner_shadow__hover_enabled=\u00bboff\u00bb make_fullwidth__hover=\u00bboff\u00bb make_fullwidth__hover_enabled=\u00bboff\u00bb use_custom_width__hover=\u00bboff\u00bb use_custom_width__hover_enabled=\u00bboff\u00bb width_unit__hover=\u00bbon\u00bb width_unit__hover_enabled=\u00bbon\u00bb make_equal__hover=\u00bboff\u00bb make_equal__hover_enabled=\u00bboff\u00bb use_custom_gutter__hover=\u00bboff\u00bb use_custom_gutter__hover_enabled=\u00bboff\u00bb border_radii__hover=\u00bbon||||\u00bb border_radii__hover_enabled=\u00bbon||||\u00bb box_shadow_style__hover=\u00bbnone\u00bb box_shadow_style__hover_enabled=\u00bbnone\u00bb box_shadow_color__hover=\u00bbrgba(0,0,0,0.3)\u00bb box_shadow_color__hover_enabled=\u00bbrgba(0,0,0,0.3)\u00bb max_width__hover=\u00bb100%\u00bb max_width__hover_enabled=\u00bb100%\u00bb filter_hue_rotate__hover=\u00bb0deg\u00bb filter_hue_rotate__hover_enabled=\u00bb0deg\u00bb filter_saturate__hover=\u00bb100%\u00bb filter_saturate__hover_enabled=\u00bb100%\u00bb filter_brightness__hover=\u00bb100%\u00bb filter_brightness__hover_enabled=\u00bb100%\u00bb filter_contrast__hover=\u00bb100%\u00bb filter_contrast__hover_enabled=\u00bb100%\u00bb filter_invert__hover=\u00bb0%\u00bb filter_invert__hover_enabled=\u00bb0%\u00bb filter_sepia__hover=\u00bb0%\u00bb filter_sepia__hover_enabled=\u00bb0%\u00bb filter_opacity__hover=\u00bb100%\u00bb filter_opacity__hover_enabled=\u00bb100%\u00bb filter_blur__hover=\u00bb0px\u00bb filter_blur__hover_enabled=\u00bb0px\u00bb mix_blend_mode__hover=\u00bbnormal\u00bb mix_blend_mode__hover_enabled=\u00bbnormal\u00bb animation_style__hover=\u00bbnone\u00bb animation_style__hover_enabled=\u00bbnone\u00bb animation_repeat__hover=\u00bbonce\u00bb animation_repeat__hover_enabled=\u00bbonce\u00bb animation_direction__hover=\u00bbcenter\u00bb animation_direction__hover_enabled=\u00bbcenter\u00bb animation_duration__hover=\u00bb1000ms\u00bb animation_duration__hover_enabled=\u00bb1000ms\u00bb animation_delay__hover=\u00bb0ms\u00bb animation_delay__hover_enabled=\u00bb0ms\u00bb animation_intensity_slide__hover=\u00bb50%\u00bb animation_intensity_slide__hover_enabled=\u00bb50%\u00bb animation_intensity_zoom__hover=\u00bb50%\u00bb animation_intensity_zoom__hover_enabled=\u00bb50%\u00bb animation_intensity_flip__hover=\u00bb50%\u00bb animation_intensity_flip__hover_enabled=\u00bb50%\u00bb animation_intensity_fold__hover=\u00bb50%\u00bb animation_intensity_fold__hover_enabled=\u00bb50%\u00bb animation_intensity_roll__hover=\u00bb50%\u00bb animation_intensity_roll__hover_enabled=\u00bb50%\u00bb animation_starting_opacity__hover=\u00bb0%\u00bb animation_starting_opacity__hover_enabled=\u00bb0%\u00bb animation_speed_curve__hover=\u00bbease-in-out\u00bb animation_speed_curve__hover_enabled=\u00bbease-in-out\u00bb hover_transition_duration__hover=\u00bb300ms\u00bb hover_transition_duration__hover_enabled=\u00bb300ms\u00bb hover_transition_delay__hover=\u00bb0ms\u00bb hover_transition_delay__hover_enabled=\u00bb0ms\u00bb hover_transition_speed_curve__hover=\u00bbease\u00bb hover_transition_speed_curve__hover_enabled=\u00bbease\u00bb background_color_gradient_stops__hover=\u00bb#2b87da 0%|#29c4a9 100%\u00bb][et_pb_row _builder_version=\u00bb4.21.2&#8243; custom_padding=\u00bb24px||7px|||\u00bb global_colors_info=\u00bb{}\u00bb][et_pb_column type=\u00bb4_4&#8243; _builder_version=\u00bb4.16&#8243; global_colors_info=\u00bb{}\u00bb][et_pb_text _builder_version=\u00bb4.22.1&#8243; _module_preset=\u00bbdefault\u00bb header_2_font=\u00bb|600|||||||\u00bb header_2_text_align=\u00bbcenter\u00bb header_2_text_color=\u00bb#CE0058&#8243; header_2_font_size=\u00bb28px\u00bb header_4_font=\u00bb|600|||||||\u00bb header_4_text_align=\u00bbcenter\u00bb header_4_text_color=\u00bb#FF325A\u00bb header_5_font=\u00bb|600|||||||\u00bb header_5_text_align=\u00bbcenter\u00bb header_5_text_color=\u00bb#FF325A\u00bb custom_margin=\u00bb||2px|||\u00bb locked=\u00bboff\u00bb global_colors_info=\u00bb{}\u00bb]<\/p>\n<h2>Recurso adicional<\/h2>\n<h4>Fondo ACCI\u00d3N<\/h4>\n<p>[\/et_pb_text][\/et_pb_column][\/et_pb_row][et_pb_row column_structure=\u00bb1_4,1_2,1_4&#8243; _builder_version=\u00bb4.22.1&#8243; background_enable_color=\u00bboff\u00bb custom_padding=\u00bb11px||23px|||\u00bb global_colors_info=\u00bb{}\u00bb][et_pb_column type=\u00bb1_4&#8243; _builder_version=\u00bb4.16&#8243; global_colors_info=\u00bb{}\u00bb][\/et_pb_column][et_pb_column type=\u00bb1_2&#8243; _builder_version=\u00bb4.16&#8243; global_colors_info=\u00bb{}\u00bb][et_pb_image src=\u00bbhttps:\/\/missioninclusion.ca\/wp-content\/uploads\/2023\/09\/img-fondo-de-accion-para-la-inclusion-y-la-participacion.jpg\u00bb title_text=\u00bbimg-fondo de accion para la inclusion y la participacion\u00bb url=\u00bbhttps:\/\/missioninclusion.ca\/wp-content\/uploads\/2023\/10\/CONVOCATORIA-DE-PROYECTOS-es-final.pdf\u00bb url_new_window=\u00bbon\u00bb _builder_version=\u00bb4.22.2&#8243; _module_preset=\u00bbdefault\u00bb width=\u00bb50%\u00bb max_width=\u00bb50%\u00bb module_alignment=\u00bbcenter\u00bb custom_margin=\u00bb||-4px|||\u00bb global_colors_info=\u00bb{}\u00bb][\/et_pb_image][et_pb_text _builder_version=\u00bb4.22.1&#8243; _module_preset=\u00bbdefault\u00bb text_text_color=\u00bb#73736E\u00bb text_font_size=\u00bb16px\u00bb header_4_font=\u00bb|600|||||||\u00bb header_4_text_align=\u00bbcenter\u00bb header_4_text_color=\u00bb#FF325A\u00bb header_5_text_color=\u00bb#CE0058&#8243; text_orientation=\u00bbcenter\u00bb custom_margin=\u00bb13px|||||\u00bb global_colors_info=\u00bb{}\u00bb]<strong>Convocatoria de proyectos n\u00ba1 \u2013 2023<\/strong>[\/et_pb_text][\/et_pb_column][et_pb_column type=\u00bb1_4&#8243; _builder_version=\u00bb4.16&#8243; global_colors_info=\u00bb{}\u00bb][\/et_pb_column][\/et_pb_row][\/et_pb_section][et_pb_section fb_built=\u00bb1&#8243; disabled_on=\u00bboff|off|off\u00bb admin_label=\u00bbAddress\u00bb _builder_version=\u00bb4.22.1&#8243; background_enable_color=\u00bboff\u00bb custom_padding=\u00bb1px|0px|7px|0px|false|false\u00bb custom_width_px__hover=\u00bb1080px\u00bb custom_width_px__hover_enabled=\u00bb1080px\u00bb custom_width_percent__hover=\u00bb80%\u00bb custom_width_percent__hover_enabled=\u00bb80%\u00bb locked=\u00bboff\u00bb global_colors_info=\u00bb{}\u00bb gutter_width__hover=\u00bb3&#8243; gutter_width__hover_enabled=\u00bb3&#8243; parallax_1__hover=\u00bboff\u00bb parallax_1__hover_enabled=\u00bboff\u00bb parallax_2__hover=\u00bboff\u00bb parallax_2__hover_enabled=\u00bboff\u00bb parallax_3__hover=\u00bboff\u00bb parallax_3__hover_enabled=\u00bboff\u00bb parallax_method_1__hover=\u00bbon\u00bb parallax_method_1__hover_enabled=\u00bbon\u00bb parallax_method_2__hover=\u00bbon\u00bb parallax_method_2__hover_enabled=\u00bbon\u00bb parallax_method_3__hover=\u00bbon\u00bb parallax_method_3__hover_enabled=\u00bbon\u00bb use_background_color_gradient__hover=\u00bboff\u00bb use_background_color_gradient__hover_enabled=\u00bboff\u00bb background_color_gradient_start__hover=\u00bb#2b87da\u00bb background_color_gradient_start__hover_enabled=\u00bb#2b87da\u00bb background_color_gradient_end__hover=\u00bb#29c4a9&#8243; background_color_gradient_end__hover_enabled=\u00bb#29c4a9&#8243; background_color_gradient_type__hover=\u00bblinear\u00bb background_color_gradient_type__hover_enabled=\u00bblinear\u00bb background_color_gradient_direction__hover=\u00bb180deg\u00bb background_color_gradient_direction__hover_enabled=\u00bb180deg\u00bb background_color_gradient_direction_radial__hover=\u00bbcenter\u00bb background_color_gradient_direction_radial__hover_enabled=\u00bbcenter\u00bb background_color_gradient_start_position__hover=\u00bb0%\u00bb background_color_gradient_start_position__hover_enabled=\u00bb0%\u00bb background_color_gradient_end_position__hover=\u00bb100%\u00bb background_color_gradient_end_position__hover_enabled=\u00bb100%\u00bb background_color_gradient_overlays_image__hover=\u00bboff\u00bb background_color_gradient_overlays_image__hover_enabled=\u00bboff\u00bb parallax__hover=\u00bboff\u00bb parallax__hover_enabled=\u00bboff\u00bb parallax_method__hover=\u00bbon\u00bb parallax_method__hover_enabled=\u00bbon\u00bb background_size__hover=\u00bbcover\u00bb background_size__hover_enabled=\u00bbcover\u00bb background_position__hover=\u00bbcenter\u00bb background_position__hover_enabled=\u00bbcenter\u00bb background_repeat__hover=\u00bbno-repeat\u00bb background_repeat__hover_enabled=\u00bbno-repeat\u00bb background_blend__hover=\u00bbnormal\u00bb background_blend__hover_enabled=\u00bbnormal\u00bb allow_player_pause__hover=\u00bboff\u00bb allow_player_pause__hover_enabled=\u00bboff\u00bb background_video_pause_outside_viewport__hover=\u00bbon\u00bb background_video_pause_outside_viewport__hover_enabled=\u00bbon\u00bb inner_shadow__hover=\u00bboff\u00bb inner_shadow__hover_enabled=\u00bboff\u00bb make_fullwidth__hover=\u00bboff\u00bb make_fullwidth__hover_enabled=\u00bboff\u00bb use_custom_width__hover=\u00bboff\u00bb use_custom_width__hover_enabled=\u00bboff\u00bb width_unit__hover=\u00bbon\u00bb width_unit__hover_enabled=\u00bbon\u00bb make_equal__hover=\u00bboff\u00bb make_equal__hover_enabled=\u00bboff\u00bb use_custom_gutter__hover=\u00bboff\u00bb use_custom_gutter__hover_enabled=\u00bboff\u00bb border_radii__hover=\u00bbon||||\u00bb border_radii__hover_enabled=\u00bbon||||\u00bb box_shadow_style__hover=\u00bbnone\u00bb box_shadow_style__hover_enabled=\u00bbnone\u00bb box_shadow_color__hover=\u00bbrgba(0,0,0,0.3)\u00bb box_shadow_color__hover_enabled=\u00bbrgba(0,0,0,0.3)\u00bb max_width__hover=\u00bb100%\u00bb max_width__hover_enabled=\u00bb100%\u00bb filter_hue_rotate__hover=\u00bb0deg\u00bb filter_hue_rotate__hover_enabled=\u00bb0deg\u00bb filter_saturate__hover=\u00bb100%\u00bb filter_saturate__hover_enabled=\u00bb100%\u00bb filter_brightness__hover=\u00bb100%\u00bb filter_brightness__hover_enabled=\u00bb100%\u00bb filter_contrast__hover=\u00bb100%\u00bb filter_contrast__hover_enabled=\u00bb100%\u00bb filter_invert__hover=\u00bb0%\u00bb filter_invert__hover_enabled=\u00bb0%\u00bb filter_sepia__hover=\u00bb0%\u00bb filter_sepia__hover_enabled=\u00bb0%\u00bb filter_opacity__hover=\u00bb100%\u00bb filter_opacity__hover_enabled=\u00bb100%\u00bb filter_blur__hover=\u00bb0px\u00bb filter_blur__hover_enabled=\u00bb0px\u00bb mix_blend_mode__hover=\u00bbnormal\u00bb mix_blend_mode__hover_enabled=\u00bbnormal\u00bb animation_style__hover=\u00bbnone\u00bb animation_style__hover_enabled=\u00bbnone\u00bb animation_repeat__hover=\u00bbonce\u00bb animation_repeat__hover_enabled=\u00bbonce\u00bb animation_direction__hover=\u00bbcenter\u00bb animation_direction__hover_enabled=\u00bbcenter\u00bb animation_duration__hover=\u00bb1000ms\u00bb animation_duration__hover_enabled=\u00bb1000ms\u00bb animation_delay__hover=\u00bb0ms\u00bb animation_delay__hover_enabled=\u00bb0ms\u00bb animation_intensity_slide__hover=\u00bb50%\u00bb animation_intensity_slide__hover_enabled=\u00bb50%\u00bb animation_intensity_zoom__hover=\u00bb50%\u00bb animation_intensity_zoom__hover_enabled=\u00bb50%\u00bb animation_intensity_flip__hover=\u00bb50%\u00bb animation_intensity_flip__hover_enabled=\u00bb50%\u00bb animation_intensity_fold__hover=\u00bb50%\u00bb animation_intensity_fold__hover_enabled=\u00bb50%\u00bb animation_intensity_roll__hover=\u00bb50%\u00bb animation_intensity_roll__hover_enabled=\u00bb50%\u00bb animation_starting_opacity__hover=\u00bb0%\u00bb animation_starting_opacity__hover_enabled=\u00bb0%\u00bb animation_speed_curve__hover=\u00bbease-in-out\u00bb animation_speed_curve__hover_enabled=\u00bbease-in-out\u00bb hover_transition_duration__hover=\u00bb300ms\u00bb hover_transition_duration__hover_enabled=\u00bb300ms\u00bb hover_transition_delay__hover=\u00bb0ms\u00bb hover_transition_delay__hover_enabled=\u00bb0ms\u00bb hover_transition_speed_curve__hover=\u00bbease\u00bb hover_transition_speed_curve__hover_enabled=\u00bbease\u00bb background_color_gradient_stops__hover=\u00bb#2b87da 0%|#29c4a9 100%\u00bb][et_pb_row _builder_version=\u00bb4.21.2&#8243; custom_padding=\u00bb46px||7px|||\u00bb global_colors_info=\u00bb{}\u00bb][et_pb_column type=\u00bb4_4&#8243; _builder_version=\u00bb4.16&#8243; global_colors_info=\u00bb{}\u00bb][et_pb_text _builder_version=\u00bb4.22.1&#8243; _module_preset=\u00bbdefault\u00bb header_2_font=\u00bb|600|||||||\u00bb header_2_text_align=\u00bbcenter\u00bb header_2_text_color=\u00bb#CE0058&#8243; header_2_font_size=\u00bb28px\u00bb header_4_font=\u00bb|600|||||||\u00bb header_4_text_align=\u00bbcenter\u00bb header_4_text_color=\u00bb#FF325A\u00bb header_5_font=\u00bb|600|||||||\u00bb header_5_text_align=\u00bbcenter\u00bb header_5_text_color=\u00bb#FF325A\u00bb custom_margin=\u00bb||2px|||\u00bb locked=\u00bboff\u00bb global_colors_info=\u00bb{}\u00bb]<\/p>\n<h2>Para m\u00e1s informaci\u00f3n<\/h2>\n<h5>Fondo ACCI\u00d3N &#8211; CONVOCATORIA n\u00ba 1<\/h5>\n<p>[\/et_pb_text][et_pb_divider color=\u00bb#FF325A\u00bb divider_weight=\u00bb4px\u00bb _builder_version=\u00bb4.22.1&#8243; _module_preset=\u00bbdefault\u00bb width=\u00bb20%\u00bb max_width=\u00bb20%\u00bb module_alignment=\u00bbcenter\u00bb custom_margin=\u00bb||7px|||\u00bb locked=\u00bboff\u00bb global_colors_info=\u00bb{}\u00bb][\/et_pb_divider][\/et_pb_column][\/et_pb_row][et_pb_row _builder_version=\u00bb4.21.2&#8243; custom_padding=\u00bb24px||33px|||\u00bb global_colors_info=\u00bb{}\u00bb][et_pb_column type=\u00bb4_4&#8243; _builder_version=\u00bb4.16&#8243; global_colors_info=\u00bb{}\u00bb][et_pb_text _builder_version=\u00bb4.22.1&#8243; _module_preset=\u00bbdefault\u00bb header_2_font=\u00bb|600|||||||\u00bb header_2_text_align=\u00bbcenter\u00bb header_2_text_color=\u00bb#CE0058&#8243; header_2_font_size=\u00bb28px\u00bb header_3_font=\u00bb|600|||on||||\u00bb header_3_text_align=\u00bbcenter\u00bb header_3_text_color=\u00bb#FF325A\u00bb header_4_font=\u00bb|600|||||||\u00bb header_4_text_align=\u00bbcenter\u00bb header_4_text_color=\u00bb#FF325A\u00bb header_5_font=\u00bb|600|||||||\u00bb header_5_text_align=\u00bbcenter\u00bb header_5_text_color=\u00bb#FF325A\u00bb custom_margin=\u00bb||2px|||\u00bb locked=\u00bboff\u00bb global_colors_info=\u00bb{}\u00bb]<\/p>\n<h3><a href=\"mailto:action@missioninclusion.ca\">action@missioninclusion.ca<\/a><\/h3>\n<p>[\/et_pb_text][\/et_pb_column][\/et_pb_row][\/et_pb_section][et_pb_section fb_built=\u00bb1&#8243; specialty=\u00bbon\u00bb _builder_version=\u00bb4.19.0&#8243; _module_preset=\u00bbdefault\u00bb background_color=\u00bbrgba(115,115,110,0.09)\u00bb custom_padding=\u00bb26px||14px|||\u00bb locked=\u00bboff\u00bb global_colors_info=\u00bb{}\u00bb][et_pb_column type=\u00bb1_2&#8243; specialty_columns=\u00bb2&#8243; _builder_version=\u00bb4.16&#8243; custom_padding=\u00bb|||\u00bb global_colors_info=\u00bb{}\u00bb custom_padding__hover=\u00bb|||\u00bb][et_pb_row_inner _builder_version=\u00bb4.18.1&#8243; _module_preset=\u00bbdefault\u00bb global_colors_info=\u00bb{}\u00bb][et_pb_column_inner saved_specialty_column_type=\u00bb1_2&#8243; _builder_version=\u00bb4.18.1&#8243; _module_preset=\u00bbdefault\u00bb global_colors_info=\u00bb{}\u00bb][et_pb_text _builder_version=\u00bb4.27.4&#8243; _module_preset=\u00bbdefault\u00bb text_font=\u00bb|600|||||||\u00bb text_text_color=\u00bb#CE0058&#8243; text_font_size=\u00bb30px\u00bb custom_margin=\u00bb||2px|||\u00bb custom_padding=\u00bb||0px|||\u00bb global_colors_info=\u00bb{}\u00bb]S\u00edganos[\/et_pb_text][\/et_pb_column_inner][\/et_pb_row_inner][et_pb_row_inner _builder_version=\u00bb4.19.0&#8243; _module_preset=\u00bbdefault\u00bb custom_margin=\u00bb2px|||||\u00bb custom_padding=\u00bb6px|||||\u00bb locked=\u00bboff\u00bb global_colors_info=\u00bb{}\u00bb][et_pb_column_inner saved_specialty_column_type=\u00bb1_2&#8243; _builder_version=\u00bb4.19.0&#8243; _module_preset=\u00bbdefault\u00bb global_colors_info=\u00bb{}\u00bb][et_pb_text _builder_version=\u00bb4.27.4&#8243; _module_preset=\u00bbdefault\u00bb custom_margin=\u00bb10px|||||\u00bb locked=\u00bboff\u00bb global_colors_info=\u00bb{}\u00bb]<\/p>\n<p><a href=\"https:\/\/www.facebook.com\/missioninclusion\" target=\"_blank\" rel=\"noopener\"><img loading=\"lazy\" decoding=\"async\" src=\"https:\/\/missioninclusion.ca\/wp-content\/uploads\/2025\/02\/icone-icon-facebook-Mission-inclusion.png\" width=\"50\" height=\"50\" alt=\"\" class=\"wp-image-28206 alignnone size-full\" \/><\/a>\u00a0 \u00a0<a href=\"https:\/\/www.instagram.com\/missioninclusion\/\" target=\"_blank\" rel=\"noopener\"><img loading=\"lazy\" decoding=\"async\" src=\"https:\/\/missioninclusion.ca\/wp-content\/uploads\/2025\/02\/icone-icon-instagram-Mission-inclusion-300x297.png\" width=\"50\" height=\"50\" alt=\"icone icon instagram Mission inclusion\" class=\"wp-image-47238 alignnone size-medium\" \/><\/a>\u00a0 \u00a0<a href=\"https:\/\/ca.linkedin.com\/company\/mission-inclusion\" target=\"_blank\" rel=\"noopener\"><img loading=\"lazy\" decoding=\"async\" src=\"https:\/\/missioninclusion.ca\/wp-content\/uploads\/2025\/02\/icone-icon-linkedin-Mission-inclusion-300x297.png\" width=\"50\" height=\"50\" alt=\"icone icon linkedin Mission inclusion\" class=\"wp-image-47241 alignnone size-medium\" \/><\/a>\u00a0 \u00a0<a href=\"https:\/\/bsky.app\/profile\/missioninclusion.bsky.social\" target=\"_blank\" rel=\"noopener\"><img loading=\"lazy\" decoding=\"async\" src=\"https:\/\/missioninclusion.ca\/wp-content\/uploads\/2025\/02\/icone-icon-bluesky-Mission-inclusion-300x297.png\" width=\"50\" height=\"50\" alt=\"icone icon bluesky Mission inclusion\" class=\"wp-image-47232 alignnone size-medium\" \/><\/a>\u00a0 \u00a0<a href=\"https:\/\/www.youtube.com\/missioninclusion%20\" target=\"_blank\" rel=\"noopener\"> <img loading=\"lazy\" decoding=\"async\" src=\"https:\/\/missioninclusion.ca\/wp-content\/uploads\/2025\/02\/icone-icon-youtube-Mission-inclusion-300x297.png\" width=\"50\" height=\"50\" alt=\"icone icon youtube Mission inclusion\" class=\"wp-image-47244 alignnone size-medium\" \/><\/a><\/p>\n<p>[\/et_pb_text][\/et_pb_column_inner][\/et_pb_row_inner][et_pb_row_inner _builder_version=\u00bb4.18.1&#8243; _module_preset=\u00bbdefault\u00bb custom_padding=\u00bb4px|||||\u00bb global_colors_info=\u00bb{}\u00bb][et_pb_column_inner saved_specialty_column_type=\u00bb1_2&#8243; _builder_version=\u00bb4.18.1&#8243; _module_preset=\u00bbdefault\u00bb global_colors_info=\u00bb{}\u00bb][et_pb_text _builder_version=\u00bb4.27.4&#8243; text_text_color=\u00bb#ffffff\u00bb link_font=\u00bb||||on||||\u00bb link_text_color=\u00bb#CE0058&#8243; link_font_size=\u00bb17px\u00bb hover_enabled=\u00bb0&#8243; text_text_align=\u00bbright\u00bb global_colors_info=\u00bb{}\u00bb sticky_enabled=\u00bb0&#8243;]<a href=\"https:\/\/missioninclusion.ca\/es\/contactanos\/\">Cont\u00e1ctanos<\/a><br \/>\n<a href=\"https:\/\/missioninclusion.ca\/es\/politica-de-proteccion-de-datos-personales-y-confidencialidad\/\">Pol\u00edtica de privacidad<\/a>[\/et_pb_text][\/et_pb_column_inner][\/et_pb_row_inner][\/et_pb_column][et_pb_column type=\u00bb1_2&#8243; _builder_version=\u00bb4.16&#8243; custom_padding=\u00bb|||\u00bb global_colors_info=\u00bb{}\u00bb custom_padding__hover=\u00bb|||\u00bb][et_pb_text _builder_version=\u00bb4.27.4&#8243; text_font=\u00bb|600|||||||\u00bb text_text_color=\u00bb#ffffff\u00bb text_font_size=\u00bb30px\u00bb custom_margin=\u00bb||10px||false|false\u00bb global_colors_info=\u00bb{}\u00bb]<\/p>\n<p style=\"text-align: left;\"><span style=\"color: #ce0058;\">Me suscribo al bolet\u00edn informativo<\/span><\/p>\n<p>[\/et_pb_text][et_pb_text _builder_version=\u00bb4.27.4&#8243; text_text_color=\u00bb#CE0058&#8243; text_font_size=\u00bb16px\u00bb custom_margin=\u00bb||-9px||false|false\u00bb custom_padding=\u00bb||||false|false\u00bb border_color_left=\u00bb#fff\u00bb global_colors_info=\u00bb{}\u00bb]<\/p>\n<script type=\"text\/javascript\">\n\/* <![CDATA[ *\/\nvar gform;gform||(document.addEventListener(\"gform_main_scripts_loaded\",function(){gform.scriptsLoaded=!0}),document.addEventListener(\"gform\/theme\/scripts_loaded\",function(){gform.themeScriptsLoaded=!0}),window.addEventListener(\"DOMContentLoaded\",function(){gform.domLoaded=!0}),gform={domLoaded:!1,scriptsLoaded:!1,themeScriptsLoaded:!1,isFormEditor:()=>\"function\"==typeof InitializeEditor,callIfLoaded:function(o){return!(!gform.domLoaded||!gform.scriptsLoaded||!gform.themeScriptsLoaded&&!gform.isFormEditor()||(gform.isFormEditor()&&console.warn(\"The use of gform.initializeOnLoaded() is deprecated in the form editor context and will be removed in Gravity Forms 3.1.\"),o(),0))},initializeOnLoaded:function(o){gform.callIfLoaded(o)||(document.addEventListener(\"gform_main_scripts_loaded\",()=>{gform.scriptsLoaded=!0,gform.callIfLoaded(o)}),document.addEventListener(\"gform\/theme\/scripts_loaded\",()=>{gform.themeScriptsLoaded=!0,gform.callIfLoaded(o)}),window.addEventListener(\"DOMContentLoaded\",()=>{gform.domLoaded=!0,gform.callIfLoaded(o)}))},hooks:{action:{},filter:{}},addAction:function(o,r,e,t){gform.addHook(\"action\",o,r,e,t)},addFilter:function(o,r,e,t){gform.addHook(\"filter\",o,r,e,t)},doAction:function(o){gform.doHook(\"action\",o,arguments)},applyFilters:function(o){return gform.doHook(\"filter\",o,arguments)},removeAction:function(o,r){gform.removeHook(\"action\",o,r)},removeFilter:function(o,r,e){gform.removeHook(\"filter\",o,r,e)},addHook:function(o,r,e,t,n){null==gform.hooks[o][r]&&(gform.hooks[o][r]=[]);var d=gform.hooks[o][r];null==n&&(n=r+\"_\"+d.length),gform.hooks[o][r].push({tag:n,callable:e,priority:t=null==t?10:t})},doHook:function(r,o,e){var t;if(e=Array.prototype.slice.call(e,1),null!=gform.hooks[r][o]&&((o=gform.hooks[r][o]).sort(function(o,r){return o.priority-r.priority}),o.forEach(function(o){\"function\"!=typeof(t=o.callable)&&(t=window[t]),\"action\"==r?t.apply(null,e):e[0]=t.apply(null,e)})),\"filter\"==r)return e[0]},removeHook:function(o,r,t,n){var e;null!=gform.hooks[o][r]&&(e=(e=gform.hooks[o][r]).filter(function(o,r,e){return!!(null!=n&&n!=o.tag||null!=t&&t!=o.priority)}),gform.hooks[o][r]=e)}});\n\/* ]]> *\/\n<\/script>\n\n                <div class='gf_browser_gecko gform_wrapper gform_legacy_markup_wrapper gform-theme--no-framework' data-form-theme='legacy' data-form-index='0' id='gform_wrapper_33' ><div id='gf_33' class='gform_anchor' tabindex='-1'><\/div><form method='post' enctype='multipart\/form-data' target='gform_ajax_frame_33' id='gform_33'  action='\/es\/wp-json\/wp\/v2\/pages\/34983#gf_33' data-formid='33' novalidate>\n                        <div class='gform-body gform_body'><ul id='gform_fields_33' class='gform_fields top_label form_sublabel_below description_below validation_below'><li id=\"field_33_7\" class=\"gfield gfield--type-radio gfield--type-choice gfield--input-type-radio gfield--width-full gf_left_third field_sublabel_below gfield--no-description field_description_below field_validation_below gfield_visibility_visible\"  ><label class='gfield_label gform-field-label screen-reader-text' ><\/label><div class='ginput_container ginput_container_radio'><ul class='gfield_radio' id='input_33_7'>\n\t\t\t<li class='gchoice gchoice_33_7_0'>\n\t\t\t\t<input name='input_7' type='radio' value='Se\u00f1ora'  id='choice_33_7_0' tabindex='49'   \/>\n\t\t\t\t<label for='choice_33_7_0' id='label_33_7_0' class='gform-field-label gform-field-label--type-inline'>Se\u00f1ora<\/label>\n\t\t\t<\/li>\n\t\t\t<li class='gchoice gchoice_33_7_1'>\n\t\t\t\t<input name='input_7' type='radio' value='Se\u00f1or'  id='choice_33_7_1' tabindex='50'   \/>\n\t\t\t\t<label for='choice_33_7_1' id='label_33_7_1' class='gform-field-label gform-field-label--type-inline'>Se\u00f1or<\/label>\n\t\t\t<\/li><\/ul><\/div><\/li><li id=\"field_33_5\" class=\"gfield gfield--type-name gfield--input-type-name gf_middle_third gfield_contains_required field_sublabel_hidden_label gfield--no-description field_description_below hidden_label field_validation_below gfield_visibility_visible\"  ><label class='gfield_label gform-field-label screen-reader-text gfield_label_before_complex' ><span class=\"gfield_required\"><span class=\"gfield_required gfield_required_asterisk\">*<\/span><\/span><\/label><div class='ginput_complex ginput_container ginput_container--name no_prefix no_first_name no_middle_name has_last_name no_suffix gf_name_has_1 ginput_container_name gform-grid-row' id='input_33_5'>\n                            \n                            \n                            \n                            <span id='input_33_5_6_container' class='name_last gform-grid-col gform-grid-col--size-auto' >\n                                                    <input type='text' name='input_5.6' id='input_33_5_6' value='' tabindex='54'  aria-required='true'   placeholder='Nombre completo'  \/>\n                                                    <label for='input_33_5_6' class='gform-field-label gform-field-label--type-sub hidden_sub_label screen-reader-text'>Apellidos<\/label>\n                                                <\/span>\n                            \n                        <\/div><\/li><li id=\"field_33_2\" class=\"gfield gfield--type-email gfield--input-type-email gfield--width-full gf_right_third gfield_contains_required field_sublabel_below gfield--no-description field_description_below hidden_label field_validation_below gfield_visibility_visible\"  ><label class='gfield_label gform-field-label screen-reader-text' for='input_33_2'>Correo electr\u00f3nico<span class=\"gfield_required\"><span class=\"gfield_required gfield_required_asterisk\">*<\/span><\/span><\/label><div class='ginput_container ginput_container_email'>\n                            <input name='input_2' id='input_33_2' type='email' value='' class='large' tabindex='56'  placeholder='Correo electr\u00f3nico' aria-required=\"true\" aria-invalid=\"false\"  \/>\n                        <\/div><\/li><\/ul><\/div>\n        <div class='gform-footer gform_footer top_label'> <input type='submit' id='gform_submit_button_33' class='gform_button button' onclick='gform.submission.handleButtonClick(this);' data-submission-type='submit' value='Registro' tabindex='57' \/> <input type='hidden' name='gform_ajax' value='form_id=33&amp;title=&amp;description=&amp;tabindex=49&amp;theme=legacy&amp;styles=[]&amp;hash=29122913211c78f4d14b087dd0150008' \/>\n            <input type='hidden' class='gform_hidden' name='gform_submission_method' data-js='gform_submission_method_33' value='iframe' \/>\n            <input type='hidden' class='gform_hidden' name='gform_theme' data-js='gform_theme_33' id='gform_theme_33' value='legacy' \/>\n            <input type='hidden' class='gform_hidden' name='gform_style_settings' data-js='gform_style_settings_33' id='gform_style_settings_33' value='[]' \/>\n            <input type='hidden' class='gform_hidden' name='is_submit_33' value='1' \/>\n            <input type='hidden' class='gform_hidden' name='gform_submit' value='33' \/>\n            \n            <input type='hidden' class='gform_hidden' name='gform_currency' data-currency='CAD' value='Www95yV9vAPnM5eofGsMEmTbRM77UrfB8gAzAi0f0ee3LzD\/y2fQB6WVE4tFssBDOF6oO4tYNO6jKG4xnBQZDm+95OXOkMhSnYoEn1GexQ1LJpk=' \/>\n            <input type='hidden' class='gform_hidden' name='gform_unique_id' value='' \/>\n            <input type='hidden' class='gform_hidden' name='state_33' value='WyJ7XCI3XCI6W1wiNDYyMGU2Y2M4MzAxMjYzZjA5N2RjYzIzOTZlZDM1OTlcIixcIjRlZjBhODQxNTlkZTZhYTUxOTczZjI4NzA5YjFhNzg0XCJdfSIsIjZmN2U1ZmQxYzFmZTFiM2Y5NjI4YjljYzJmOTVhMTdjIl0=' \/>\n            <input type='hidden' autocomplete='off' class='gform_hidden' name='gform_target_page_number_33' id='gform_target_page_number_33' value='0' \/>\n            <input type='hidden' autocomplete='off' class='gform_hidden' name='gform_source_page_number_33' id='gform_source_page_number_33' value='1' \/>\n            <input type='hidden' name='gform_field_values' value='' \/>\n            \n        <\/div>\n                        <\/form>\n                        <\/div>\n\t\t                <iframe style='display:none;width:0px;height:0px;' src='about:blank' name='gform_ajax_frame_33' id='gform_ajax_frame_33' title='Este iframe contiene la l\u00f3gica necesaria para gestionar formularios con ajax activado.'><\/iframe>\n\t\t                <script type=\"text\/javascript\">\n\/* <![CDATA[ *\/\n gform.initializeOnLoaded( function() {gformInitSpinner( 33, 'https:\/\/missioninclusion.ca\/wp-content\/plugins\/gravityforms\/images\/spinner.svg', true );jQuery('#gform_ajax_frame_33').on('load',function(){var contents = jQuery(this).contents().find('*').html();var is_postback = contents.indexOf('GF_AJAX_POSTBACK') >= 0;if(!is_postback){return;}var form_content = jQuery(this).contents().find('#gform_wrapper_33');var is_confirmation = jQuery(this).contents().find('#gform_confirmation_wrapper_33').length > 0;var is_redirect = contents.indexOf('gformRedirect(){') >= 0;var is_form = form_content.length > 0 && ! is_redirect && ! is_confirmation;var mt = parseInt(jQuery('html').css('margin-top'), 10) + parseInt(jQuery('body').css('margin-top'), 10) + 100;if(is_form){jQuery('#gform_wrapper_33').html(form_content.html());if(form_content.hasClass('gform_validation_error')){jQuery('#gform_wrapper_33').addClass('gform_validation_error');} else {jQuery('#gform_wrapper_33').removeClass('gform_validation_error');}setTimeout( function() { \/* delay the scroll by 50 milliseconds to fix a bug in chrome *\/ jQuery(document).scrollTop(jQuery('#gform_wrapper_33').offset().top - mt); }, 50 );if(window['gformInitDatepicker']) {gformInitDatepicker();}if(window['gformInitPriceFields']) {gformInitPriceFields();}var current_page = jQuery('#gform_source_page_number_33').val();gformInitSpinner( 33, 'https:\/\/missioninclusion.ca\/wp-content\/plugins\/gravityforms\/images\/spinner.svg', true );jQuery(document).trigger('gform_page_loaded', [33, current_page]);window['gf_submitting_33'] = false;}else if(!is_redirect){var confirmation_content = jQuery(this).contents().find('.GF_AJAX_POSTBACK').html();if(!confirmation_content){confirmation_content = contents;}jQuery('#gform_wrapper_33').replaceWith(confirmation_content);jQuery(document).scrollTop(jQuery('#gf_33').offset().top - mt);jQuery(document).trigger('gform_confirmation_loaded', [33]);window['gf_submitting_33'] = false;wp.a11y.speak(jQuery('#gform_confirmation_message_33').text());}else{jQuery('#gform_33').append(contents);if(window['gformRedirect']) {gformRedirect();}}jQuery(document).trigger(\"gform_pre_post_render\", [{ formId: \"33\", currentPage: \"current_page\", abort: function() { this.preventDefault(); } }]);        if (event && event.defaultPrevented) {                return;        }        const gformWrapperDiv = document.getElementById( \"gform_wrapper_33\" );        if ( gformWrapperDiv ) {            const visibilitySpan = document.createElement( \"span\" );            visibilitySpan.id = \"gform_visibility_test_33\";            gformWrapperDiv.insertAdjacentElement( \"afterend\", visibilitySpan );        }        const visibilityTestDiv = document.getElementById( \"gform_visibility_test_33\" );        let postRenderFired = false;        function triggerPostRender() {            if ( postRenderFired ) {                return;            }            postRenderFired = true;            gform.core.triggerPostRenderEvents( 33, current_page );            if ( visibilityTestDiv ) {                visibilityTestDiv.parentNode.removeChild( visibilityTestDiv );            }        }        function debounce( func, wait, immediate ) {            var timeout;            return function() {                var context = this, args = arguments;                var later = function() {                    timeout = null;                    if ( !immediate ) func.apply( context, args );                };                var callNow = immediate && !timeout;                clearTimeout( timeout );                timeout = setTimeout( later, wait );                if ( callNow ) func.apply( context, args );            };        }        const debouncedTriggerPostRender = debounce( function() {            triggerPostRender();        }, 200 );        if ( visibilityTestDiv && visibilityTestDiv.offsetParent === null ) {            const observer = new MutationObserver( ( mutations ) => {                mutations.forEach( ( mutation ) => {                    if ( mutation.type === 'attributes' && visibilityTestDiv.offsetParent !== null ) {                        debouncedTriggerPostRender();                        observer.disconnect();                    }                });            });            observer.observe( document.body, {                attributes: true,                childList: false,                subtree: true,                attributeFilter: [ 'style', 'class' ],            });        } else {            triggerPostRender();        }    } );} ); \n\/* ]]> *\/\n<\/script>\n\n<p>[\/et_pb_text][\/et_pb_column][\/et_pb_section][et_pb_section fb_built=\u00bb1&#8243; admin_label=\u00bbFooter\u00bb _builder_version=\u00bb4.19.0&#8243; background_color=\u00bb#BE0055&#8243; custom_margin=\u00bb||-73px||false|false\u00bb custom_padding=\u00bb1px||31px||false|false\u00bb saved_tabs=\u00bball\u00bb locked=\u00bboff\u00bb global_colors_info=\u00bb{}\u00bb][et_pb_row column_structure=\u00bb1_3,1_3,1_3&#8243; _builder_version=\u00bb4.17.4&#8243; custom_margin=\u00bb|auto|-51px|auto|false|false\u00bb custom_padding=\u00bb17px||36px||false|false\u00bb global_colors_info=\u00bb{}\u00bb][et_pb_column type=\u00bb1_3&#8243; _builder_version=\u00bb4.16&#8243; global_colors_info=\u00bb{}\u00bb][et_pb_text _builder_version=\u00bb4.27.4&#8243; text_text_color=\u00bb#ffffff\u00bb text_font_size=\u00bb12px\u00bb global_colors_info=\u00bb{}\u00bb]Mission inclusion es una marca registrada de Fondation Jules et Paul-\u00c9mile L\u00e9ger[\/et_pb_text][\/et_pb_column][et_pb_column type=\u00bb1_3&#8243; _builder_version=\u00bb4.16&#8243; global_colors_info=\u00bb{}\u00bb][et_pb_text _builder_version=\u00bb4.27.4&#8243; text_text_color=\u00bb#ffffff\u00bb text_font_size=\u00bb12px\u00bb text_orientation=\u00bbright\u00bb global_colors_info=\u00bb{}\u00bb]\u00a9 2019-2025 La Fondation L\u00e9ger.<br \/>\nReservados todos los derechos.[\/et_pb_text][\/et_pb_column][et_pb_column type=\u00bb1_3&#8243; _builder_version=\u00bb4.16&#8243; global_colors_info=\u00bb{}\u00bb][et_pb_text _builder_version=\u00bb4.27.4&#8243; text_text_color=\u00bb#ffffff\u00bb text_font_size=\u00bb12px\u00bb text_orientation=\u00bbright\u00bb global_colors_info=\u00bb{}\u00bb]N\u00famero de organizaci\u00f3n ben\u00e9fica:<br \/>\n118923689 RR 0001[\/et_pb_text][\/et_pb_column][\/et_pb_row][\/et_pb_section]<\/p>\n","protected":false},"excerpt":{"rendered":"<p>Apoyo a organizaciones socias internacionalesApoyo a organizaciones socias internacionalesFondo de Acci\u00f3n para la Inclusi\u00f3n y la Participaci\u00f3n (ACCI\u00d3N) &nbsp; CONVOCATORIA DE PROYECTOS CONVOCATORIA n\u00ba 1 \u2013 2023 \u00a0 \u00a0 \u00a0 \u00a0 Duraci\u00f3n: 36 mesesImporte : 150000-300000$ D\u00f3lares canadiensesPA\u00cdSES OBJETIVOS : Ben\u00edn y Bolivia<div class=\"et_pb_module difl_dual_button difl_dual_button_0\">\n\t\t\t\t\n\t\t\t\t\n\t\t\t\t\n\t\t\t\t\n\t\t\t\t\n\t\t\t\t\n\t\t\t\t<div class=\"et_pb_module_inner\">\n\t\t\t\t\t<div class=\"df_button_container\"><div class=\"df_button_left_wrapper\">\n                <a href=\"\u00bb#parametresProjetEs\u00bb\" class=\"df_button_left\" >\u00bbDescarga<span class=\"et-pb-icon df-left-btn-icon\">5<\/span><\/a>\n            <\/div>  <div class=\"df_button_right_wrapper\">\n                <a href=\"\u00bb#questionsEsp\u00bb\" class=\"df_button_right\" >\u00bbPreguntas<span class=\"et-pb-icon df-right-btn-icon\">5<\/span><\/a>\n            <\/div><\/div>\n\t\t\t\t<\/div>\n\t\t\t<\/div><\/p>\n","protected":false},"author":1,"featured_media":34985,"parent":0,"menu_order":0,"comment_status":"closed","ping_status":"closed","template":"","meta":{"_et_pb_use_builder":"on","_et_pb_old_content":"","_et_gb_content_width":"","_exactmetrics_skip_tracking":false,"_exactmetrics_sitenote_active":false,"_exactmetrics_sitenote_note":"","_exactmetrics_sitenote_category":0,"jetpack_post_was_ever_published":false,"footnotes":""},"difl_page_category":[],"class_list":["post-34983","page","type-page","status-publish","has-post-thumbnail","hentry"],"yoast_head":"<!-- This site is optimized with the Yoast SEO plugin v27.5 - https:\/\/yoast.com\/product\/yoast-seo-wordpress\/ -->\n<title>Apoyo a organizaciones socias internacionales - Mission inclusion<\/title>\n<meta name=\"description\" content=\"Mission inclusion est\u00e1 lanzando una nueva iniciativa para apoyar a los socios internacionales: el Fondo ACCI\u00d3N.\" \/>\n<meta name=\"robots\" content=\"index, follow, max-snippet:-1, max-image-preview:large, max-video-preview:-1\" \/>\n<link rel=\"canonical\" href=\"https:\/\/missioninclusion.ca\/es\/apoyo-a-organizaciones-socias-internacionales\/\" \/>\n<meta property=\"og:locale\" content=\"es_ES\" \/>\n<meta property=\"og:type\" content=\"article\" \/>\n<meta property=\"og:title\" content=\"Apoyo a organizaciones socias internacionales - Mission inclusion\" \/>\n<meta property=\"og:description\" content=\"Mission inclusion est\u00e1 lanzando una nueva iniciativa para apoyar a los socios internacionales: el Fondo ACCI\u00d3N.\" \/>\n<meta property=\"og:url\" content=\"https:\/\/missioninclusion.ca\/es\/apoyo-a-organizaciones-socias-internacionales\/\" \/>\n<meta property=\"og:site_name\" content=\"Mission inclusion\" \/>\n<meta property=\"article:publisher\" content=\"https:\/\/www.facebook.com\/missioninclusion\/\" \/>\n<meta property=\"article:modified_time\" content=\"2025-09-10T19:33:54+00:00\" \/>\n<meta property=\"og:image\" content=\"https:\/\/missioninclusion.ca\/wp-content\/uploads\/2023\/08\/img-soutien-aux-partenaires-a-international.jpg\" \/>\n\t<meta property=\"og:image:width\" content=\"599\" \/>\n\t<meta property=\"og:image:height\" content=\"367\" \/>\n\t<meta property=\"og:image:type\" content=\"image\/jpeg\" \/>\n<meta name=\"twitter:card\" content=\"summary_large_image\" \/>\n<meta name=\"twitter:site\" content=\"@mi_inclusion\" \/>\n<meta name=\"twitter:label1\" content=\"Tiempo de lectura\" \/>\n\t<meta name=\"twitter:data1\" content=\"30 minutos\" \/>\n<script type=\"application\/ld+json\" class=\"yoast-schema-graph\">{\"@context\":\"https:\\\/\\\/schema.org\",\"@graph\":[{\"@type\":\"WebPage\",\"@id\":\"https:\\\/\\\/missioninclusion.ca\\\/es\\\/apoyo-a-organizaciones-socias-internacionales\\\/\",\"url\":\"https:\\\/\\\/missioninclusion.ca\\\/es\\\/apoyo-a-organizaciones-socias-internacionales\\\/\",\"name\":\"Apoyo a organizaciones socias internacionales - Mission inclusion\",\"isPartOf\":{\"@id\":\"https:\\\/\\\/missioninclusion.ca\\\/#website\"},\"primaryImageOfPage\":{\"@id\":\"https:\\\/\\\/missioninclusion.ca\\\/es\\\/apoyo-a-organizaciones-socias-internacionales\\\/#primaryimage\"},\"image\":{\"@id\":\"https:\\\/\\\/missioninclusion.ca\\\/es\\\/apoyo-a-organizaciones-socias-internacionales\\\/#primaryimage\"},\"thumbnailUrl\":\"https:\\\/\\\/missioninclusion.ca\\\/wp-content\\\/uploads\\\/2023\\\/08\\\/img-soutien-aux-partenaires-a-international.jpg\",\"datePublished\":\"2023-09-08T18:08:55+00:00\",\"dateModified\":\"2025-09-10T19:33:54+00:00\",\"description\":\"Mission inclusion est\u00e1 lanzando una nueva iniciativa para apoyar a los socios internacionales: el Fondo ACCI\u00d3N.\",\"breadcrumb\":{\"@id\":\"https:\\\/\\\/missioninclusion.ca\\\/es\\\/apoyo-a-organizaciones-socias-internacionales\\\/#breadcrumb\"},\"inLanguage\":\"es\",\"potentialAction\":[{\"@type\":\"ReadAction\",\"target\":[\"https:\\\/\\\/missioninclusion.ca\\\/es\\\/apoyo-a-organizaciones-socias-internacionales\\\/\"]}]},{\"@type\":\"ImageObject\",\"inLanguage\":\"es\",\"@id\":\"https:\\\/\\\/missioninclusion.ca\\\/es\\\/apoyo-a-organizaciones-socias-internacionales\\\/#primaryimage\",\"url\":\"https:\\\/\\\/missioninclusion.ca\\\/wp-content\\\/uploads\\\/2023\\\/08\\\/img-soutien-aux-partenaires-a-international.jpg\",\"contentUrl\":\"https:\\\/\\\/missioninclusion.ca\\\/wp-content\\\/uploads\\\/2023\\\/08\\\/img-soutien-aux-partenaires-a-international.jpg\",\"width\":599,\"height\":367},{\"@type\":\"BreadcrumbList\",\"@id\":\"https:\\\/\\\/missioninclusion.ca\\\/es\\\/apoyo-a-organizaciones-socias-internacionales\\\/#breadcrumb\",\"itemListElement\":[{\"@type\":\"ListItem\",\"position\":1,\"name\":\"Accueil\",\"item\":\"https:\\\/\\\/missioninclusion.ca\\\/\"},{\"@type\":\"ListItem\",\"position\":2,\"name\":\"Apoyo a organizaciones socias internacionales\"}]},{\"@type\":\"WebSite\",\"@id\":\"https:\\\/\\\/missioninclusion.ca\\\/#website\",\"url\":\"https:\\\/\\\/missioninclusion.ca\\\/\",\"name\":\"Mission inclusion\",\"description\":\"\",\"publisher\":{\"@id\":\"https:\\\/\\\/missioninclusion.ca\\\/#organization\"},\"potentialAction\":[{\"@type\":\"SearchAction\",\"target\":{\"@type\":\"EntryPoint\",\"urlTemplate\":\"https:\\\/\\\/missioninclusion.ca\\\/?s={search_term_string}\"},\"query-input\":{\"@type\":\"PropertyValueSpecification\",\"valueRequired\":true,\"valueName\":\"search_term_string\"}}],\"inLanguage\":\"es\"},{\"@type\":\"Organization\",\"@id\":\"https:\\\/\\\/missioninclusion.ca\\\/#organization\",\"name\":\"Mission inclusion\",\"url\":\"https:\\\/\\\/missioninclusion.ca\\\/\",\"logo\":{\"@type\":\"ImageObject\",\"inLanguage\":\"es\",\"@id\":\"https:\\\/\\\/missioninclusion.ca\\\/#\\\/schema\\\/logo\\\/image\\\/\",\"url\":\"https:\\\/\\\/missioninclusion.ca\\\/wp-content\\\/uploads\\\/2023\\\/03\\\/Logo-Mission-inclusion-2023.jpg\",\"contentUrl\":\"https:\\\/\\\/missioninclusion.ca\\\/wp-content\\\/uploads\\\/2023\\\/03\\\/Logo-Mission-inclusion-2023.jpg\",\"width\":696,\"height\":696,\"caption\":\"Mission inclusion\"},\"image\":{\"@id\":\"https:\\\/\\\/missioninclusion.ca\\\/#\\\/schema\\\/logo\\\/image\\\/\"},\"sameAs\":[\"https:\\\/\\\/www.facebook.com\\\/missioninclusion\\\/\",\"https:\\\/\\\/x.com\\\/mi_inclusion\",\"https:\\\/\\\/www.instagram.com\\\/missioninclusion\\\/\",\"https:\\\/\\\/www.linkedin.com\\\/company\\\/mission-inclusion\",\"https:\\\/\\\/www.youtube.com\\\/missioninclusion\"]}]}<\/script>\n<!-- \/ Yoast SEO plugin. -->","yoast_head_json":{"title":"Apoyo a organizaciones socias internacionales - Mission inclusion","description":"Mission inclusion est\u00e1 lanzando una nueva iniciativa para apoyar a los socios internacionales: el Fondo ACCI\u00d3N.","robots":{"index":"index","follow":"follow","max-snippet":"max-snippet:-1","max-image-preview":"max-image-preview:large","max-video-preview":"max-video-preview:-1"},"canonical":"https:\/\/missioninclusion.ca\/es\/apoyo-a-organizaciones-socias-internacionales\/","og_locale":"es_ES","og_type":"article","og_title":"Apoyo a organizaciones socias internacionales - Mission inclusion","og_description":"Mission inclusion est\u00e1 lanzando una nueva iniciativa para apoyar a los socios internacionales: el Fondo ACCI\u00d3N.","og_url":"https:\/\/missioninclusion.ca\/es\/apoyo-a-organizaciones-socias-internacionales\/","og_site_name":"Mission inclusion","article_publisher":"https:\/\/www.facebook.com\/missioninclusion\/","article_modified_time":"2025-09-10T19:33:54+00:00","og_image":[{"width":599,"height":367,"url":"https:\/\/missioninclusion.ca\/wp-content\/uploads\/2023\/08\/img-soutien-aux-partenaires-a-international.jpg","type":"image\/jpeg"}],"twitter_card":"summary_large_image","twitter_site":"@mi_inclusion","twitter_misc":{"Tiempo de lectura":"30 minutos"},"schema":{"@context":"https:\/\/schema.org","@graph":[{"@type":"WebPage","@id":"https:\/\/missioninclusion.ca\/es\/apoyo-a-organizaciones-socias-internacionales\/","url":"https:\/\/missioninclusion.ca\/es\/apoyo-a-organizaciones-socias-internacionales\/","name":"Apoyo a organizaciones socias internacionales - Mission inclusion","isPartOf":{"@id":"https:\/\/missioninclusion.ca\/#website"},"primaryImageOfPage":{"@id":"https:\/\/missioninclusion.ca\/es\/apoyo-a-organizaciones-socias-internacionales\/#primaryimage"},"image":{"@id":"https:\/\/missioninclusion.ca\/es\/apoyo-a-organizaciones-socias-internacionales\/#primaryimage"},"thumbnailUrl":"https:\/\/missioninclusion.ca\/wp-content\/uploads\/2023\/08\/img-soutien-aux-partenaires-a-international.jpg","datePublished":"2023-09-08T18:08:55+00:00","dateModified":"2025-09-10T19:33:54+00:00","description":"Mission inclusion est\u00e1 lanzando una nueva iniciativa para apoyar a los socios internacionales: el Fondo ACCI\u00d3N.","breadcrumb":{"@id":"https:\/\/missioninclusion.ca\/es\/apoyo-a-organizaciones-socias-internacionales\/#breadcrumb"},"inLanguage":"es","potentialAction":[{"@type":"ReadAction","target":["https:\/\/missioninclusion.ca\/es\/apoyo-a-organizaciones-socias-internacionales\/"]}]},{"@type":"ImageObject","inLanguage":"es","@id":"https:\/\/missioninclusion.ca\/es\/apoyo-a-organizaciones-socias-internacionales\/#primaryimage","url":"https:\/\/missioninclusion.ca\/wp-content\/uploads\/2023\/08\/img-soutien-aux-partenaires-a-international.jpg","contentUrl":"https:\/\/missioninclusion.ca\/wp-content\/uploads\/2023\/08\/img-soutien-aux-partenaires-a-international.jpg","width":599,"height":367},{"@type":"BreadcrumbList","@id":"https:\/\/missioninclusion.ca\/es\/apoyo-a-organizaciones-socias-internacionales\/#breadcrumb","itemListElement":[{"@type":"ListItem","position":1,"name":"Accueil","item":"https:\/\/missioninclusion.ca\/"},{"@type":"ListItem","position":2,"name":"Apoyo a organizaciones socias internacionales"}]},{"@type":"WebSite","@id":"https:\/\/missioninclusion.ca\/#website","url":"https:\/\/missioninclusion.ca\/","name":"Mission inclusion","description":"","publisher":{"@id":"https:\/\/missioninclusion.ca\/#organization"},"potentialAction":[{"@type":"SearchAction","target":{"@type":"EntryPoint","urlTemplate":"https:\/\/missioninclusion.ca\/?s={search_term_string}"},"query-input":{"@type":"PropertyValueSpecification","valueRequired":true,"valueName":"search_term_string"}}],"inLanguage":"es"},{"@type":"Organization","@id":"https:\/\/missioninclusion.ca\/#organization","name":"Mission inclusion","url":"https:\/\/missioninclusion.ca\/","logo":{"@type":"ImageObject","inLanguage":"es","@id":"https:\/\/missioninclusion.ca\/#\/schema\/logo\/image\/","url":"https:\/\/missioninclusion.ca\/wp-content\/uploads\/2023\/03\/Logo-Mission-inclusion-2023.jpg","contentUrl":"https:\/\/missioninclusion.ca\/wp-content\/uploads\/2023\/03\/Logo-Mission-inclusion-2023.jpg","width":696,"height":696,"caption":"Mission inclusion"},"image":{"@id":"https:\/\/missioninclusion.ca\/#\/schema\/logo\/image\/"},"sameAs":["https:\/\/www.facebook.com\/missioninclusion\/","https:\/\/x.com\/mi_inclusion","https:\/\/www.instagram.com\/missioninclusion\/","https:\/\/www.linkedin.com\/company\/mission-inclusion","https:\/\/www.youtube.com\/missioninclusion"]}]}},"jetpack_sharing_enabled":true,"jetpack_shortlink":"https:\/\/wp.me\/PaLylr-96f","jetpack-related-posts":[],"_links":{"self":[{"href":"https:\/\/missioninclusion.ca\/es\/wp-json\/wp\/v2\/pages\/34983","targetHints":{"allow":["GET"]}}],"collection":[{"href":"https:\/\/missioninclusion.ca\/es\/wp-json\/wp\/v2\/pages"}],"about":[{"href":"https:\/\/missioninclusion.ca\/es\/wp-json\/wp\/v2\/types\/page"}],"author":[{"embeddable":true,"href":"https:\/\/missioninclusion.ca\/es\/wp-json\/wp\/v2\/users\/1"}],"replies":[{"embeddable":true,"href":"https:\/\/missioninclusion.ca\/es\/wp-json\/wp\/v2\/comments?post=34983"}],"version-history":[{"count":90,"href":"https:\/\/missioninclusion.ca\/es\/wp-json\/wp\/v2\/pages\/34983\/revisions"}],"predecessor-version":[{"id":50115,"href":"https:\/\/missioninclusion.ca\/es\/wp-json\/wp\/v2\/pages\/34983\/revisions\/50115"}],"wp:featuredmedia":[{"embeddable":true,"href":"https:\/\/missioninclusion.ca\/es\/wp-json\/wp\/v2\/media\/34985"}],"wp:attachment":[{"href":"https:\/\/missioninclusion.ca\/es\/wp-json\/wp\/v2\/media?parent=34983"}],"wp:term":[{"taxonomy":"difl_page_category","embeddable":true,"href":"https:\/\/missioninclusion.ca\/es\/wp-json\/wp\/v2\/difl_page_category?post=34983"}],"curies":[{"name":"wp","href":"https:\/\/api.w.org\/{rel}","templated":true}]}}